{"id":21169,"date":"2025-08-07T13:50:11","date_gmt":"2025-08-07T11:50:11","guid":{"rendered":"https:\/\/www.staging.lichtgitter.com\/noticias\/"},"modified":"2026-01-08T23:20:07","modified_gmt":"2026-01-08T22:20:07","slug":"noticias","status":"publish","type":"page","link":"https:\/\/www2.lichtgitter.com\/es\/noticias\/","title":{"rendered":"Noticias"},"content":{"rendered":"\t\t<div data-elementor-type=\"wp-page\" data-elementor-id=\"21169\" class=\"elementor elementor-21169 elementor-6099\" data-elementor-post-type=\"page\">\n\t\t\t\t<div class=\"elementor-element elementor-element-36cf790 e-con-full e-flex e-con e-parent\" data-id=\"36cf790\" data-element_type=\"container\" data-e-type=\"container\" data-settings=\"{&quot;jet_parallax_layout_list&quot;:[]}\">\n\t\t\t\t<div class=\"elementor-element elementor-element-7fe646b elementor-widget elementor-widget-template\" data-id=\"7fe646b\" data-element_type=\"widget\" data-e-type=\"widget\" data-widget_type=\"template.default\">\n\t\t\t\t<div class=\"elementor-widget-container\">\n\t\t\t\t\t\t\t<div class=\"elementor-template\">\n\t\t\t\t\t<div data-elementor-type=\"container\" data-elementor-id=\"28120\" class=\"elementor elementor-28120 elementor-28098 elementor-28098\" data-elementor-post-type=\"elementor_library\">\n\t\t\t\t<div class=\"elementor-element elementor-element-11c4749 pad-lr-s e-flex e-con-boxed e-con e-parent\" data-id=\"11c4749\" data-element_type=\"container\" data-e-type=\"container\" data-settings=\"{&quot;jet_parallax_layout_list&quot;:[]}\">\n\t\t\t\t\t<div class=\"e-con-inner\">\n\t\t\t\t<div data-dce-text-color=\"#FF0028\" class=\"elementor-element elementor-element-450dfd27 elementor-invisible elementor-widget elementor-widget-breadcrumbs\" data-id=\"450dfd27\" data-element_type=\"widget\" data-e-type=\"widget\" data-settings=\"{&quot;_animation&quot;:&quot;fadeInUp&quot;}\" data-widget_type=\"breadcrumbs.default\">\n\t\t\t\t<div class=\"elementor-widget-container\">\n\t\t\t\t\t<p id=\"breadcrumbs\"><span><span><a href=\"https:\/\/www2.lichtgitter.com\/es\/pagina-de-inicio\/\">Home<\/a><\/span><\/span><\/p>\t\t\t\t<\/div>\n\t\t\t\t<\/div>\n\t\t\t\t\t<\/div>\n\t\t\t\t<\/div>\n\t\t\t\t<\/div>\n\t\t\t\t<\/div>\n\t\t\t\t\t\t<\/div>\n\t\t\t\t<\/div>\n\t\t\t\t<\/div>\n\t\t<div class=\"elementor-element elementor-element-43276cb pad-m e-flex e-con-boxed e-con e-parent\" data-id=\"43276cb\" data-element_type=\"container\" data-e-type=\"container\" data-settings=\"{&quot;jet_parallax_layout_list&quot;:[]}\">\n\t\t\t\t\t<div class=\"e-con-inner\">\n\t\t\t\t<div class=\"elementor-element elementor-element-26f7003 elementor-widget__width-inherit elementor-widget elementor-widget-heading\" data-id=\"26f7003\" data-element_type=\"widget\" data-e-type=\"widget\" data-widget_type=\"heading.default\">\n\t\t\t\t<div class=\"elementor-widget-container\">\n\t\t\t\t\t<h1 class=\"elementor-heading-title elementor-size-default\">Noticias<\/h1>\t\t\t\t<\/div>\n\t\t\t\t<\/div>\n\t\t\t\t<div class=\"elementor-element elementor-element-71ba89e elementor-widget__width-inherit elementor-widget elementor-widget-text-editor\" data-id=\"71ba89e\" data-element_type=\"widget\" data-e-type=\"widget\" data-widget_type=\"text-editor.default\">\n\t\t\t\t<div class=\"elementor-widget-container\">\n\t\t\t\t\t\t\t\t\t<p>En nuestra secci\u00f3n de noticias, te informamos sobre los desarrollos actuales dentro del Grupo Lichtgitter. Tambi\u00e9n encontrar\u00e1s art\u00edculos sobre temas importantes como la sostenibilidad y perspectivas sobre nuestro mundo profesional. <\/p>\t\t\t\t\t\t\t\t<\/div>\n\t\t\t\t<\/div>\n\t\t\t\t<div class=\"elementor-element elementor-element-889f8f7 elementor-widget__width-inherit elementor-widget elementor-widget-heading\" data-id=\"889f8f7\" data-element_type=\"widget\" data-e-type=\"widget\" data-widget_type=\"heading.default\">\n\t\t\t\t<div class=\"elementor-widget-container\">\n\t\t\t\t\t<h3 class=\"elementor-heading-title elementor-size-default\">Filtrar puestos:<\/h3>\t\t\t\t<\/div>\n\t\t\t\t<\/div>\n\t\t\t\t<div class=\"elementor-element elementor-element-c54d904 elementor-widget elementor-widget-taxonomy-filter\" data-id=\"c54d904\" data-element_type=\"widget\" data-e-type=\"widget\" data-settings=\"{&quot;selected_element&quot;:&quot;374a6d9&quot;,&quot;taxonomy&quot;:&quot;category&quot;,&quot;item_alignment_horizontal_tablet&quot;:&quot;start&quot;,&quot;multiple_selection&quot;:&quot;no&quot;,&quot;horizontal_scroll&quot;:&quot;disable&quot;}\" data-widget_type=\"taxonomy-filter.default\">\n\t\t\t\t<div class=\"elementor-widget-container\">\n\t\t\t\t\t\t\t<search class=\"e-filter\" role=\"search\" data-base-url=\"https:\/\/www2.lichtgitter.com\/es\/\" data-page-num=\"1\">\n\t\t\t\t\t\t\t<button class=\"e-filter-item\" data-filter=\"noticias\" aria-pressed=\"false\">Noticias<\/button>\n\t\t\t\t\t\t\t<button class=\"e-filter-item\" data-filter=\"historias-profesionales\" aria-pressed=\"false\">Historias profesionales<\/button>\n\t\t\t\t\t\t\t<button class=\"e-filter-item\" data-filter=\"historias-de-sostenibilidad\" aria-pressed=\"false\">Historias de sostenibilidad<\/button>\n\t\t\t\n\t\t\t\t\t\t\t\t\t<button class=\"e-filter-item\" data-filter=\"__all\" aria-pressed=\"true\">\n\t\t\t\tTodas las noticias\t\t\t<\/button>\n\t\t\t\t\t<\/search>\n\t\t\t\t\t\t<\/div>\n\t\t\t\t<\/div>\n\t\t\t\t<div class=\"elementor-element elementor-element-374a6d9 elementor-widget__width-inherit elementor-grid-3 elementor-grid-tablet-2 elementor-grid-mobile-1 elementor-widget elementor-widget-loop-grid\" data-id=\"374a6d9\" data-element_type=\"widget\" data-e-type=\"widget\" data-settings=\"{&quot;template_id&quot;:21909,&quot;pagination_type&quot;:&quot;numbers&quot;,&quot;pagination_load_type&quot;:&quot;ajax&quot;,&quot;auto_scroll&quot;:&quot;yes&quot;,&quot;_skin&quot;:&quot;post&quot;,&quot;columns&quot;:&quot;3&quot;,&quot;columns_tablet&quot;:&quot;2&quot;,&quot;columns_mobile&quot;:&quot;1&quot;,&quot;edit_handle_selector&quot;:&quot;[data-elementor-type=\\&quot;loop-item\\&quot;]&quot;,&quot;row_gap&quot;:{&quot;unit&quot;:&quot;px&quot;,&quot;size&quot;:&quot;&quot;,&quot;sizes&quot;:[]},&quot;row_gap_tablet&quot;:{&quot;unit&quot;:&quot;px&quot;,&quot;size&quot;:&quot;&quot;,&quot;sizes&quot;:[]},&quot;row_gap_mobile&quot;:{&quot;unit&quot;:&quot;px&quot;,&quot;size&quot;:&quot;&quot;,&quot;sizes&quot;:[]}}\" data-widget_type=\"loop-grid.post\">\n\t\t\t\t<div class=\"elementor-widget-container\">\n\t\t\t\t\t\t\t<div class=\"elementor-loop-container elementor-grid\" role=\"list\">\n\t\t<style id=\"loop-21909\">.elementor-21909 .elementor-element.elementor-element-cfe9a0f{--display:flex;--flex-direction:row;--container-widget-width:initial;--container-widget-height:100%;--container-widget-flex-grow:1;--container-widget-align-self:stretch;--flex-wrap-mobile:wrap;--flex-wrap:wrap;}.elementor-widget-theme-post-featured-image .widget-image-caption{color:var( --e-global-color-text );font-family:var( --e-global-typography-text-font-family ), Sans-serif;font-size:var( --e-global-typography-text-font-size );font-weight:var( --e-global-typography-text-font-weight );text-transform:var( --e-global-typography-text-text-transform );line-height:var( --e-global-typography-text-line-height );}.elementor-widget-post-info .elementor-icon-list-item:not(:last-child):after{border-color:var( --e-global-color-text );}.elementor-widget-post-info .elementor-icon-list-icon i{color:var( --e-global-color-primary );}.elementor-widget-post-info .elementor-icon-list-icon svg{fill:var( --e-global-color-primary );}.elementor-widget-post-info .elementor-icon-list-text, .elementor-widget-post-info .elementor-icon-list-text a{color:var( --e-global-color-secondary );}.elementor-widget-post-info .elementor-icon-list-item{font-family:var( --e-global-typography-text-font-family ), Sans-serif;font-size:var( --e-global-typography-text-font-size );font-weight:var( --e-global-typography-text-font-weight );text-transform:var( --e-global-typography-text-text-transform );line-height:var( --e-global-typography-text-line-height );}.elementor-21909 .elementor-element.elementor-element-8afc614 .elementor-icon-list-icon{width:14px;}.elementor-21909 .elementor-element.elementor-element-8afc614 .elementor-icon-list-icon i{font-size:14px;}.elementor-21909 .elementor-element.elementor-element-8afc614 .elementor-icon-list-icon svg{--e-icon-list-icon-size:14px;}.elementor-21909 .elementor-element.elementor-element-8afc614 .elementor-icon-list-text, .elementor-21909 .elementor-element.elementor-element-8afc614 .elementor-icon-list-text a{color:var( --e-global-color-text );}.elementor-21909 .elementor-element.elementor-element-8afc614 .elementor-icon-list-item{font-family:\"Titillium Web\", Sans-serif;font-size:0.875rem;font-weight:600;text-transform:none;line-height:150%;}.elementor-21909 .elementor-element.elementor-element-8afc614 > .elementor-widget-container{padding:5px 5px 5px 5px;background-color:var( --e-global-color-primary );}.elementor-21909 .elementor-element.elementor-element-8afc614{width:auto;max-width:auto;}.elementor-21909 .elementor-element.elementor-element-8afc614.elementor-element{--align-self:flex-start;}.elementor-21909 .elementor-element.elementor-element-e2cbed8 .elementor-icon-list-icon{width:14px;}.elementor-21909 .elementor-element.elementor-element-e2cbed8 .elementor-icon-list-icon i{font-size:14px;}.elementor-21909 .elementor-element.elementor-element-e2cbed8 .elementor-icon-list-icon svg{--e-icon-list-icon-size:14px;}.elementor-21909 .elementor-element.elementor-element-e2cbed8 .elementor-icon-list-text, .elementor-21909 .elementor-element.elementor-element-e2cbed8 .elementor-icon-list-text a{color:var( --e-global-color-text );}.elementor-21909 .elementor-element.elementor-element-e2cbed8 .elementor-icon-list-item{font-family:\"Titillium Web\", Sans-serif;font-size:0.875rem;font-weight:600;text-transform:none;line-height:150%;}.elementor-21909 .elementor-element.elementor-element-e2cbed8 > .elementor-widget-container{padding:5px 5px 5px 5px;background-color:var( --e-global-color-primary );}.elementor-21909 .elementor-element.elementor-element-e2cbed8{width:auto;max-width:auto;}.elementor-21909 .elementor-element.elementor-element-e2cbed8.elementor-element{--align-self:flex-start;}.elementor-widget-heading .elementor-heading-title{font-family:var( --e-global-typography-primary-font-family ), Sans-serif;font-size:var( --e-global-typography-primary-font-size );font-weight:var( --e-global-typography-primary-font-weight );text-transform:var( --e-global-typography-primary-text-transform );line-height:var( --e-global-typography-primary-line-height );color:var( --e-global-color-primary );}.elementor-21909 .elementor-element.elementor-element-9581c4e .elementor-heading-title{font-family:\"Titillium Web\", Sans-serif;font-size:0.875rem;font-weight:600;text-transform:none;line-height:150%;color:var( --e-global-color-6695023 );}.elementor-21909 .elementor-element.elementor-element-9581c4e > .elementor-widget-container{padding:5px 5px 5px 5px;}.elementor-21909 .elementor-element.elementor-element-9581c4e{width:auto;max-width:auto;}.elementor-widget-theme-post-title .elementor-heading-title{font-family:var( --e-global-typography-primary-font-family ), Sans-serif;font-size:var( --e-global-typography-primary-font-size );font-weight:var( --e-global-typography-primary-font-weight );text-transform:var( --e-global-typography-primary-text-transform );line-height:var( --e-global-typography-primary-line-height );color:var( --e-global-color-primary );}.elementor-21909 .elementor-element.elementor-element-0fff5bc .elementor-heading-title{font-family:var( --e-global-typography-4d1310f-font-family ), Sans-serif;font-size:var( --e-global-typography-4d1310f-font-size );font-weight:var( --e-global-typography-4d1310f-font-weight );text-transform:var( --e-global-typography-4d1310f-text-transform );line-height:var( --e-global-typography-4d1310f-line-height );letter-spacing:var( --e-global-typography-4d1310f-letter-spacing );word-spacing:var( --e-global-typography-4d1310f-word-spacing );color:var( --e-global-color-6695023 );}.elementor-21909 .elementor-element.elementor-element-0fff5bc{width:100%;max-width:100%;}.elementor-widget-text-editor{font-family:var( --e-global-typography-text-font-family ), Sans-serif;font-size:var( --e-global-typography-text-font-size );font-weight:var( --e-global-typography-text-font-weight );text-transform:var( --e-global-typography-text-text-transform );line-height:var( --e-global-typography-text-line-height );color:var( --e-global-color-text );}.elementor-widget-text-editor.elementor-drop-cap-view-stacked .elementor-drop-cap{background-color:var( --e-global-color-primary );}.elementor-widget-text-editor.elementor-drop-cap-view-framed .elementor-drop-cap, .elementor-widget-text-editor.elementor-drop-cap-view-default .elementor-drop-cap{color:var( --e-global-color-primary );border-color:var( --e-global-color-primary );}@media(max-width:1180px){.elementor-widget-theme-post-featured-image .widget-image-caption{font-size:var( --e-global-typography-text-font-size );line-height:var( --e-global-typography-text-line-height );}.elementor-widget-post-info .elementor-icon-list-item{font-size:var( --e-global-typography-text-font-size );line-height:var( --e-global-typography-text-line-height );}.elementor-widget-heading .elementor-heading-title{font-size:var( --e-global-typography-primary-font-size );line-height:var( --e-global-typography-primary-line-height );}.elementor-widget-theme-post-title .elementor-heading-title{font-size:var( --e-global-typography-primary-font-size );line-height:var( --e-global-typography-primary-line-height );}.elementor-21909 .elementor-element.elementor-element-0fff5bc .elementor-heading-title{font-size:var( --e-global-typography-4d1310f-font-size );line-height:var( --e-global-typography-4d1310f-line-height );letter-spacing:var( --e-global-typography-4d1310f-letter-spacing );word-spacing:var( --e-global-typography-4d1310f-word-spacing );}.elementor-widget-text-editor{font-size:var( --e-global-typography-text-font-size );line-height:var( --e-global-typography-text-line-height );}}@media(max-width:767px){.elementor-21909 .elementor-element.elementor-element-cfe9a0f{--gap:20px 20px;--row-gap:20px;--column-gap:20px;}.elementor-widget-theme-post-featured-image .widget-image-caption{font-size:var( --e-global-typography-text-font-size );line-height:var( --e-global-typography-text-line-height );}.elementor-widget-post-info .elementor-icon-list-item{font-size:var( --e-global-typography-text-font-size );line-height:var( --e-global-typography-text-line-height );}.elementor-21909 .elementor-element.elementor-element-8afc614 .elementor-icon-list-item{font-size:18px;}.elementor-21909 .elementor-element.elementor-element-e2cbed8 .elementor-icon-list-item{font-size:18px;}.elementor-widget-heading .elementor-heading-title{font-size:var( --e-global-typography-primary-font-size );line-height:var( --e-global-typography-primary-line-height );}.elementor-21909 .elementor-element.elementor-element-9581c4e .elementor-heading-title{font-size:18px;}.elementor-widget-theme-post-title .elementor-heading-title{font-size:var( --e-global-typography-primary-font-size );line-height:var( --e-global-typography-primary-line-height );}.elementor-21909 .elementor-element.elementor-element-0fff5bc .elementor-heading-title{font-size:var( --e-global-typography-4d1310f-font-size );line-height:var( --e-global-typography-4d1310f-line-height );letter-spacing:var( --e-global-typography-4d1310f-letter-spacing );word-spacing:var( --e-global-typography-4d1310f-word-spacing );}.elementor-widget-text-editor{font-size:var( --e-global-typography-text-font-size );line-height:var( --e-global-typography-text-line-height );}}\/* Start custom CSS for theme-post-featured-image, class: .elementor-element-25651ba *\/.elementor-21909 .elementor-element.elementor-element-25651ba img\n{\naspect-ratio: 4\/3;\nobject-fit: cover;\n\n}\/* End custom CSS *\/<\/style>\t\t<div data-elementor-type=\"loop-item\" data-elementor-id=\"21909\" class=\"elementor elementor-21909 elementor-1895 elementor-1895 e-loop-item e-loop-item-28679 post-28679 post type-post status-publish format-standard has-post-thumbnail hentry category-noticias\" data-elementor-post-type=\"elementor_library\" data-custom-edit-handle=\"1\">\n\t\t\t<div class=\"elementor-element elementor-element-cfe9a0f e-con-full e-flex e-con e-parent\" data-id=\"cfe9a0f\" data-element_type=\"container\" data-e-type=\"container\" data-settings=\"{&quot;jet_parallax_layout_list&quot;:[]}\">\n\t\t\t\t<div class=\"elementor-element elementor-element-25651ba elementor-widget elementor-widget-theme-post-featured-image elementor-widget-image\" data-id=\"25651ba\" data-element_type=\"widget\" data-e-type=\"widget\" data-widget_type=\"theme-post-featured-image.default\">\n\t\t\t\t<div class=\"elementor-widget-container\">\n\t\t\t\t\t\t\t\t\t\t\t\t\t\t\t\t<a href=\"https:\/\/www2.lichtgitter.com\/es\/noticias\/visitanos-en-la-logimat-2026\/\">\n\t\t\t\t\t\t\t<img fetchpriority=\"high\" decoding=\"async\" width=\"800\" height=\"268\" src=\"https:\/\/www2.lichtgitter.com\/wp-content\/uploads\/2025\/12\/7739asset-2-1024x343.jpg\" class=\"attachment-large size-large wp-image-28702\" alt=\"\" srcset=\"https:\/\/www2.lichtgitter.com\/wp-content\/uploads\/2025\/12\/7739asset-2-1024x343.jpg 1024w, https:\/\/www2.lichtgitter.com\/wp-content\/uploads\/2025\/12\/7739asset-2-300x101.jpg 300w, https:\/\/www2.lichtgitter.com\/wp-content\/uploads\/2025\/12\/7739asset-2-768x257.jpg 768w, https:\/\/www2.lichtgitter.com\/wp-content\/uploads\/2025\/12\/7739asset-2.jpg 1200w\" sizes=\"(max-width: 800px) 100vw, 800px\" \/>\t\t\t\t\t\t\t\t<\/a>\n\t\t\t\t\t\t\t\t\t\t\t\t\t\t\t<\/div>\n\t\t\t\t<\/div>\n\t\t\t\t<div data-dce-text-color=\"#000000\" data-dce-advanced-background-color=\"#EEEEEE\" class=\"elementor-element elementor-element-8afc614 elementor-align-left elementor-widget__width-auto elementor-widget elementor-widget-post-info\" data-id=\"8afc614\" data-element_type=\"widget\" data-e-type=\"widget\" data-widget_type=\"post-info.default\">\n\t\t\t\t<div class=\"elementor-widget-container\">\n\t\t\t\t\t\t\t<ul class=\"elementor-inline-items elementor-icon-list-items elementor-post-info\">\n\t\t\t\t\t\t\t\t<li class=\"elementor-icon-list-item elementor-repeater-item-5a54b9e elementor-inline-item\" itemprop=\"about\">\n\t\t\t\t\t\t\t\t\t\t\t\t\t<span class=\"elementor-icon-list-text elementor-post-info__item elementor-post-info__item--type-terms\">\n\t\t\t\t\t\t\t\t\t\t<span class=\"elementor-post-info__terms-list\">\n\t\t\t\t<span class=\"elementor-post-info__terms-list-item\">Noticias<\/span>\t\t\t\t<\/span>\n\t\t\t\t\t<\/span>\n\t\t\t\t\t\t\t\t<\/li>\n\t\t\t\t<\/ul>\n\t\t\t\t\t\t<\/div>\n\t\t\t\t<\/div>\n\t\t\t\t<div data-dce-text-color=\"#000000\" data-dce-advanced-background-color=\"#EEEEEE\" class=\"elementor-element elementor-element-e2cbed8 elementor-align-left elementor-widget__width-auto elementor-widget elementor-widget-post-info\" data-id=\"e2cbed8\" data-element_type=\"widget\" data-e-type=\"widget\" data-widget_type=\"post-info.default\">\n\t\t\t\t<div class=\"elementor-widget-container\">\n\t\t\t\t\t\t\t<ul class=\"elementor-inline-items elementor-icon-list-items elementor-post-info\">\n\t\t\t\t\t\t\t\t<li class=\"elementor-icon-list-item elementor-repeater-item-5a54b9e elementor-inline-item\" itemprop=\"datePublished\">\n\t\t\t\t\t\t\t\t\t\t\t\t\t<span class=\"elementor-icon-list-text elementor-post-info__item elementor-post-info__item--type-date\">\n\t\t\t\t\t\t\t\t\t\t<time>22.12.2025<\/time>\t\t\t\t\t<\/span>\n\t\t\t\t\t\t\t\t<\/li>\n\t\t\t\t<\/ul>\n\t\t\t\t\t\t<\/div>\n\t\t\t\t<\/div>\n\t\t\t\t<div data-dce-title-color=\"#111111\" class=\"elementor-element elementor-element-9581c4e elementor-widget__width-auto elementor-widget elementor-widget-heading\" data-id=\"9581c4e\" data-element_type=\"widget\" data-e-type=\"widget\" data-widget_type=\"heading.default\">\n\t\t\t\t<div class=\"elementor-widget-container\">\n\t\t\t\t\t<h2 class=\"elementor-heading-title elementor-size-default\">1 min<\/h2>\t\t\t\t<\/div>\n\t\t\t\t<\/div>\n\t\t\t\t<div class=\"elementor-element elementor-element-0fff5bc elementor-widget__width-inherit elementor-widget elementor-widget-theme-post-title elementor-page-title elementor-widget-heading\" data-id=\"0fff5bc\" data-element_type=\"widget\" data-e-type=\"widget\" data-widget_type=\"theme-post-title.default\">\n\t\t\t\t<div class=\"elementor-widget-container\">\n\t\t\t\t\t<h3 class=\"elementor-heading-title elementor-size-default\"><a href=\"https:\/\/www2.lichtgitter.com\/es\/noticias\/visitanos-en-la-logimat-2026\/\">Vis\u00edtanos en la LogiMAT 2026<\/a><\/h3>\t\t\t\t<\/div>\n\t\t\t\t<\/div>\n\t\t\t\t<div class=\"elementor-element elementor-element-ab7afa8 elementor-widget elementor-widget-text-editor\" data-id=\"ab7afa8\" data-element_type=\"widget\" data-e-type=\"widget\" data-widget_type=\"text-editor.default\">\n\t\t\t\t<div class=\"elementor-widget-container\">\n\t\t\t\t\t\t\t\t\tVis\u00edtanos en la LogiMAT 2026 de Stuttgart.\n\nLogiMAT 24.03. - 26.03.2026\nNuevo Recinto Ferial de &#8230;\t\t\t\t\t\t\t\t<\/div>\n\t\t\t\t<\/div>\n\t\t\t\t<\/div>\n\t\t\t\t<\/div>\n\t\t\t\t<div data-elementor-type=\"loop-item\" data-elementor-id=\"21909\" class=\"elementor elementor-21909 elementor-1895 elementor-1895 e-loop-item e-loop-item-28665 post-28665 post type-post status-publish format-standard has-post-thumbnail hentry category-noticias\" data-elementor-post-type=\"elementor_library\" data-custom-edit-handle=\"1\">\n\t\t\t<div class=\"elementor-element elementor-element-cfe9a0f e-con-full e-flex e-con e-parent\" data-id=\"cfe9a0f\" data-element_type=\"container\" data-e-type=\"container\" data-settings=\"{&quot;jet_parallax_layout_list&quot;:[]}\">\n\t\t\t\t<div class=\"elementor-element elementor-element-25651ba elementor-widget elementor-widget-theme-post-featured-image elementor-widget-image\" data-id=\"25651ba\" data-element_type=\"widget\" data-e-type=\"widget\" data-widget_type=\"theme-post-featured-image.default\">\n\t\t\t\t<div class=\"elementor-widget-container\">\n\t\t\t\t\t\t\t\t\t\t\t\t\t\t\t\t<a href=\"https:\/\/www2.lichtgitter.com\/es\/noticias\/nueva-referencia-rejillas-para-estanterias-de-un-almacen-en-legden\/\">\n\t\t\t\t\t\t\t<img decoding=\"async\" width=\"800\" height=\"534\" src=\"https:\/\/www2.lichtgitter.com\/wp-content\/uploads\/2025\/12\/LIC_Stapelbroek-2025-3219-RGB-LowRes-1024x683.jpg\" class=\"attachment-large size-large wp-image-28666\" alt=\"\" srcset=\"https:\/\/www2.lichtgitter.com\/wp-content\/uploads\/2025\/12\/LIC_Stapelbroek-2025-3219-RGB-LowRes-1024x683.jpg 1024w, https:\/\/www2.lichtgitter.com\/wp-content\/uploads\/2025\/12\/LIC_Stapelbroek-2025-3219-RGB-LowRes-300x200.jpg 300w, https:\/\/www2.lichtgitter.com\/wp-content\/uploads\/2025\/12\/LIC_Stapelbroek-2025-3219-RGB-LowRes-768x512.jpg 768w, https:\/\/www2.lichtgitter.com\/wp-content\/uploads\/2025\/12\/LIC_Stapelbroek-2025-3219-RGB-LowRes-1536x1024.jpg 1536w, https:\/\/www2.lichtgitter.com\/wp-content\/uploads\/2025\/12\/LIC_Stapelbroek-2025-3219-RGB-LowRes.jpg 1920w\" sizes=\"(max-width: 800px) 100vw, 800px\" \/>\t\t\t\t\t\t\t\t<\/a>\n\t\t\t\t\t\t\t\t\t\t\t\t\t\t\t<\/div>\n\t\t\t\t<\/div>\n\t\t\t\t<div data-dce-text-color=\"#000000\" data-dce-advanced-background-color=\"#EEEEEE\" class=\"elementor-element elementor-element-8afc614 elementor-align-left elementor-widget__width-auto elementor-widget elementor-widget-post-info\" data-id=\"8afc614\" data-element_type=\"widget\" data-e-type=\"widget\" data-widget_type=\"post-info.default\">\n\t\t\t\t<div class=\"elementor-widget-container\">\n\t\t\t\t\t\t\t<ul class=\"elementor-inline-items elementor-icon-list-items elementor-post-info\">\n\t\t\t\t\t\t\t\t<li class=\"elementor-icon-list-item elementor-repeater-item-5a54b9e elementor-inline-item\" itemprop=\"about\">\n\t\t\t\t\t\t\t\t\t\t\t\t\t<span class=\"elementor-icon-list-text elementor-post-info__item elementor-post-info__item--type-terms\">\n\t\t\t\t\t\t\t\t\t\t<span class=\"elementor-post-info__terms-list\">\n\t\t\t\t<span class=\"elementor-post-info__terms-list-item\">Noticias<\/span>\t\t\t\t<\/span>\n\t\t\t\t\t<\/span>\n\t\t\t\t\t\t\t\t<\/li>\n\t\t\t\t<\/ul>\n\t\t\t\t\t\t<\/div>\n\t\t\t\t<\/div>\n\t\t\t\t<div data-dce-text-color=\"#000000\" data-dce-advanced-background-color=\"#EEEEEE\" class=\"elementor-element elementor-element-e2cbed8 elementor-align-left elementor-widget__width-auto elementor-widget elementor-widget-post-info\" data-id=\"e2cbed8\" data-element_type=\"widget\" data-e-type=\"widget\" data-widget_type=\"post-info.default\">\n\t\t\t\t<div class=\"elementor-widget-container\">\n\t\t\t\t\t\t\t<ul class=\"elementor-inline-items elementor-icon-list-items elementor-post-info\">\n\t\t\t\t\t\t\t\t<li class=\"elementor-icon-list-item elementor-repeater-item-5a54b9e elementor-inline-item\" itemprop=\"datePublished\">\n\t\t\t\t\t\t\t\t\t\t\t\t\t<span class=\"elementor-icon-list-text elementor-post-info__item elementor-post-info__item--type-date\">\n\t\t\t\t\t\t\t\t\t\t<time>05.11.2025<\/time>\t\t\t\t\t<\/span>\n\t\t\t\t\t\t\t\t<\/li>\n\t\t\t\t<\/ul>\n\t\t\t\t\t\t<\/div>\n\t\t\t\t<\/div>\n\t\t\t\t<div data-dce-title-color=\"#111111\" class=\"elementor-element elementor-element-9581c4e elementor-widget__width-auto elementor-widget elementor-widget-heading\" data-id=\"9581c4e\" data-element_type=\"widget\" data-e-type=\"widget\" data-widget_type=\"heading.default\">\n\t\t\t\t<div class=\"elementor-widget-container\">\n\t\t\t\t\t<h2 class=\"elementor-heading-title elementor-size-default\">1 min<\/h2>\t\t\t\t<\/div>\n\t\t\t\t<\/div>\n\t\t\t\t<div class=\"elementor-element elementor-element-0fff5bc elementor-widget__width-inherit elementor-widget elementor-widget-theme-post-title elementor-page-title elementor-widget-heading\" data-id=\"0fff5bc\" data-element_type=\"widget\" data-e-type=\"widget\" data-widget_type=\"theme-post-title.default\">\n\t\t\t\t<div class=\"elementor-widget-container\">\n\t\t\t\t\t<h3 class=\"elementor-heading-title elementor-size-default\"><a href=\"https:\/\/www2.lichtgitter.com\/es\/noticias\/nueva-referencia-rejillas-para-estanterias-de-un-almacen-en-legden\/\">Nueva referencia: rejillas para estanter\u00edas de un almac\u00e9n en Legden<\/a><\/h3>\t\t\t\t<\/div>\n\t\t\t\t<\/div>\n\t\t\t\t<div class=\"elementor-element elementor-element-ab7afa8 elementor-widget elementor-widget-text-editor\" data-id=\"ab7afa8\" data-element_type=\"widget\" data-e-type=\"widget\" data-widget_type=\"text-editor.default\">\n\t\t\t\t<div class=\"elementor-widget-container\">\n\t\t\t\t\t\t\t\t\tNos complace presentar una nueva referencia del sector de almacenes\/log\u00edstica. Nuestros productos &#8230;\t\t\t\t\t\t\t\t<\/div>\n\t\t\t\t<\/div>\n\t\t\t\t<\/div>\n\t\t\t\t<\/div>\n\t\t\t\t<div data-elementor-type=\"loop-item\" data-elementor-id=\"21909\" class=\"elementor elementor-21909 elementor-1895 elementor-1895 e-loop-item e-loop-item-28645 post-28645 post type-post status-publish format-standard has-post-thumbnail hentry category-noticias\" data-elementor-post-type=\"elementor_library\" data-custom-edit-handle=\"1\">\n\t\t\t<div class=\"elementor-element elementor-element-cfe9a0f e-con-full e-flex e-con e-parent\" data-id=\"cfe9a0f\" data-element_type=\"container\" data-e-type=\"container\" data-settings=\"{&quot;jet_parallax_layout_list&quot;:[]}\">\n\t\t\t\t<div class=\"elementor-element elementor-element-25651ba elementor-widget elementor-widget-theme-post-featured-image elementor-widget-image\" data-id=\"25651ba\" data-element_type=\"widget\" data-e-type=\"widget\" data-widget_type=\"theme-post-featured-image.default\">\n\t\t\t\t<div class=\"elementor-widget-container\">\n\t\t\t\t\t\t\t\t\t\t\t\t\t\t\t\t<a href=\"https:\/\/www2.lichtgitter.com\/es\/noticias\/la-tradicion-se-une-al-futuro-capsula-del-tiempo-para-el-nuevo-edificio-administrativo-de-stadtlohn\/\">\n\t\t\t\t\t\t\t<img decoding=\"async\" width=\"800\" height=\"526\" src=\"https:\/\/www2.lichtgitter.com\/wp-content\/uploads\/2025\/12\/IMG_6201-1024x673.jpg\" class=\"attachment-large size-large wp-image-28646\" alt=\"\" srcset=\"https:\/\/www2.lichtgitter.com\/wp-content\/uploads\/2025\/12\/IMG_6201-1024x673.jpg 1024w, https:\/\/www2.lichtgitter.com\/wp-content\/uploads\/2025\/12\/IMG_6201-300x197.jpg 300w, https:\/\/www2.lichtgitter.com\/wp-content\/uploads\/2025\/12\/IMG_6201-768x504.jpg 768w, https:\/\/www2.lichtgitter.com\/wp-content\/uploads\/2025\/12\/IMG_6201-1536x1009.jpg 1536w, https:\/\/www2.lichtgitter.com\/wp-content\/uploads\/2025\/12\/IMG_6201.jpg 1920w\" sizes=\"(max-width: 800px) 100vw, 800px\" \/>\t\t\t\t\t\t\t\t<\/a>\n\t\t\t\t\t\t\t\t\t\t\t\t\t\t\t<\/div>\n\t\t\t\t<\/div>\n\t\t\t\t<div data-dce-text-color=\"#000000\" data-dce-advanced-background-color=\"#EEEEEE\" class=\"elementor-element elementor-element-8afc614 elementor-align-left elementor-widget__width-auto elementor-widget elementor-widget-post-info\" data-id=\"8afc614\" data-element_type=\"widget\" data-e-type=\"widget\" data-widget_type=\"post-info.default\">\n\t\t\t\t<div class=\"elementor-widget-container\">\n\t\t\t\t\t\t\t<ul class=\"elementor-inline-items elementor-icon-list-items elementor-post-info\">\n\t\t\t\t\t\t\t\t<li class=\"elementor-icon-list-item elementor-repeater-item-5a54b9e elementor-inline-item\" itemprop=\"about\">\n\t\t\t\t\t\t\t\t\t\t\t\t\t<span class=\"elementor-icon-list-text elementor-post-info__item elementor-post-info__item--type-terms\">\n\t\t\t\t\t\t\t\t\t\t<span class=\"elementor-post-info__terms-list\">\n\t\t\t\t<span class=\"elementor-post-info__terms-list-item\">Noticias<\/span>\t\t\t\t<\/span>\n\t\t\t\t\t<\/span>\n\t\t\t\t\t\t\t\t<\/li>\n\t\t\t\t<\/ul>\n\t\t\t\t\t\t<\/div>\n\t\t\t\t<\/div>\n\t\t\t\t<div data-dce-text-color=\"#000000\" data-dce-advanced-background-color=\"#EEEEEE\" class=\"elementor-element elementor-element-e2cbed8 elementor-align-left elementor-widget__width-auto elementor-widget elementor-widget-post-info\" data-id=\"e2cbed8\" data-element_type=\"widget\" data-e-type=\"widget\" data-widget_type=\"post-info.default\">\n\t\t\t\t<div class=\"elementor-widget-container\">\n\t\t\t\t\t\t\t<ul class=\"elementor-inline-items elementor-icon-list-items elementor-post-info\">\n\t\t\t\t\t\t\t\t<li class=\"elementor-icon-list-item elementor-repeater-item-5a54b9e elementor-inline-item\" itemprop=\"datePublished\">\n\t\t\t\t\t\t\t\t\t\t\t\t\t<span class=\"elementor-icon-list-text elementor-post-info__item elementor-post-info__item--type-date\">\n\t\t\t\t\t\t\t\t\t\t<time>10.10.2025<\/time>\t\t\t\t\t<\/span>\n\t\t\t\t\t\t\t\t<\/li>\n\t\t\t\t<\/ul>\n\t\t\t\t\t\t<\/div>\n\t\t\t\t<\/div>\n\t\t\t\t<div data-dce-title-color=\"#111111\" class=\"elementor-element elementor-element-9581c4e elementor-widget__width-auto elementor-widget elementor-widget-heading\" data-id=\"9581c4e\" data-element_type=\"widget\" data-e-type=\"widget\" data-widget_type=\"heading.default\">\n\t\t\t\t<div class=\"elementor-widget-container\">\n\t\t\t\t\t<h2 class=\"elementor-heading-title elementor-size-default\">1 min<\/h2>\t\t\t\t<\/div>\n\t\t\t\t<\/div>\n\t\t\t\t<div class=\"elementor-element elementor-element-0fff5bc elementor-widget__width-inherit elementor-widget elementor-widget-theme-post-title elementor-page-title elementor-widget-heading\" data-id=\"0fff5bc\" data-element_type=\"widget\" data-e-type=\"widget\" data-widget_type=\"theme-post-title.default\">\n\t\t\t\t<div class=\"elementor-widget-container\">\n\t\t\t\t\t<h3 class=\"elementor-heading-title elementor-size-default\"><a href=\"https:\/\/www2.lichtgitter.com\/es\/noticias\/la-tradicion-se-une-al-futuro-capsula-del-tiempo-para-el-nuevo-edificio-administrativo-de-stadtlohn\/\">La tradici\u00f3n se une al futuro: c\u00e1psula del tiempo para el nuevo edificio administrativo de Stadtlohn<\/a><\/h3>\t\t\t\t<\/div>\n\t\t\t\t<\/div>\n\t\t\t\t<div class=\"elementor-element elementor-element-ab7afa8 elementor-widget elementor-widget-text-editor\" data-id=\"ab7afa8\" data-element_type=\"widget\" data-e-type=\"widget\" data-widget_type=\"text-editor.default\">\n\t\t\t\t<div class=\"elementor-widget-container\">\n\t\t\t\t\t\t\t\t\tEn el lugar Stadtlohn Actualmente se est\u00e1 construyendo el nuevo edificio administrativo de &#8230;\t\t\t\t\t\t\t\t<\/div>\n\t\t\t\t<\/div>\n\t\t\t\t<\/div>\n\t\t\t\t<\/div>\n\t\t\t\t<div data-elementor-type=\"loop-item\" data-elementor-id=\"21909\" class=\"elementor elementor-21909 elementor-1895 elementor-1895 e-loop-item e-loop-item-20189 post-20189 post type-post status-publish format-standard has-post-thumbnail hentry category-noticias\" data-elementor-post-type=\"elementor_library\" data-custom-edit-handle=\"1\">\n\t\t\t<div class=\"elementor-element elementor-element-cfe9a0f e-con-full e-flex e-con e-parent\" data-id=\"cfe9a0f\" data-element_type=\"container\" data-e-type=\"container\" data-settings=\"{&quot;jet_parallax_layout_list&quot;:[]}\">\n\t\t\t\t<div class=\"elementor-element elementor-element-25651ba elementor-widget elementor-widget-theme-post-featured-image elementor-widget-image\" data-id=\"25651ba\" data-element_type=\"widget\" data-e-type=\"widget\" data-widget_type=\"theme-post-featured-image.default\">\n\t\t\t\t<div class=\"elementor-widget-container\">\n\t\t\t\t\t\t\t\t\t\t\t\t\t\t\t\t<a href=\"https:\/\/www2.lichtgitter.com\/es\/noticias\/nueva-referencia-rejillas-para-estanterias-de-un-almacen-en-telgte\/\">\n\t\t\t\t\t\t\t<img loading=\"lazy\" decoding=\"async\" width=\"800\" height=\"534\" src=\"https:\/\/www2.lichtgitter.com\/wp-content\/uploads\/2025\/10\/LIC_Telgte-Bolle-2025-2321-RGB-LowRes-1024x683.jpg\" class=\"attachment-large size-large wp-image-20191\" alt=\"\" srcset=\"https:\/\/www2.lichtgitter.com\/wp-content\/uploads\/2025\/10\/LIC_Telgte-Bolle-2025-2321-RGB-LowRes-1024x683.jpg 1024w, https:\/\/www2.lichtgitter.com\/wp-content\/uploads\/2025\/10\/LIC_Telgte-Bolle-2025-2321-RGB-LowRes-300x200.jpg 300w, https:\/\/www2.lichtgitter.com\/wp-content\/uploads\/2025\/10\/LIC_Telgte-Bolle-2025-2321-RGB-LowRes-768x512.jpg 768w, https:\/\/www2.lichtgitter.com\/wp-content\/uploads\/2025\/10\/LIC_Telgte-Bolle-2025-2321-RGB-LowRes-1536x1024.jpg 1536w, https:\/\/www2.lichtgitter.com\/wp-content\/uploads\/2025\/10\/LIC_Telgte-Bolle-2025-2321-RGB-LowRes.jpg 1920w\" sizes=\"(max-width: 800px) 100vw, 800px\" \/>\t\t\t\t\t\t\t\t<\/a>\n\t\t\t\t\t\t\t\t\t\t\t\t\t\t\t<\/div>\n\t\t\t\t<\/div>\n\t\t\t\t<div data-dce-text-color=\"#000000\" data-dce-advanced-background-color=\"#EEEEEE\" class=\"elementor-element elementor-element-8afc614 elementor-align-left elementor-widget__width-auto elementor-widget elementor-widget-post-info\" data-id=\"8afc614\" data-element_type=\"widget\" data-e-type=\"widget\" data-widget_type=\"post-info.default\">\n\t\t\t\t<div class=\"elementor-widget-container\">\n\t\t\t\t\t\t\t<ul class=\"elementor-inline-items elementor-icon-list-items elementor-post-info\">\n\t\t\t\t\t\t\t\t<li class=\"elementor-icon-list-item elementor-repeater-item-5a54b9e elementor-inline-item\" itemprop=\"about\">\n\t\t\t\t\t\t\t\t\t\t\t\t\t<span class=\"elementor-icon-list-text elementor-post-info__item elementor-post-info__item--type-terms\">\n\t\t\t\t\t\t\t\t\t\t<span class=\"elementor-post-info__terms-list\">\n\t\t\t\t<span class=\"elementor-post-info__terms-list-item\">Noticias<\/span>\t\t\t\t<\/span>\n\t\t\t\t\t<\/span>\n\t\t\t\t\t\t\t\t<\/li>\n\t\t\t\t<\/ul>\n\t\t\t\t\t\t<\/div>\n\t\t\t\t<\/div>\n\t\t\t\t<div data-dce-text-color=\"#000000\" data-dce-advanced-background-color=\"#EEEEEE\" class=\"elementor-element elementor-element-e2cbed8 elementor-align-left elementor-widget__width-auto elementor-widget elementor-widget-post-info\" data-id=\"e2cbed8\" data-element_type=\"widget\" data-e-type=\"widget\" data-widget_type=\"post-info.default\">\n\t\t\t\t<div class=\"elementor-widget-container\">\n\t\t\t\t\t\t\t<ul class=\"elementor-inline-items elementor-icon-list-items elementor-post-info\">\n\t\t\t\t\t\t\t\t<li class=\"elementor-icon-list-item elementor-repeater-item-5a54b9e elementor-inline-item\" itemprop=\"datePublished\">\n\t\t\t\t\t\t\t\t\t\t\t\t\t<span class=\"elementor-icon-list-text elementor-post-info__item elementor-post-info__item--type-date\">\n\t\t\t\t\t\t\t\t\t\t<time>02.10.2025<\/time>\t\t\t\t\t<\/span>\n\t\t\t\t\t\t\t\t<\/li>\n\t\t\t\t<\/ul>\n\t\t\t\t\t\t<\/div>\n\t\t\t\t<\/div>\n\t\t\t\t<div data-dce-title-color=\"#111111\" class=\"elementor-element elementor-element-9581c4e elementor-widget__width-auto elementor-widget elementor-widget-heading\" data-id=\"9581c4e\" data-element_type=\"widget\" data-e-type=\"widget\" data-widget_type=\"heading.default\">\n\t\t\t\t<div class=\"elementor-widget-container\">\n\t\t\t\t\t<h2 class=\"elementor-heading-title elementor-size-default\">1 min<\/h2>\t\t\t\t<\/div>\n\t\t\t\t<\/div>\n\t\t\t\t<div class=\"elementor-element elementor-element-0fff5bc elementor-widget__width-inherit elementor-widget elementor-widget-theme-post-title elementor-page-title elementor-widget-heading\" data-id=\"0fff5bc\" data-element_type=\"widget\" data-e-type=\"widget\" data-widget_type=\"theme-post-title.default\">\n\t\t\t\t<div class=\"elementor-widget-container\">\n\t\t\t\t\t<h3 class=\"elementor-heading-title elementor-size-default\"><a href=\"https:\/\/www2.lichtgitter.com\/es\/noticias\/nueva-referencia-rejillas-para-estanterias-de-un-almacen-en-telgte\/\">Nueva referencia: rejillas para estanter\u00edas de un almac\u00e9n en Telgte<\/a><\/h3>\t\t\t\t<\/div>\n\t\t\t\t<\/div>\n\t\t\t\t<div class=\"elementor-element elementor-element-ab7afa8 elementor-widget elementor-widget-text-editor\" data-id=\"ab7afa8\" data-element_type=\"widget\" data-e-type=\"widget\" data-widget_type=\"text-editor.default\">\n\t\t\t\t<div class=\"elementor-widget-container\">\n\t\t\t\t\t\t\t\t\tConseguimos impresionar con nuestras Rejillas met\u00e1licas para un proyecto de almac\u00e9n en Telgte. Se &#8230;\t\t\t\t\t\t\t\t<\/div>\n\t\t\t\t<\/div>\n\t\t\t\t<\/div>\n\t\t\t\t<\/div>\n\t\t\t\t<div data-elementor-type=\"loop-item\" data-elementor-id=\"21909\" class=\"elementor elementor-21909 elementor-1895 elementor-1895 e-loop-item e-loop-item-20262 post-20262 post type-post status-publish format-standard has-post-thumbnail hentry category-historias-profesionales\" data-elementor-post-type=\"elementor_library\" data-custom-edit-handle=\"1\">\n\t\t\t<div class=\"elementor-element elementor-element-cfe9a0f e-con-full e-flex e-con e-parent\" data-id=\"cfe9a0f\" data-element_type=\"container\" data-e-type=\"container\" data-settings=\"{&quot;jet_parallax_layout_list&quot;:[]}\">\n\t\t\t\t<div class=\"elementor-element elementor-element-25651ba elementor-widget elementor-widget-theme-post-featured-image elementor-widget-image\" data-id=\"25651ba\" data-element_type=\"widget\" data-e-type=\"widget\" data-widget_type=\"theme-post-featured-image.default\">\n\t\t\t\t<div class=\"elementor-widget-container\">\n\t\t\t\t\t\t\t\t\t\t\t\t\t\t\t\t<a href=\"https:\/\/www2.lichtgitter.com\/es\/historias-profesionales\/mud-master-2025-acabador\/\">\n\t\t\t\t\t\t\t<img loading=\"lazy\" decoding=\"async\" width=\"800\" height=\"534\" src=\"https:\/\/www2.lichtgitter.com\/wp-content\/uploads\/2025\/09\/9-1024x683.jpg\" class=\"attachment-large size-large wp-image-20272\" alt=\"\" srcset=\"https:\/\/www2.lichtgitter.com\/wp-content\/uploads\/2025\/09\/9-1024x683.jpg 1024w, https:\/\/www2.lichtgitter.com\/wp-content\/uploads\/2025\/09\/9-300x200.jpg 300w, https:\/\/www2.lichtgitter.com\/wp-content\/uploads\/2025\/09\/9-768x512.jpg 768w, https:\/\/www2.lichtgitter.com\/wp-content\/uploads\/2025\/09\/9-1536x1024.jpg 1536w, https:\/\/www2.lichtgitter.com\/wp-content\/uploads\/2025\/09\/9.jpg 1920w\" sizes=\"(max-width: 800px) 100vw, 800px\" \/>\t\t\t\t\t\t\t\t<\/a>\n\t\t\t\t\t\t\t\t\t\t\t\t\t\t\t<\/div>\n\t\t\t\t<\/div>\n\t\t\t\t<div data-dce-text-color=\"#000000\" data-dce-advanced-background-color=\"#EEEEEE\" class=\"elementor-element elementor-element-8afc614 elementor-align-left elementor-widget__width-auto elementor-widget elementor-widget-post-info\" data-id=\"8afc614\" data-element_type=\"widget\" data-e-type=\"widget\" data-widget_type=\"post-info.default\">\n\t\t\t\t<div class=\"elementor-widget-container\">\n\t\t\t\t\t\t\t<ul class=\"elementor-inline-items elementor-icon-list-items elementor-post-info\">\n\t\t\t\t\t\t\t\t<li class=\"elementor-icon-list-item elementor-repeater-item-5a54b9e elementor-inline-item\" itemprop=\"about\">\n\t\t\t\t\t\t\t\t\t\t\t\t\t<span class=\"elementor-icon-list-text elementor-post-info__item elementor-post-info__item--type-terms\">\n\t\t\t\t\t\t\t\t\t\t<span class=\"elementor-post-info__terms-list\">\n\t\t\t\t<span class=\"elementor-post-info__terms-list-item\">Historias profesionales<\/span>\t\t\t\t<\/span>\n\t\t\t\t\t<\/span>\n\t\t\t\t\t\t\t\t<\/li>\n\t\t\t\t<\/ul>\n\t\t\t\t\t\t<\/div>\n\t\t\t\t<\/div>\n\t\t\t\t<div data-dce-text-color=\"#000000\" data-dce-advanced-background-color=\"#EEEEEE\" class=\"elementor-element elementor-element-e2cbed8 elementor-align-left elementor-widget__width-auto elementor-widget elementor-widget-post-info\" data-id=\"e2cbed8\" data-element_type=\"widget\" data-e-type=\"widget\" data-widget_type=\"post-info.default\">\n\t\t\t\t<div class=\"elementor-widget-container\">\n\t\t\t\t\t\t\t<ul class=\"elementor-inline-items elementor-icon-list-items elementor-post-info\">\n\t\t\t\t\t\t\t\t<li class=\"elementor-icon-list-item elementor-repeater-item-5a54b9e elementor-inline-item\" itemprop=\"datePublished\">\n\t\t\t\t\t\t\t\t\t\t\t\t\t<span class=\"elementor-icon-list-text elementor-post-info__item elementor-post-info__item--type-date\">\n\t\t\t\t\t\t\t\t\t\t<time>22.09.2025<\/time>\t\t\t\t\t<\/span>\n\t\t\t\t\t\t\t\t<\/li>\n\t\t\t\t<\/ul>\n\t\t\t\t\t\t<\/div>\n\t\t\t\t<\/div>\n\t\t\t\t<div data-dce-title-color=\"#111111\" class=\"elementor-element elementor-element-9581c4e elementor-widget__width-auto elementor-widget elementor-widget-heading\" data-id=\"9581c4e\" data-element_type=\"widget\" data-e-type=\"widget\" data-widget_type=\"heading.default\">\n\t\t\t\t<div class=\"elementor-widget-container\">\n\t\t\t\t\t<h2 class=\"elementor-heading-title elementor-size-default\">1 min<\/h2>\t\t\t\t<\/div>\n\t\t\t\t<\/div>\n\t\t\t\t<div class=\"elementor-element elementor-element-0fff5bc elementor-widget__width-inherit elementor-widget elementor-widget-theme-post-title elementor-page-title elementor-widget-heading\" data-id=\"0fff5bc\" data-element_type=\"widget\" data-e-type=\"widget\" data-widget_type=\"theme-post-title.default\">\n\t\t\t\t<div class=\"elementor-widget-container\">\n\t\t\t\t\t<h3 class=\"elementor-heading-title elementor-size-default\"><a href=\"https:\/\/www2.lichtgitter.com\/es\/historias-profesionales\/mud-master-2025-acabador\/\">MUD MASTER 2025 - Acabador<\/a><\/h3>\t\t\t\t<\/div>\n\t\t\t\t<\/div>\n\t\t\t\t<div class=\"elementor-element elementor-element-ab7afa8 elementor-widget elementor-widget-text-editor\" data-id=\"ab7afa8\" data-element_type=\"widget\" data-e-type=\"widget\" data-widget_type=\"text-editor.default\">\n\t\t\t\t<div class=\"elementor-widget-container\">\n\t\t\t\t\t\t\t\t\tEl fin de semana pasado nos embarcamos en otra aventura: \u00a1en el Mud Masters de Weeze! Por segunda &#8230;\t\t\t\t\t\t\t\t<\/div>\n\t\t\t\t<\/div>\n\t\t\t\t<\/div>\n\t\t\t\t<\/div>\n\t\t\t\t<div data-elementor-type=\"loop-item\" data-elementor-id=\"21909\" class=\"elementor elementor-21909 elementor-1895 elementor-1895 e-loop-item e-loop-item-20292 post-20292 post type-post status-publish format-standard has-post-thumbnail hentry category-noticias category-historias-profesionales\" data-elementor-post-type=\"elementor_library\" data-custom-edit-handle=\"1\">\n\t\t\t<div class=\"elementor-element elementor-element-cfe9a0f e-con-full e-flex e-con e-parent\" data-id=\"cfe9a0f\" data-element_type=\"container\" data-e-type=\"container\" data-settings=\"{&quot;jet_parallax_layout_list&quot;:[]}\">\n\t\t\t\t<div class=\"elementor-element elementor-element-25651ba elementor-widget elementor-widget-theme-post-featured-image elementor-widget-image\" data-id=\"25651ba\" data-element_type=\"widget\" data-e-type=\"widget\" data-widget_type=\"theme-post-featured-image.default\">\n\t\t\t\t<div class=\"elementor-widget-container\">\n\t\t\t\t\t\t\t\t\t\t\t\t\t\t\t\t<a href=\"https:\/\/www2.lichtgitter.com\/es\/noticias\/copa-de-playa-de-balonmano\/\">\n\t\t\t\t\t\t\t<img loading=\"lazy\" decoding=\"async\" width=\"800\" height=\"533\" src=\"https:\/\/www2.lichtgitter.com\/wp-content\/uploads\/2025\/09\/dodgeball_2025-1024x682.jpg\" class=\"attachment-large size-large wp-image-18994\" alt=\"\" srcset=\"https:\/\/www2.lichtgitter.com\/wp-content\/uploads\/2025\/09\/dodgeball_2025-1024x682.jpg 1024w, https:\/\/www2.lichtgitter.com\/wp-content\/uploads\/2025\/09\/dodgeball_2025-300x200.jpg 300w, https:\/\/www2.lichtgitter.com\/wp-content\/uploads\/2025\/09\/dodgeball_2025-768x512.jpg 768w, https:\/\/www2.lichtgitter.com\/wp-content\/uploads\/2025\/09\/dodgeball_2025-1536x1023.jpg 1536w, https:\/\/www2.lichtgitter.com\/wp-content\/uploads\/2025\/09\/dodgeball_2025.jpg 1600w\" sizes=\"(max-width: 800px) 100vw, 800px\" \/>\t\t\t\t\t\t\t\t<\/a>\n\t\t\t\t\t\t\t\t\t\t\t\t\t\t\t<\/div>\n\t\t\t\t<\/div>\n\t\t\t\t<div data-dce-text-color=\"#000000\" data-dce-advanced-background-color=\"#EEEEEE\" class=\"elementor-element elementor-element-8afc614 elementor-align-left elementor-widget__width-auto elementor-widget elementor-widget-post-info\" data-id=\"8afc614\" data-element_type=\"widget\" data-e-type=\"widget\" data-widget_type=\"post-info.default\">\n\t\t\t\t<div class=\"elementor-widget-container\">\n\t\t\t\t\t\t\t<ul class=\"elementor-inline-items elementor-icon-list-items elementor-post-info\">\n\t\t\t\t\t\t\t\t<li class=\"elementor-icon-list-item elementor-repeater-item-5a54b9e elementor-inline-item\" itemprop=\"about\">\n\t\t\t\t\t\t\t\t\t\t\t\t\t<span class=\"elementor-icon-list-text elementor-post-info__item elementor-post-info__item--type-terms\">\n\t\t\t\t\t\t\t\t\t\t<span class=\"elementor-post-info__terms-list\">\n\t\t\t\t<span class=\"elementor-post-info__terms-list-item\">Noticias<\/span>, <span class=\"elementor-post-info__terms-list-item\">Historias profesionales<\/span>\t\t\t\t<\/span>\n\t\t\t\t\t<\/span>\n\t\t\t\t\t\t\t\t<\/li>\n\t\t\t\t<\/ul>\n\t\t\t\t\t\t<\/div>\n\t\t\t\t<\/div>\n\t\t\t\t<div data-dce-text-color=\"#000000\" data-dce-advanced-background-color=\"#EEEEEE\" class=\"elementor-element elementor-element-e2cbed8 elementor-align-left elementor-widget__width-auto elementor-widget elementor-widget-post-info\" data-id=\"e2cbed8\" data-element_type=\"widget\" data-e-type=\"widget\" data-widget_type=\"post-info.default\">\n\t\t\t\t<div class=\"elementor-widget-container\">\n\t\t\t\t\t\t\t<ul class=\"elementor-inline-items elementor-icon-list-items elementor-post-info\">\n\t\t\t\t\t\t\t\t<li class=\"elementor-icon-list-item elementor-repeater-item-5a54b9e elementor-inline-item\" itemprop=\"datePublished\">\n\t\t\t\t\t\t\t\t\t\t\t\t\t<span class=\"elementor-icon-list-text elementor-post-info__item elementor-post-info__item--type-date\">\n\t\t\t\t\t\t\t\t\t\t<time>11.08.2025<\/time>\t\t\t\t\t<\/span>\n\t\t\t\t\t\t\t\t<\/li>\n\t\t\t\t<\/ul>\n\t\t\t\t\t\t<\/div>\n\t\t\t\t<\/div>\n\t\t\t\t<div data-dce-title-color=\"#111111\" class=\"elementor-element elementor-element-9581c4e elementor-widget__width-auto elementor-widget elementor-widget-heading\" data-id=\"9581c4e\" data-element_type=\"widget\" data-e-type=\"widget\" data-widget_type=\"heading.default\">\n\t\t\t\t<div class=\"elementor-widget-container\">\n\t\t\t\t\t<h2 class=\"elementor-heading-title elementor-size-default\">1 min<\/h2>\t\t\t\t<\/div>\n\t\t\t\t<\/div>\n\t\t\t\t<div class=\"elementor-element elementor-element-0fff5bc elementor-widget__width-inherit elementor-widget elementor-widget-theme-post-title elementor-page-title elementor-widget-heading\" data-id=\"0fff5bc\" data-element_type=\"widget\" data-e-type=\"widget\" data-widget_type=\"theme-post-title.default\">\n\t\t\t\t<div class=\"elementor-widget-container\">\n\t\t\t\t\t<h3 class=\"elementor-heading-title elementor-size-default\"><a href=\"https:\/\/www2.lichtgitter.com\/es\/noticias\/copa-de-playa-de-balonmano\/\">Copa de Playa de Balonmano<\/a><\/h3>\t\t\t\t<\/div>\n\t\t\t\t<\/div>\n\t\t\t\t<div class=\"elementor-element elementor-element-ab7afa8 elementor-widget elementor-widget-text-editor\" data-id=\"ab7afa8\" data-element_type=\"widget\" data-e-type=\"widget\" data-widget_type=\"text-editor.default\">\n\t\t\t\t<div class=\"elementor-widget-container\">\n\t\t\t\t\t\t\t\t\t30.000 visitantes, 3.500 jugadores y un festival. Los d\u00edas 8 y 9 de agosto lleg\u00f3 de nuevo ese &#8230;\t\t\t\t\t\t\t\t<\/div>\n\t\t\t\t<\/div>\n\t\t\t\t<\/div>\n\t\t\t\t<\/div>\n\t\t\t\t<\/div>\n\t\t\n\t\t\t\t<div class=\"e-load-more-anchor\" data-page=\"1\" data-max-page=\"4\" data-next-page=\"https:\/\/www2.lichtgitter.com\/es\/?e-page-374a6d9=2\"><\/div>\n\t\t\t\t<nav class=\"elementor-pagination\" aria-label=\"Paginaci\u00f3n\">\n\t\t\t<span aria-current=\"page\" class=\"page-numbers current\"><span class=\"elementor-screen-only\">Page<\/span>1<\/span>\n<a class=\"page-numbers\" href=\"https:\/\/www2.lichtgitter.com\/es\/wp-json\/wp\/v2\/pages\/21169\/?e-page-374a6d9=2\"><span class=\"elementor-screen-only\">Page<\/span>2<\/a>\n<a class=\"page-numbers\" href=\"https:\/\/www2.lichtgitter.com\/es\/wp-json\/wp\/v2\/pages\/21169\/?e-page-374a6d9=3\"><span class=\"elementor-screen-only\">Page<\/span>3<\/a>\n<a class=\"page-numbers\" href=\"https:\/\/www2.lichtgitter.com\/es\/wp-json\/wp\/v2\/pages\/21169\/?e-page-374a6d9=4\"><span class=\"elementor-screen-only\">Page<\/span>4<\/a>\t\t<\/nav>\n\t\t\t\t\t\t<\/div>\n\t\t\t\t<\/div>\n\t\t\t\t\t<\/div>\n\t\t\t\t<\/div>\n\t\t<div class=\"elementor-element elementor-element-1ec63ab e-con-full e-flex e-con e-parent\" data-id=\"1ec63ab\" data-element_type=\"container\" data-e-type=\"container\" data-settings=\"{&quot;jet_parallax_layout_list&quot;:[]}\">\n\t\t\t\t<div class=\"elementor-element elementor-element-88b1b22 elementor-widget__width-inherit elementor-widget elementor-widget-template\" data-id=\"88b1b22\" data-element_type=\"widget\" data-e-type=\"widget\" data-widget_type=\"template.default\">\n\t\t\t\t<div class=\"elementor-widget-container\">\n\t\t\t\t\t\t\t<div class=\"elementor-template\">\n\t\t\t\t\t<div data-elementor-type=\"container\" data-elementor-id=\"22518\" class=\"elementor elementor-22518 elementor-7985 elementor-7985\" data-elementor-post-type=\"elementor_library\">\n\t\t\t\t<div data-dce-background-image-url=\"https:\/\/www2.lichtgitter.com\/wp-content\/uploads\/2025\/10\/Placeholder-Image.jpg\" class=\"elementor-element elementor-element-4fead827 e-flex e-con-boxed e-con e-parent\" data-id=\"4fead827\" data-element_type=\"container\" data-e-type=\"container\" data-settings=\"{&quot;background_background&quot;:&quot;classic&quot;,&quot;jet_parallax_layout_list&quot;:[]}\">\n\t\t\t\t\t<div class=\"e-con-inner\">\n\t\t<div class=\"elementor-element elementor-element-39748180 e-con-full e-flex e-con e-child\" data-id=\"39748180\" data-element_type=\"container\" data-e-type=\"container\" data-settings=\"{&quot;jet_parallax_layout_list&quot;:[]}\">\n\t\t\t\t<div class=\"elementor-element elementor-element-5b0411aa e-transform elementor-widget elementor-widget-image\" data-id=\"5b0411aa\" data-element_type=\"widget\" data-e-type=\"widget\" data-settings=\"{&quot;_transform_translateX_effect_tablet&quot;:{&quot;unit&quot;:&quot;px&quot;,&quot;size&quot;:55,&quot;sizes&quot;:[]},&quot;_transform_translateX_effect_mobile&quot;:{&quot;unit&quot;:&quot;px&quot;,&quot;size&quot;:0,&quot;sizes&quot;:[]},&quot;_transform_translateX_effect&quot;:{&quot;unit&quot;:&quot;px&quot;,&quot;size&quot;:&quot;&quot;,&quot;sizes&quot;:[]},&quot;_transform_translateY_effect&quot;:{&quot;unit&quot;:&quot;px&quot;,&quot;size&quot;:&quot;&quot;,&quot;sizes&quot;:[]},&quot;_transform_translateY_effect_tablet&quot;:{&quot;unit&quot;:&quot;px&quot;,&quot;size&quot;:&quot;&quot;,&quot;sizes&quot;:[]},&quot;_transform_translateY_effect_mobile&quot;:{&quot;unit&quot;:&quot;px&quot;,&quot;size&quot;:&quot;&quot;,&quot;sizes&quot;:[]}}\" data-widget_type=\"image.default\">\n\t\t\t\t<div class=\"elementor-widget-container\">\n\t\t\t\t\t\t\t\t\t\t\t\t\t\t\t<img loading=\"lazy\" decoding=\"async\" width=\"750\" height=\"689\" src=\"https:\/\/www2.lichtgitter.com\/wp-content\/uploads\/2025\/10\/shop.webp\" class=\"attachment-large size-large wp-image-21934\" alt=\"\" srcset=\"https:\/\/www2.lichtgitter.com\/wp-content\/uploads\/2025\/10\/shop.webp 750w, https:\/\/www2.lichtgitter.com\/wp-content\/uploads\/2025\/10\/shop-300x276.webp 300w\" sizes=\"(max-width: 750px) 100vw, 750px\" \/>\t\t\t\t\t\t\t\t\t\t\t\t\t\t\t<\/div>\n\t\t\t\t<\/div>\n\t\t\t\t<\/div>\n\t\t<div class=\"elementor-element elementor-element-651ad914 e-con-full e-flex e-con e-child\" data-id=\"651ad914\" data-element_type=\"container\" data-e-type=\"container\" data-settings=\"{&quot;jet_parallax_layout_list&quot;:[]}\">\n\t\t\t\t<div class=\"elementor-element elementor-element-45e6bdf elementor-widget elementor-widget-heading\" data-id=\"45e6bdf\" data-element_type=\"widget\" data-e-type=\"widget\" data-widget_type=\"heading.default\">\n\t\t\t\t<div class=\"elementor-widget-container\">\n\t\t\t\t\t<h2 class=\"elementor-heading-title elementor-size-default\">NUEVO: La tienda online de Lichtgitter<\/h2>\t\t\t\t<\/div>\n\t\t\t\t<\/div>\n\t\t\t\t<div class=\"elementor-element elementor-element-432a9d75 elementor-widget elementor-widget-text-editor\" data-id=\"432a9d75\" data-element_type=\"widget\" data-e-type=\"widget\" data-widget_type=\"text-editor.default\">\n\t\t\t\t<div class=\"elementor-widget-container\">\n\t\t\t\t\t\t\t\t\t<p>Descubre nuestras Rejillas met\u00e1licas y pelda\u00f1os de rejilla de acero y PRFV en varios dise\u00f1os y dimensiones, directamente del almac\u00e9n y en 48 horas.  <br><strong>R\u00e1pido, f\u00e1cil y disponible para pedidos las 24 horas del d\u00eda, los 7 d\u00edas de la semana.<\/strong><\/p>\t\t\t\t\t\t\t\t<\/div>\n\t\t\t\t<\/div>\n\t\t\t\t<div class=\"elementor-element elementor-element-17bc66b7 elementor-widget elementor-widget-button\" data-id=\"17bc66b7\" data-element_type=\"widget\" data-e-type=\"widget\" data-widget_type=\"button.default\">\n\t\t\t\t<div class=\"elementor-widget-container\">\n\t\t\t\t\t\t\t\t\t<div class=\"elementor-button-wrapper\">\n\t\t\t\t\t<a class=\"elementor-button elementor-button-link elementor-size-sm\" href=\"https:\/\/www.shop.lichtgitter.com\/\" target=\"_blank\">\n\t\t\t\t\t\t<span class=\"elementor-button-content-wrapper\">\n\t\t\t\t\t\t\t\t\t<span class=\"elementor-button-text\">A la tienda<\/span>\n\t\t\t\t\t<\/span>\n\t\t\t\t\t<\/a>\n\t\t\t\t<\/div>\n\t\t\t\t\t\t\t\t<\/div>\n\t\t\t\t<\/div>\n\t\t\t\t<\/div>\n\t\t\t\t\t<\/div>\n\t\t\t\t<\/div>\n\t\t\t\t<\/div>\n\t\t\t\t<\/div>\n\t\t\t\t\t\t<\/div>\n\t\t\t\t<\/div>\n\t\t\t\t<\/div>\n\t\t<div class=\"elementor-element elementor-element-f749462 pad-l e-flex e-con-boxed e-con e-parent\" data-id=\"f749462\" data-element_type=\"container\" data-e-type=\"container\" data-settings=\"{&quot;jet_parallax_layout_list&quot;:[]}\">\n\t\t\t\t\t<div class=\"e-con-inner\">\n\t\t\t\t<div data-dce-title-color=\"#111111\" class=\"elementor-element elementor-element-d227c5d elementor-widget__width-inherit elementor-widget elementor-widget-heading\" data-id=\"d227c5d\" data-element_type=\"widget\" data-e-type=\"widget\" data-widget_type=\"heading.default\">\n\t\t\t\t<div class=\"elementor-widget-container\">\n\t\t\t\t\t<h2 class=\"elementor-heading-title elementor-size-default\">Referencias<\/h2>\t\t\t\t<\/div>\n\t\t\t\t<\/div>\n\t\t\t\t<div class=\"elementor-element elementor-element-7ddbc8b elementor-widget__width-initial elementor-widget-tablet__width-inherit elementor-widget elementor-widget-text-editor\" data-id=\"7ddbc8b\" data-element_type=\"widget\" data-e-type=\"widget\" data-widget_type=\"text-editor.default\">\n\t\t\t\t<div class=\"elementor-widget-container\">\n\t\t\t\t\t\t\t\t\t<p data-start=\"135\" data-end=\"436\">Nuestras referencias demuestran lo vers\u00e1tiles que son nuestros productos. Ya sea en la industria, la arquitectura, la energ\u00eda, la movilidad o las infraestructuras, trabajamos en una amplia gama de sectores y tenemos la soluci\u00f3n adecuada para cada aplicaci\u00f3n. <\/p><p data-start=\"438\" data-end=\"801\">Una amplia gama de t\u00e9cnicas de producci\u00f3n te ofrece posibilidades inimaginables para realizar tus proyectos. Para que quede bien: para ti y para tu proyecto.   <\/p>\t\t\t\t\t\t\t\t<\/div>\n\t\t\t\t<\/div>\n\t\t\t\t<div data-dce-background-color=\"#FF002800\" class=\"elementor-element elementor-element-b4568c3 elementor-widget elementor-widget-button\" data-id=\"b4568c3\" data-element_type=\"widget\" data-e-type=\"widget\" data-widget_type=\"button.default\">\n\t\t\t\t<div class=\"elementor-widget-container\">\n\t\t\t\t\t\t\t\t\t<div class=\"elementor-button-wrapper\">\n\t\t\t\t\t<a class=\"elementor-button elementor-button-link elementor-size-sm\" href=\"https:\/\/www2.lichtgitter.com\/es\/referencias\/\">\n\t\t\t\t\t\t<span class=\"elementor-button-content-wrapper\">\n\t\t\t\t\t\t\t\t\t<span class=\"elementor-button-text\">Todas las referencias<\/span>\n\t\t\t\t\t<\/span>\n\t\t\t\t\t<\/a>\n\t\t\t\t<\/div>\n\t\t\t\t\t\t\t\t<\/div>\n\t\t\t\t<\/div>\n\t\t\t\t<div class=\"elementor-element elementor-element-30d025f elementor-pagination-type-progressbar elementor-widget__width-inherit elementor-arrows-position-inside elementor-widget elementor-widget-loop-carousel\" data-id=\"30d025f\" data-element_type=\"widget\" data-e-type=\"widget\" data-settings=\"{&quot;template_id&quot;:22796,&quot;slides_to_show&quot;:&quot;4&quot;,&quot;pagination&quot;:&quot;progressbar&quot;,&quot;image_spacing_custom&quot;:{&quot;unit&quot;:&quot;px&quot;,&quot;size&quot;:15,&quot;sizes&quot;:[]},&quot;_skin&quot;:&quot;post&quot;,&quot;slides_to_show_tablet&quot;:&quot;2&quot;,&quot;slides_to_show_mobile&quot;:&quot;1&quot;,&quot;slides_to_scroll&quot;:&quot;1&quot;,&quot;edit_handle_selector&quot;:&quot;.elementor-loop-container&quot;,&quot;autoplay&quot;:&quot;yes&quot;,&quot;autoplay_speed&quot;:5000,&quot;pause_on_hover&quot;:&quot;yes&quot;,&quot;pause_on_interaction&quot;:&quot;yes&quot;,&quot;speed&quot;:500,&quot;arrows&quot;:&quot;yes&quot;,&quot;image_spacing_custom_tablet&quot;:{&quot;unit&quot;:&quot;px&quot;,&quot;size&quot;:&quot;&quot;,&quot;sizes&quot;:[]},&quot;image_spacing_custom_mobile&quot;:{&quot;unit&quot;:&quot;px&quot;,&quot;size&quot;:&quot;&quot;,&quot;sizes&quot;:[]}}\" data-widget_type=\"loop-carousel.post\">\n\t\t\t\t<div class=\"elementor-widget-container\">\n\t\t\t\t\t\t\t<div class=\"swiper elementor-loop-container elementor-grid\" role=\"list\" dir=\"ltr\">\n\t\t\t\t<div class=\"swiper-wrapper\" aria-live=\"off\">\n\t\t<style id=\"loop-22796\">.elementor-22796 .elementor-element.elementor-element-e7b9423{--display:flex;--gap:10px 10px;--row-gap:10px;--column-gap:10px;}.elementor-widget-call-to-action .elementor-cta__title{font-family:var( --e-global-typography-primary-font-family ), Sans-serif;font-size:var( --e-global-typography-primary-font-size );font-weight:var( --e-global-typography-primary-font-weight );text-transform:var( --e-global-typography-primary-text-transform );line-height:var( --e-global-typography-primary-line-height );}.elementor-widget-call-to-action .elementor-cta__description{font-family:var( --e-global-typography-text-font-family ), Sans-serif;font-size:var( --e-global-typography-text-font-size );font-weight:var( --e-global-typography-text-font-weight );text-transform:var( --e-global-typography-text-text-transform );line-height:var( --e-global-typography-text-line-height );}.elementor-widget-call-to-action .elementor-cta__button{font-family:var( --e-global-typography-accent-font-family ), Sans-serif;font-size:var( --e-global-typography-accent-font-size );font-weight:var( --e-global-typography-accent-font-weight );text-transform:var( --e-global-typography-accent-text-transform );line-height:var( --e-global-typography-accent-line-height );}.elementor-widget-call-to-action .elementor-ribbon-inner{background-color:var( --e-global-color-accent );font-family:var( --e-global-typography-accent-font-family ), Sans-serif;font-size:var( --e-global-typography-accent-font-size );font-weight:var( --e-global-typography-accent-font-weight );text-transform:var( --e-global-typography-accent-text-transform );line-height:var( --e-global-typography-accent-line-height );}.elementor-22796 .elementor-element.elementor-element-56bd771 .elementor-cta__content{min-height:350px;text-align:start;padding:1.5rem 1.5rem 1.5rem 1.5rem;}.elementor-22796 .elementor-element.elementor-element-56bd771 .elementor-cta__content-item{transition-duration:500ms;}.elementor-22796 .elementor-element.elementor-element-56bd771.elementor-cta--sequenced-animation .elementor-cta__content-item:nth-child(2){transition-delay:calc( 500ms \/ 3 );}.elementor-22796 .elementor-element.elementor-element-56bd771.elementor-cta--sequenced-animation .elementor-cta__content-item:nth-child(3){transition-delay:calc( ( 500ms \/ 3 ) * 2 );}.elementor-22796 .elementor-element.elementor-element-56bd771.elementor-cta--sequenced-animation .elementor-cta__content-item:nth-child(4){transition-delay:calc( ( 500ms \/ 3 ) * 3 );}.elementor-22796 .elementor-element.elementor-element-56bd771 .elementor-cta:not(:hover) .elementor-cta__bg-overlay{background-color:#00000014;}.elementor-22796 .elementor-element.elementor-element-56bd771 .elementor-cta:hover .elementor-cta__bg-overlay{background-color:#1111118A;}.elementor-22796 .elementor-element.elementor-element-56bd771 .elementor-cta .elementor-cta__bg, .elementor-22796 .elementor-element.elementor-element-56bd771 .elementor-cta .elementor-cta__bg-overlay{transition-duration:800ms;}@media(max-width:1180px){.elementor-widget-call-to-action .elementor-cta__title{font-size:var( --e-global-typography-primary-font-size );line-height:var( --e-global-typography-primary-line-height );}.elementor-widget-call-to-action .elementor-cta__description{font-size:var( --e-global-typography-text-font-size );line-height:var( --e-global-typography-text-line-height );}.elementor-widget-call-to-action .elementor-cta__button{font-size:var( --e-global-typography-accent-font-size );line-height:var( --e-global-typography-accent-line-height );}.elementor-widget-call-to-action .elementor-ribbon-inner{font-size:var( --e-global-typography-accent-font-size );line-height:var( --e-global-typography-accent-line-height );}}@media(max-width:767px){.elementor-widget-call-to-action .elementor-cta__title{font-size:var( --e-global-typography-primary-font-size );line-height:var( --e-global-typography-primary-line-height );}.elementor-widget-call-to-action .elementor-cta__description{font-size:var( --e-global-typography-text-font-size );line-height:var( --e-global-typography-text-line-height );}.elementor-widget-call-to-action .elementor-cta__button{font-size:var( --e-global-typography-accent-font-size );line-height:var( --e-global-typography-accent-line-height );}.elementor-widget-call-to-action .elementor-ribbon-inner{font-size:var( --e-global-typography-accent-font-size );line-height:var( --e-global-typography-accent-line-height );}}<\/style>\t\t<div data-elementor-type=\"loop-item\" data-elementor-id=\"22796\" class=\"elementor elementor-22796 elementor-5200 elementor-5200 swiper-slide e-loop-item e-loop-item-25212 post-25212 referenzen type-referenzen status-publish has-post-thumbnail hentry referenz-anwendung-escaleras\" data-elementor-post-type=\"elementor_library\" role=\"group\" aria-roledescription=\"slide\" data-custom-edit-handle=\"1\">\n\t\t\t<div class=\"elementor-element elementor-element-e7b9423 e-con-full e-flex e-con e-parent\" data-id=\"e7b9423\" data-element_type=\"container\" data-e-type=\"container\" data-settings=\"{&quot;jet_parallax_layout_list&quot;:[]}\">\n\t\t\t\t<div class=\"elementor-element elementor-element-56bd771 elementor-cta--skin-cover elementor-cta--valign-bottom elementor-animated-content elementor-bg-transform elementor-bg-transform-zoom-in elementor-widget elementor-widget-call-to-action\" data-id=\"56bd771\" data-element_type=\"widget\" data-e-type=\"widget\" data-widget_type=\"call-to-action.default\">\n\t\t\t\t<div class=\"elementor-widget-container\">\n\t\t\t\t\t\t\t<a class=\"elementor-cta\" href=\"https:\/\/www2.lichtgitter.com\/es\/referencias\/escalera-helicoidal-oldenburg\/\">\n\t\t\t\t\t<div class=\"elementor-cta__bg-wrapper\">\n\t\t\t\t<div class=\"elementor-cta__bg elementor-bg\" style=\"background-image: url(https:\/\/www2.lichtgitter.com\/wp-content\/uploads\/2025\/11\/LIC_Oldenburg-Treppe-2024-7545-RGB-LowRes-1024x683.jpg);\" role=\"img\" aria-label=\"LIC_Oldenburg-Treppe-2024-7545-RGB-LowRes\"><\/div>\n\t\t\t\t<div class=\"elementor-cta__bg-overlay\"><\/div>\n\t\t\t<\/div>\n\t\t\t\t\t\t\t<div class=\"elementor-cta__content\">\n\t\t\t\t\n\t\t\t\t\n\t\t\t\t\t\t\t\t\t<div class=\"elementor-cta__description elementor-cta__content-item elementor-content-item elementor-animated-item--enter-from-left\">\n\t\t\t\t\t\t<b>Proyecto:<\/b> Escalera helicoidal Oldenburg<br><b>Aplicaciones:<\/b> Escaleras<br><b>Producto:<\/b> Escalera helicoidal tipo SPEZIAL\t\t\t\t\t<\/div>\n\t\t\t\t\n\t\t\t\t\t\t\t<\/div>\n\t\t\t\t\t\t<\/a>\n\t\t\t\t\t\t<\/div>\n\t\t\t\t<\/div>\n\t\t\t\t<\/div>\n\t\t\t\t<\/div>\n\t\t\t\t<div data-elementor-type=\"loop-item\" data-elementor-id=\"22796\" class=\"elementor elementor-22796 elementor-5200 elementor-5200 swiper-slide e-loop-item e-loop-item-25198 post-25198 referenzen type-referenzen status-publish has-post-thumbnail hentry referenz-anwendung-escaleras\" data-elementor-post-type=\"elementor_library\" role=\"group\" aria-roledescription=\"slide\" data-custom-edit-handle=\"1\">\n\t\t\t<div class=\"elementor-element elementor-element-e7b9423 e-con-full e-flex e-con e-parent\" data-id=\"e7b9423\" data-element_type=\"container\" data-e-type=\"container\" data-settings=\"{&quot;jet_parallax_layout_list&quot;:[]}\">\n\t\t\t\t<div class=\"elementor-element elementor-element-56bd771 elementor-cta--skin-cover elementor-cta--valign-bottom elementor-animated-content elementor-bg-transform elementor-bg-transform-zoom-in elementor-widget elementor-widget-call-to-action\" data-id=\"56bd771\" data-element_type=\"widget\" data-e-type=\"widget\" data-widget_type=\"call-to-action.default\">\n\t\t\t\t<div class=\"elementor-widget-container\">\n\t\t\t\t\t\t\t<a class=\"elementor-cta\" href=\"https:\/\/www2.lichtgitter.com\/es\/referencias\/escalera-helicoidal-rosenheim\/\">\n\t\t\t\t\t<div class=\"elementor-cta__bg-wrapper\">\n\t\t\t\t<div class=\"elementor-cta__bg elementor-bg\" style=\"background-image: url(https:\/\/www2.lichtgitter.com\/wp-content\/uploads\/2025\/11\/LIC_1789-RGB-Lowres1-1024x494.jpg);\" role=\"img\" aria-label=\"LIC_1789-RGB-Lowres1\"><\/div>\n\t\t\t\t<div class=\"elementor-cta__bg-overlay\"><\/div>\n\t\t\t<\/div>\n\t\t\t\t\t\t\t<div class=\"elementor-cta__content\">\n\t\t\t\t\n\t\t\t\t\n\t\t\t\t\t\t\t\t\t<div class=\"elementor-cta__description elementor-cta__content-item elementor-content-item elementor-animated-item--enter-from-left\">\n\t\t\t\t\t\t<b>Proyecto:<\/b> Escalera helicoidal Rosenheim<br><b>Aplicaciones:<\/b> Escaleras<br><b>Producto:<\/b> Escalera helicoidal tipo SPEZIAL\t\t\t\t\t<\/div>\n\t\t\t\t\n\t\t\t\t\t\t\t<\/div>\n\t\t\t\t\t\t<\/a>\n\t\t\t\t\t\t<\/div>\n\t\t\t\t<\/div>\n\t\t\t\t<\/div>\n\t\t\t\t<\/div>\n\t\t\t\t<div data-elementor-type=\"loop-item\" data-elementor-id=\"22796\" class=\"elementor elementor-22796 elementor-5200 elementor-5200 swiper-slide e-loop-item e-loop-item-25275 post-25275 referenzen type-referenzen status-publish has-post-thumbnail hentry referenz-anwendung-embarcaderos\" data-elementor-post-type=\"elementor_library\" role=\"group\" aria-roledescription=\"slide\" data-custom-edit-handle=\"1\">\n\t\t\t<div class=\"elementor-element elementor-element-e7b9423 e-con-full e-flex e-con e-parent\" data-id=\"e7b9423\" data-element_type=\"container\" data-e-type=\"container\" data-settings=\"{&quot;jet_parallax_layout_list&quot;:[]}\">\n\t\t\t\t<div class=\"elementor-element elementor-element-56bd771 elementor-cta--skin-cover elementor-cta--valign-bottom elementor-animated-content elementor-bg-transform elementor-bg-transform-zoom-in elementor-widget elementor-widget-call-to-action\" data-id=\"56bd771\" data-element_type=\"widget\" data-e-type=\"widget\" data-widget_type=\"call-to-action.default\">\n\t\t\t\t<div class=\"elementor-widget-container\">\n\t\t\t\t\t\t\t<a class=\"elementor-cta\" href=\"https:\/\/www2.lichtgitter.com\/es\/referencias\/rejas-de-bar-moehnesee\/\">\n\t\t\t\t\t<div class=\"elementor-cta__bg-wrapper\">\n\t\t\t\t<div class=\"elementor-cta__bg elementor-bg\" style=\"background-image: url(https:\/\/www2.lichtgitter.com\/wp-content\/uploads\/2025\/11\/LIC_Mo\u2560ehnesee09-Kopie-1024x685.jpg);\" role=\"img\" aria-label=\"LIC_Mo\u2560\u00eahnesee09 Kopie\"><\/div>\n\t\t\t\t<div class=\"elementor-cta__bg-overlay\"><\/div>\n\t\t\t<\/div>\n\t\t\t\t\t\t\t<div class=\"elementor-cta__content\">\n\t\t\t\t\n\t\t\t\t\n\t\t\t\t\t\t\t\t\t<div class=\"elementor-cta__description elementor-cta__content-item elementor-content-item elementor-animated-item--enter-from-left\">\n\t\t\t\t\t\t<b>Proyecto:<\/b> Rejas de bar M\u00f6hnesee<br><b>Aplicaciones:<\/b> Embarcaderos<br><b>Producto:<\/b> Rejillas de pisar descalzo \/ rejillas de barra, Rejillas prensadas\t\t\t\t\t<\/div>\n\t\t\t\t\n\t\t\t\t\t\t\t<\/div>\n\t\t\t\t\t\t<\/a>\n\t\t\t\t\t\t<\/div>\n\t\t\t\t<\/div>\n\t\t\t\t<\/div>\n\t\t\t\t<\/div>\n\t\t\t\t<div data-elementor-type=\"loop-item\" data-elementor-id=\"22796\" class=\"elementor elementor-22796 elementor-5200 elementor-5200 swiper-slide e-loop-item e-loop-item-25282 post-25282 referenzen type-referenzen status-publish has-post-thumbnail hentry referenz-anwendung-regal-und-buehnenbelaege\" data-elementor-post-type=\"elementor_library\" role=\"group\" aria-roledescription=\"slide\" data-custom-edit-handle=\"1\">\n\t\t\t<div class=\"elementor-element elementor-element-e7b9423 e-con-full e-flex e-con e-parent\" data-id=\"e7b9423\" data-element_type=\"container\" data-e-type=\"container\" data-settings=\"{&quot;jet_parallax_layout_list&quot;:[]}\">\n\t\t\t\t<div class=\"elementor-element elementor-element-56bd771 elementor-cta--skin-cover elementor-cta--valign-bottom elementor-animated-content elementor-bg-transform elementor-bg-transform-zoom-in elementor-widget elementor-widget-call-to-action\" data-id=\"56bd771\" data-element_type=\"widget\" data-e-type=\"widget\" data-widget_type=\"call-to-action.default\">\n\t\t\t\t<div class=\"elementor-widget-container\">\n\t\t\t\t\t\t\t<a class=\"elementor-cta\" href=\"https:\/\/www2.lichtgitter.com\/es\/referencias\/almacen-legden\/\">\n\t\t\t\t\t<div class=\"elementor-cta__bg-wrapper\">\n\t\t\t\t<div class=\"elementor-cta__bg elementor-bg\" style=\"background-image: url(https:\/\/www2.lichtgitter.com\/wp-content\/uploads\/2025\/11\/LIC_Stapelbroek-2025-3253-RGB-LowRes-1024x683.jpg);\" role=\"img\" aria-label=\"LIC_Stapelbroek-2025-3253-RGB-LowRes\"><\/div>\n\t\t\t\t<div class=\"elementor-cta__bg-overlay\"><\/div>\n\t\t\t<\/div>\n\t\t\t\t\t\t\t<div class=\"elementor-cta__content\">\n\t\t\t\t\n\t\t\t\t\n\t\t\t\t\t\t\t\t\t<div class=\"elementor-cta__description elementor-cta__content-item elementor-content-item elementor-animated-item--enter-from-left\">\n\t\t\t\t\t\t<b>Proyecto:<\/b> Almac\u00e9n, Legden<br><b>Aplicaciones:<\/b> Regal- und B\u00fchnenbel\u00e4ge<br><b>Producto:<\/b> Rejillas para estanter\u00edas hechas de rejillas met\u00e1licas, Rejillas prensadas\t\t\t\t\t<\/div>\n\t\t\t\t\n\t\t\t\t\t\t\t<\/div>\n\t\t\t\t\t\t<\/a>\n\t\t\t\t\t\t<\/div>\n\t\t\t\t<\/div>\n\t\t\t\t<\/div>\n\t\t\t\t<\/div>\n\t\t\t\t<div data-elementor-type=\"loop-item\" data-elementor-id=\"22796\" class=\"elementor elementor-22796 elementor-5200 elementor-5200 swiper-slide e-loop-item e-loop-item-25358 post-25358 referenzen type-referenzen status-publish has-post-thumbnail hentry referenz-anwendung-recubrimiento-de-fachada\" data-elementor-post-type=\"elementor_library\" role=\"group\" aria-roledescription=\"slide\" data-custom-edit-handle=\"1\">\n\t\t\t<div class=\"elementor-element elementor-element-e7b9423 e-con-full e-flex e-con e-parent\" data-id=\"e7b9423\" data-element_type=\"container\" data-e-type=\"container\" data-settings=\"{&quot;jet_parallax_layout_list&quot;:[]}\">\n\t\t\t\t<div class=\"elementor-element elementor-element-56bd771 elementor-cta--skin-cover elementor-cta--valign-bottom elementor-animated-content elementor-bg-transform elementor-bg-transform-zoom-in elementor-widget elementor-widget-call-to-action\" data-id=\"56bd771\" data-element_type=\"widget\" data-e-type=\"widget\" data-widget_type=\"call-to-action.default\">\n\t\t\t\t<div class=\"elementor-widget-container\">\n\t\t\t\t\t\t\t<a class=\"elementor-cta\" href=\"https:\/\/www2.lichtgitter.com\/es\/referencias\/centro-mona-munich\/\">\n\t\t\t\t\t<div class=\"elementor-cta__bg-wrapper\">\n\t\t\t\t<div class=\"elementor-cta__bg elementor-bg\" style=\"background-image: url(https:\/\/www2.lichtgitter.com\/wp-content\/uploads\/2025\/11\/DSC9371_klein-1024x683.jpg);\" role=\"img\" aria-label=\"_DSC9371_klein\"><\/div>\n\t\t\t\t<div class=\"elementor-cta__bg-overlay\"><\/div>\n\t\t\t<\/div>\n\t\t\t\t\t\t\t<div class=\"elementor-cta__content\">\n\t\t\t\t\n\t\t\t\t\n\t\t\t\t\t\t\t\t\t<div class=\"elementor-cta__description elementor-cta__content-item elementor-content-item elementor-animated-item--enter-from-left\">\n\t\t\t\t\t\t<b>Proyecto:<\/b> Centro MONA, M\u00fanich<br><b>Aplicaciones:<\/b> recubrimiento de fachada<br><b>Producto:<\/b> Rejillas prensadas\t\t\t\t\t<\/div>\n\t\t\t\t\n\t\t\t\t\t\t\t<\/div>\n\t\t\t\t\t\t<\/a>\n\t\t\t\t\t\t<\/div>\n\t\t\t\t<\/div>\n\t\t\t\t<\/div>\n\t\t\t\t<\/div>\n\t\t\t\t<div data-elementor-type=\"loop-item\" data-elementor-id=\"22796\" class=\"elementor elementor-22796 elementor-5200 elementor-5200 swiper-slide e-loop-item e-loop-item-25376 post-25376 referenzen type-referenzen status-publish has-post-thumbnail hentry referenz-anwendung-regal-und-buehnenbelaege\" data-elementor-post-type=\"elementor_library\" role=\"group\" aria-roledescription=\"slide\" data-custom-edit-handle=\"1\">\n\t\t\t<div class=\"elementor-element elementor-element-e7b9423 e-con-full e-flex e-con e-parent\" data-id=\"e7b9423\" data-element_type=\"container\" data-e-type=\"container\" data-settings=\"{&quot;jet_parallax_layout_list&quot;:[]}\">\n\t\t\t\t<div class=\"elementor-element elementor-element-56bd771 elementor-cta--skin-cover elementor-cta--valign-bottom elementor-animated-content elementor-bg-transform elementor-bg-transform-zoom-in elementor-widget elementor-widget-call-to-action\" data-id=\"56bd771\" data-element_type=\"widget\" data-e-type=\"widget\" data-widget_type=\"call-to-action.default\">\n\t\t\t\t<div class=\"elementor-widget-container\">\n\t\t\t\t\t\t\t<a class=\"elementor-cta\" href=\"https:\/\/www2.lichtgitter.com\/es\/referencias\/almacen-telgte\/\">\n\t\t\t\t\t<div class=\"elementor-cta__bg-wrapper\">\n\t\t\t\t<div class=\"elementor-cta__bg elementor-bg\" style=\"background-image: url(https:\/\/www2.lichtgitter.com\/wp-content\/uploads\/2025\/10\/LIC_Telgte-Bolle-2025-2321-RGB-LowRes-1024x683.jpg);\" role=\"img\" aria-label=\"LIC_Telgte-Bolle-2025-2321-RGB-LowRes\"><\/div>\n\t\t\t\t<div class=\"elementor-cta__bg-overlay\"><\/div>\n\t\t\t<\/div>\n\t\t\t\t\t\t\t<div class=\"elementor-cta__content\">\n\t\t\t\t\n\t\t\t\t\n\t\t\t\t\t\t\t\t\t<div class=\"elementor-cta__description elementor-cta__content-item elementor-content-item elementor-animated-item--enter-from-left\">\n\t\t\t\t\t\t<b>Proyecto:<\/b> Almac\u00e9n, Telgte<br><b>Aplicaciones:<\/b> Regal- und B\u00fchnenbel\u00e4ge<br><b>Producto:<\/b> Rejillas para estanter\u00edas hechas de rejillas met\u00e1licas, Rejillas prensadas\t\t\t\t\t<\/div>\n\t\t\t\t\n\t\t\t\t\t\t\t<\/div>\n\t\t\t\t\t\t<\/a>\n\t\t\t\t\t\t<\/div>\n\t\t\t\t<\/div>\n\t\t\t\t<\/div>\n\t\t\t\t<\/div>\n\t\t\t\t<div data-elementor-type=\"loop-item\" data-elementor-id=\"22796\" class=\"elementor elementor-22796 elementor-5200 elementor-5200 swiper-slide e-loop-item e-loop-item-25416 post-25416 referenzen type-referenzen status-publish has-post-thumbnail hentry referenz-anwendung-bodenbelaege referenz-anwendung-spezielle-anwendungen\" data-elementor-post-type=\"elementor_library\" role=\"group\" aria-roledescription=\"slide\" data-custom-edit-handle=\"1\">\n\t\t\t<div class=\"elementor-element elementor-element-e7b9423 e-con-full e-flex e-con e-parent\" data-id=\"e7b9423\" data-element_type=\"container\" data-e-type=\"container\" data-settings=\"{&quot;jet_parallax_layout_list&quot;:[]}\">\n\t\t\t\t<div class=\"elementor-element elementor-element-56bd771 elementor-cta--skin-cover elementor-cta--valign-bottom elementor-animated-content elementor-bg-transform elementor-bg-transform-zoom-in elementor-widget elementor-widget-call-to-action\" data-id=\"56bd771\" data-element_type=\"widget\" data-e-type=\"widget\" data-widget_type=\"call-to-action.default\">\n\t\t\t\t<div class=\"elementor-widget-container\">\n\t\t\t\t\t\t\t<a class=\"elementor-cta\" href=\"https:\/\/www2.lichtgitter.com\/es\/referencias\/megahub-lehrte\/\">\n\t\t\t\t\t<div class=\"elementor-cta__bg-wrapper\">\n\t\t\t\t<div class=\"elementor-cta__bg elementor-bg\" style=\"background-image: url(https:\/\/www2.lichtgitter.com\/wp-content\/uploads\/2025\/08\/gfkgitterrost-megahub-lehrte-1024x683.jpg);\" role=\"img\" aria-label=\"gfkgrating-megahub-lehrte\"><\/div>\n\t\t\t\t<div class=\"elementor-cta__bg-overlay\"><\/div>\n\t\t\t<\/div>\n\t\t\t\t\t\t\t<div class=\"elementor-cta__content\">\n\t\t\t\t\n\t\t\t\t\n\t\t\t\t\t\t\t\t\t<div class=\"elementor-cta__description elementor-cta__content-item elementor-content-item elementor-animated-item--enter-from-left\">\n\t\t\t\t\t\t<b>Proyecto:<\/b> MegaHub, Lehrte<br><b>Aplicaciones:<\/b> Bodenbel\u00e4ge, Spezielle Anwendungen<br><b>Producto:<\/b> Rejillas met\u00e1licas - c\u00f3ncavas\t\t\t\t\t<\/div>\n\t\t\t\t\n\t\t\t\t\t\t\t<\/div>\n\t\t\t\t\t\t<\/a>\n\t\t\t\t\t\t<\/div>\n\t\t\t\t<\/div>\n\t\t\t\t<\/div>\n\t\t\t\t<\/div>\n\t\t\t\t<div data-elementor-type=\"loop-item\" data-elementor-id=\"22796\" class=\"elementor elementor-22796 elementor-5200 elementor-5200 swiper-slide e-loop-item e-loop-item-25415 post-25415 referenzen type-referenzen status-publish has-post-thumbnail hentry referenz-anwendung-recubrimiento-de-fachada\" data-elementor-post-type=\"elementor_library\" role=\"group\" aria-roledescription=\"slide\" data-custom-edit-handle=\"1\">\n\t\t\t<div class=\"elementor-element elementor-element-e7b9423 e-con-full e-flex e-con e-parent\" data-id=\"e7b9423\" data-element_type=\"container\" data-e-type=\"container\" data-settings=\"{&quot;jet_parallax_layout_list&quot;:[]}\">\n\t\t\t\t<div class=\"elementor-element elementor-element-56bd771 elementor-cta--skin-cover elementor-cta--valign-bottom elementor-animated-content elementor-bg-transform elementor-bg-transform-zoom-in elementor-widget elementor-widget-call-to-action\" data-id=\"56bd771\" data-element_type=\"widget\" data-e-type=\"widget\" data-widget_type=\"call-to-action.default\">\n\t\t\t\t<div class=\"elementor-widget-container\">\n\t\t\t\t\t\t\t<a class=\"elementor-cta\" href=\"https:\/\/www2.lichtgitter.com\/es\/referencias\/instituto-max-planck-dresde\/\">\n\t\t\t\t\t<div class=\"elementor-cta__bg-wrapper\">\n\t\t\t\t<div class=\"elementor-cta__bg elementor-bg\" style=\"background-image: url(https:\/\/www2.lichtgitter.com\/wp-content\/uploads\/2025\/08\/LIC_DD-M-Planck08-1024x685.jpg);\" role=\"img\" aria-label=\"LIC_DD-M-Planck08\"><\/div>\n\t\t\t\t<div class=\"elementor-cta__bg-overlay\"><\/div>\n\t\t\t<\/div>\n\t\t\t\t\t\t\t<div class=\"elementor-cta__content\">\n\t\t\t\t\n\t\t\t\t\n\t\t\t\t\t\t\t\t\t<div class=\"elementor-cta__description elementor-cta__content-item elementor-content-item elementor-animated-item--enter-from-left\">\n\t\t\t\t\t\t<b>Proyecto:<\/b> Instituto Max Planck, Dresde<br><b>Aplicaciones:<\/b> recubrimiento de fachada<br><b>Producto:<\/b> Rejillas prensadas\t\t\t\t\t<\/div>\n\t\t\t\t\n\t\t\t\t\t\t\t<\/div>\n\t\t\t\t\t\t<\/a>\n\t\t\t\t\t\t<\/div>\n\t\t\t\t<\/div>\n\t\t\t\t<\/div>\n\t\t\t\t<\/div>\n\t\t\t\t<div data-elementor-type=\"loop-item\" data-elementor-id=\"22796\" class=\"elementor elementor-22796 elementor-5200 elementor-5200 swiper-slide e-loop-item e-loop-item-24598 post-24598 referenzen type-referenzen status-publish has-post-thumbnail hentry referenz-anwendung-bodenbelaege\" data-elementor-post-type=\"elementor_library\" role=\"group\" aria-roledescription=\"slide\" data-custom-edit-handle=\"1\">\n\t\t\t<div class=\"elementor-element elementor-element-e7b9423 e-con-full e-flex e-con e-parent\" data-id=\"e7b9423\" data-element_type=\"container\" data-e-type=\"container\" data-settings=\"{&quot;jet_parallax_layout_list&quot;:[]}\">\n\t\t\t\t<div class=\"elementor-element elementor-element-56bd771 elementor-cta--skin-cover elementor-cta--valign-bottom elementor-animated-content elementor-bg-transform elementor-bg-transform-zoom-in elementor-widget elementor-widget-call-to-action\" data-id=\"56bd771\" data-element_type=\"widget\" data-e-type=\"widget\" data-widget_type=\"call-to-action.default\">\n\t\t\t\t<div class=\"elementor-widget-container\">\n\t\t\t\t\t\t\t<a class=\"elementor-cta\" href=\"https:\/\/www2.lichtgitter.com\/es\/referencias\/terraza-exterior-de-un-edificio-de-oficinas\/\">\n\t\t\t\t\t<div class=\"elementor-cta__bg-wrapper\">\n\t\t\t\t<div class=\"elementor-cta__bg elementor-bg\" style=\"background-image: url(https:\/\/www2.lichtgitter.com\/wp-content\/uploads\/2025\/08\/LIC_MS-Kresing03-1-1024x685.jpg);\" role=\"img\" aria-label=\"LIC_MS-Kresing03\"><\/div>\n\t\t\t\t<div class=\"elementor-cta__bg-overlay\"><\/div>\n\t\t\t<\/div>\n\t\t\t\t\t\t\t<div class=\"elementor-cta__content\">\n\t\t\t\t\n\t\t\t\t\n\t\t\t\t\t\t\t\t\t<div class=\"elementor-cta__description elementor-cta__content-item elementor-content-item elementor-animated-item--enter-from-left\">\n\t\t\t\t\t\t<b>Proyecto:<\/b> Terraza exterior de un edificio de oficinas<br><b>Aplicaciones:<\/b> Bodenbel\u00e4ge<br><b>Producto:<\/b> Rejillas prensadas\t\t\t\t\t<\/div>\n\t\t\t\t\n\t\t\t\t\t\t\t<\/div>\n\t\t\t\t\t\t<\/a>\n\t\t\t\t\t\t<\/div>\n\t\t\t\t<\/div>\n\t\t\t\t<\/div>\n\t\t\t\t<\/div>\n\t\t\t\t<div data-elementor-type=\"loop-item\" data-elementor-id=\"22796\" class=\"elementor elementor-22796 elementor-5200 elementor-5200 swiper-slide e-loop-item e-loop-item-24599 post-24599 referenzen type-referenzen status-publish has-post-thumbnail hentry referenz-anwendung-regal-und-buehnenbelaege\" data-elementor-post-type=\"elementor_library\" role=\"group\" aria-roledescription=\"slide\" data-custom-edit-handle=\"1\">\n\t\t\t<div class=\"elementor-element elementor-element-e7b9423 e-con-full e-flex e-con e-parent\" data-id=\"e7b9423\" data-element_type=\"container\" data-e-type=\"container\" data-settings=\"{&quot;jet_parallax_layout_list&quot;:[]}\">\n\t\t\t\t<div class=\"elementor-element elementor-element-56bd771 elementor-cta--skin-cover elementor-cta--valign-bottom elementor-animated-content elementor-bg-transform elementor-bg-transform-zoom-in elementor-widget elementor-widget-call-to-action\" data-id=\"56bd771\" data-element_type=\"widget\" data-e-type=\"widget\" data-widget_type=\"call-to-action.default\">\n\t\t\t\t<div class=\"elementor-widget-container\">\n\t\t\t\t\t\t\t<a class=\"elementor-cta\" href=\"https:\/\/www2.lichtgitter.com\/es\/referencias\/estantes-cantilever\/\">\n\t\t\t\t\t<div class=\"elementor-cta__bg-wrapper\">\n\t\t\t\t<div class=\"elementor-cta__bg elementor-bg\" style=\"background-image: url(https:\/\/www2.lichtgitter.com\/wp-content\/uploads\/2025\/08\/MG_7560_DxO-1-1024x683.jpg);\" role=\"img\" aria-label=\"MG_7560_DxO\"><\/div>\n\t\t\t\t<div class=\"elementor-cta__bg-overlay\"><\/div>\n\t\t\t<\/div>\n\t\t\t\t\t\t\t<div class=\"elementor-cta__content\">\n\t\t\t\t\n\t\t\t\t\n\t\t\t\t\t\t\t\t\t<div class=\"elementor-cta__description elementor-cta__content-item elementor-content-item elementor-animated-item--enter-from-left\">\n\t\t\t\t\t\t<b>Proyecto:<\/b> Estantes cant\u00edlever<br><b>Aplicaciones:<\/b> Regal- und B\u00fchnenbel\u00e4ge<br><b>Producto:<\/b> Rejillas para estanter\u00edas fabricadas con rejillas de piso de chapa perforada, Rejilla de chapa perfilada tipo BP-oN\t\t\t\t\t<\/div>\n\t\t\t\t\n\t\t\t\t\t\t\t<\/div>\n\t\t\t\t\t\t<\/a>\n\t\t\t\t\t\t<\/div>\n\t\t\t\t<\/div>\n\t\t\t\t<\/div>\n\t\t\t\t<\/div>\n\t\t\t\t<div data-elementor-type=\"loop-item\" data-elementor-id=\"22796\" class=\"elementor elementor-22796 elementor-5200 elementor-5200 swiper-slide e-loop-item e-loop-item-24609 post-24609 referenzen type-referenzen status-publish has-post-thumbnail hentry referenz-anwendung-laufstege referenz-anwendung-bodenbelaege referenz-anwendung-gelaender\" data-elementor-post-type=\"elementor_library\" role=\"group\" aria-roledescription=\"slide\" data-custom-edit-handle=\"1\">\n\t\t\t<div class=\"elementor-element elementor-element-e7b9423 e-con-full e-flex e-con e-parent\" data-id=\"e7b9423\" data-element_type=\"container\" data-e-type=\"container\" data-settings=\"{&quot;jet_parallax_layout_list&quot;:[]}\">\n\t\t\t\t<div class=\"elementor-element elementor-element-56bd771 elementor-cta--skin-cover elementor-cta--valign-bottom elementor-animated-content elementor-bg-transform elementor-bg-transform-zoom-in elementor-widget elementor-widget-call-to-action\" data-id=\"56bd771\" data-element_type=\"widget\" data-e-type=\"widget\" data-widget_type=\"call-to-action.default\">\n\t\t\t\t<div class=\"elementor-widget-container\">\n\t\t\t\t\t\t\t<a class=\"elementor-cta\" href=\"https:\/\/www2.lichtgitter.com\/es\/referencias\/central-electrica\/\">\n\t\t\t\t\t<div class=\"elementor-cta__bg-wrapper\">\n\t\t\t\t<div class=\"elementor-cta__bg elementor-bg\" style=\"background-image: url(https:\/\/www2.lichtgitter.com\/wp-content\/uploads\/2025\/08\/LIC_3945-BD-4c-1024x683.jpg);\" role=\"img\" aria-label=\"LIC_3945-BD-4c\"><\/div>\n\t\t\t\t<div class=\"elementor-cta__bg-overlay\"><\/div>\n\t\t\t<\/div>\n\t\t\t\t\t\t\t<div class=\"elementor-cta__content\">\n\t\t\t\t\n\t\t\t\t\n\t\t\t\t\t\t\t\t\t<div class=\"elementor-cta__description elementor-cta__content-item elementor-content-item elementor-animated-item--enter-from-left\">\n\t\t\t\t\t\t<b>Proyecto:<\/b> Central el\u00e9ctrica<br><b>Aplicaciones:<\/b> Bodenbel\u00e4ge, Gel\u00e4nder, Laufstege<br><b>Producto:<\/b> Pelda\u00f1os de rejilla electrosoldada, Rejillas met\u00e1licas - c\u00f3ncavas, Rejillas prensadas soldadas\t\t\t\t\t<\/div>\n\t\t\t\t\n\t\t\t\t\t\t\t<\/div>\n\t\t\t\t\t\t<\/a>\n\t\t\t\t\t\t<\/div>\n\t\t\t\t<\/div>\n\t\t\t\t<\/div>\n\t\t\t\t<\/div>\n\t\t\t\t<div data-elementor-type=\"loop-item\" data-elementor-id=\"22796\" class=\"elementor elementor-22796 elementor-5200 elementor-5200 swiper-slide e-loop-item e-loop-item-24608 post-24608 referenzen type-referenzen status-publish has-post-thumbnail hentry referenz-anwendung-bodenbelaege referenz-anwendung-spezielle-anwendungen\" data-elementor-post-type=\"elementor_library\" role=\"group\" aria-roledescription=\"slide\" data-custom-edit-handle=\"1\">\n\t\t\t<div class=\"elementor-element elementor-element-e7b9423 e-con-full e-flex e-con e-parent\" data-id=\"e7b9423\" data-element_type=\"container\" data-e-type=\"container\" data-settings=\"{&quot;jet_parallax_layout_list&quot;:[]}\">\n\t\t\t\t<div class=\"elementor-element elementor-element-56bd771 elementor-cta--skin-cover elementor-cta--valign-bottom elementor-animated-content elementor-bg-transform elementor-bg-transform-zoom-in elementor-widget elementor-widget-call-to-action\" data-id=\"56bd771\" data-element_type=\"widget\" data-e-type=\"widget\" data-widget_type=\"call-to-action.default\">\n\t\t\t\t<div class=\"elementor-widget-container\">\n\t\t\t\t\t\t\t<a class=\"elementor-cta\" href=\"https:\/\/www2.lichtgitter.com\/es\/referencias\/sistema-de-limpieza-interior-ira-frankfurt\/\">\n\t\t\t\t\t<div class=\"elementor-cta__bg-wrapper\">\n\t\t\t\t<div class=\"elementor-cta__bg elementor-bg\" style=\"background-image: url(https:\/\/www2.lichtgitter.com\/wp-content\/uploads\/2025\/08\/LIC-0729-BD-4c-1024x683.jpg);\" role=\"img\" aria-label=\"LIC-0729-BD-4c\"><\/div>\n\t\t\t\t<div class=\"elementor-cta__bg-overlay\"><\/div>\n\t\t\t<\/div>\n\t\t\t\t\t\t\t<div class=\"elementor-cta__content\">\n\t\t\t\t\n\t\t\t\t\n\t\t\t\t\t\t\t\t\t<div class=\"elementor-cta__description elementor-cta__content-item elementor-content-item elementor-animated-item--enter-from-left\">\n\t\t\t\t\t\t<b>Proyecto:<\/b> Sistema de limpieza interior (IRA), Frankfurt<br><b>Aplicaciones:<\/b> Bodenbel\u00e4ge, Spezielle Anwendungen<br><b>Producto:<\/b> Rejillas met\u00e1licas - c\u00f3ncavas\t\t\t\t\t<\/div>\n\t\t\t\t\n\t\t\t\t\t\t\t<\/div>\n\t\t\t\t\t\t<\/a>\n\t\t\t\t\t\t<\/div>\n\t\t\t\t<\/div>\n\t\t\t\t<\/div>\n\t\t\t\t<\/div>\n\t\t\t\t<div data-elementor-type=\"loop-item\" data-elementor-id=\"22796\" class=\"elementor elementor-22796 elementor-5200 elementor-5200 swiper-slide e-loop-item e-loop-item-24619 post-24619 referenzen type-referenzen status-publish has-post-thumbnail hentry referenz-anwendung-bodenbelaege\" data-elementor-post-type=\"elementor_library\" role=\"group\" aria-roledescription=\"slide\" data-custom-edit-handle=\"1\">\n\t\t\t<div class=\"elementor-element elementor-element-e7b9423 e-con-full e-flex e-con e-parent\" data-id=\"e7b9423\" data-element_type=\"container\" data-e-type=\"container\" data-settings=\"{&quot;jet_parallax_layout_list&quot;:[]}\">\n\t\t\t\t<div class=\"elementor-element elementor-element-56bd771 elementor-cta--skin-cover elementor-cta--valign-bottom elementor-animated-content elementor-bg-transform elementor-bg-transform-zoom-in elementor-widget elementor-widget-call-to-action\" data-id=\"56bd771\" data-element_type=\"widget\" data-e-type=\"widget\" data-widget_type=\"call-to-action.default\">\n\t\t\t\t<div class=\"elementor-widget-container\">\n\t\t\t\t\t\t\t<a class=\"elementor-cta\" href=\"https:\/\/www2.lichtgitter.com\/es\/referencias\/patio-interior-de-un-edificio-de-oficinas\/\">\n\t\t\t\t\t<div class=\"elementor-cta__bg-wrapper\">\n\t\t\t\t<div class=\"elementor-cta__bg elementor-bg\" style=\"background-image: url(https:\/\/www2.lichtgitter.com\/wp-content\/uploads\/2025\/08\/LIC_DSC3478-BD-4c-1024x683.jpg);\" role=\"img\" aria-label=\"LIC_DSC3478-BD-4c\"><\/div>\n\t\t\t\t<div class=\"elementor-cta__bg-overlay\"><\/div>\n\t\t\t<\/div>\n\t\t\t\t\t\t\t<div class=\"elementor-cta__content\">\n\t\t\t\t\n\t\t\t\t\n\t\t\t\t\t\t\t\t\t<div class=\"elementor-cta__description elementor-cta__content-item elementor-content-item elementor-animated-item--enter-from-left\">\n\t\t\t\t\t\t<b>Proyecto:<\/b> Patio interior de un edificio de oficinas<br><b>Aplicaciones:<\/b> Bodenbel\u00e4ge<br><b>Producto:<\/b> Rejillas prensadas soldadas\t\t\t\t\t<\/div>\n\t\t\t\t\n\t\t\t\t\t\t\t<\/div>\n\t\t\t\t\t\t<\/a>\n\t\t\t\t\t\t<\/div>\n\t\t\t\t<\/div>\n\t\t\t\t<\/div>\n\t\t\t\t<\/div>\n\t\t\t\t<div data-elementor-type=\"loop-item\" data-elementor-id=\"22796\" class=\"elementor elementor-22796 elementor-5200 elementor-5200 swiper-slide e-loop-item e-loop-item-24748 post-24748 referenzen type-referenzen status-publish has-post-thumbnail hentry referenz-anwendung-regal-und-buehnenbelaege\" data-elementor-post-type=\"elementor_library\" role=\"group\" aria-roledescription=\"slide\" data-custom-edit-handle=\"1\">\n\t\t\t<div class=\"elementor-element elementor-element-e7b9423 e-con-full e-flex e-con e-parent\" data-id=\"e7b9423\" data-element_type=\"container\" data-e-type=\"container\" data-settings=\"{&quot;jet_parallax_layout_list&quot;:[]}\">\n\t\t\t\t<div class=\"elementor-element elementor-element-56bd771 elementor-cta--skin-cover elementor-cta--valign-bottom elementor-animated-content elementor-bg-transform elementor-bg-transform-zoom-in elementor-widget elementor-widget-call-to-action\" data-id=\"56bd771\" data-element_type=\"widget\" data-e-type=\"widget\" data-widget_type=\"call-to-action.default\">\n\t\t\t\t<div class=\"elementor-widget-container\">\n\t\t\t\t\t\t\t<a class=\"elementor-cta\" href=\"https:\/\/www2.lichtgitter.com\/es\/referencias\/almacen-de-gran-altura\/\">\n\t\t\t\t\t<div class=\"elementor-cta__bg-wrapper\">\n\t\t\t\t<div class=\"elementor-cta__bg elementor-bg\" style=\"background-image: url(https:\/\/www2.lichtgitter.com\/wp-content\/uploads\/2025\/08\/LIC_DSC2974-BD-4c-1024x683.jpg);\" role=\"img\" aria-label=\"LIC_DSC2974-BD-4c\"><\/div>\n\t\t\t\t<div class=\"elementor-cta__bg-overlay\"><\/div>\n\t\t\t<\/div>\n\t\t\t\t\t\t\t<div class=\"elementor-cta__content\">\n\t\t\t\t\n\t\t\t\t\n\t\t\t\t\t\t\t\t\t<div class=\"elementor-cta__description elementor-cta__content-item elementor-content-item elementor-animated-item--enter-from-left\">\n\t\t\t\t\t\t<b>Proyecto:<\/b> Almac\u00e9n de gran altura<br><b>Aplicaciones:<\/b> Regal- und B\u00fchnenbel\u00e4ge<br><b>Producto:<\/b> Rejillas para estanter\u00edas hechas de rejillas met\u00e1licas, Rejillas prensadas\t\t\t\t\t<\/div>\n\t\t\t\t\n\t\t\t\t\t\t\t<\/div>\n\t\t\t\t\t\t<\/a>\n\t\t\t\t\t\t<\/div>\n\t\t\t\t<\/div>\n\t\t\t\t<\/div>\n\t\t\t\t<\/div>\n\t\t\t\t<div data-elementor-type=\"loop-item\" data-elementor-id=\"22796\" class=\"elementor elementor-22796 elementor-5200 elementor-5200 swiper-slide e-loop-item e-loop-item-24749 post-24749 referenzen type-referenzen status-publish has-post-thumbnail hentry referenz-anwendung-bodenbelaege referenz-anwendung-gelaender\" data-elementor-post-type=\"elementor_library\" role=\"group\" aria-roledescription=\"slide\" data-custom-edit-handle=\"1\">\n\t\t\t<div class=\"elementor-element elementor-element-e7b9423 e-con-full e-flex e-con e-parent\" data-id=\"e7b9423\" data-element_type=\"container\" data-e-type=\"container\" data-settings=\"{&quot;jet_parallax_layout_list&quot;:[]}\">\n\t\t\t\t<div class=\"elementor-element elementor-element-56bd771 elementor-cta--skin-cover elementor-cta--valign-bottom elementor-animated-content elementor-bg-transform elementor-bg-transform-zoom-in elementor-widget elementor-widget-call-to-action\" data-id=\"56bd771\" data-element_type=\"widget\" data-e-type=\"widget\" data-widget_type=\"call-to-action.default\">\n\t\t\t\t<div class=\"elementor-widget-container\">\n\t\t\t\t\t\t\t<a class=\"elementor-cta\" href=\"https:\/\/www2.lichtgitter.com\/es\/referencias\/planta-industrial-emsbueren\/\">\n\t\t\t\t\t<div class=\"elementor-cta__bg-wrapper\">\n\t\t\t\t<div class=\"elementor-cta__bg elementor-bg\" style=\"background-image: url(https:\/\/www2.lichtgitter.com\/wp-content\/uploads\/2025\/08\/LIC_8083_BD-rgb-1024x685.jpg);\" role=\"img\" aria-label=\"LIC_8083_BD-rgb\"><\/div>\n\t\t\t\t<div class=\"elementor-cta__bg-overlay\"><\/div>\n\t\t\t<\/div>\n\t\t\t\t\t\t\t<div class=\"elementor-cta__content\">\n\t\t\t\t\n\t\t\t\t\n\t\t\t\t\t\t\t\t\t<div class=\"elementor-cta__description elementor-cta__content-item elementor-content-item elementor-animated-item--enter-from-left\">\n\t\t\t\t\t\t<b>Proyecto:<\/b> Planta industrial, Emsb\u00fcren<br><b>Aplicaciones:<\/b> Bodenbel\u00e4ge, Gel\u00e4nder<br><b>Producto:<\/b> Rejilla de chapa perfilada tipo BN-O, Rejillas prensadas\t\t\t\t\t<\/div>\n\t\t\t\t\n\t\t\t\t\t\t\t<\/div>\n\t\t\t\t\t\t<\/a>\n\t\t\t\t\t\t<\/div>\n\t\t\t\t<\/div>\n\t\t\t\t<\/div>\n\t\t\t\t<\/div>\n\t\t\t\t<div data-elementor-type=\"loop-item\" data-elementor-id=\"22796\" class=\"elementor elementor-22796 elementor-5200 elementor-5200 swiper-slide e-loop-item e-loop-item-24759 post-24759 referenzen type-referenzen status-publish has-post-thumbnail hentry referenz-anwendung-recubrimiento-de-fachada\" data-elementor-post-type=\"elementor_library\" role=\"group\" aria-roledescription=\"slide\" data-custom-edit-handle=\"1\">\n\t\t\t<div class=\"elementor-element elementor-element-e7b9423 e-con-full e-flex e-con e-parent\" data-id=\"e7b9423\" data-element_type=\"container\" data-e-type=\"container\" data-settings=\"{&quot;jet_parallax_layout_list&quot;:[]}\">\n\t\t\t\t<div class=\"elementor-element elementor-element-56bd771 elementor-cta--skin-cover elementor-cta--valign-bottom elementor-animated-content elementor-bg-transform elementor-bg-transform-zoom-in elementor-widget elementor-widget-call-to-action\" data-id=\"56bd771\" data-element_type=\"widget\" data-e-type=\"widget\" data-widget_type=\"call-to-action.default\">\n\t\t\t\t<div class=\"elementor-widget-container\">\n\t\t\t\t\t\t\t<a class=\"elementor-cta\" href=\"https:\/\/www2.lichtgitter.com\/es\/referencias\/estacion-central-de-wiesbaden\/\">\n\t\t\t\t\t<div class=\"elementor-cta__bg-wrapper\">\n\t\t\t\t<div class=\"elementor-cta__bg elementor-bg\" style=\"background-image: url(https:\/\/www2.lichtgitter.com\/wp-content\/uploads\/2025\/08\/LIC-1024-RGB-lowres-1024x683.jpg);\" role=\"img\" aria-label=\"Techo de chapa ondulada de una estaci\u00f3n de ferrocarril. Hay una pasarela de Rejillas met\u00e1licas entre dos tejados.\"><\/div>\n\t\t\t\t<div class=\"elementor-cta__bg-overlay\"><\/div>\n\t\t\t<\/div>\n\t\t\t\t\t\t\t<div class=\"elementor-cta__content\">\n\t\t\t\t\n\t\t\t\t\n\t\t\t\t\t\t\t\t\t<div class=\"elementor-cta__description elementor-cta__content-item elementor-content-item elementor-animated-item--enter-from-left\">\n\t\t\t\t\t\t<b>Proyecto:<\/b> Estaci\u00f3n Central de Wiesbaden<br><b>Aplicaciones:<\/b> recubrimiento de fachada<br><b>Producto:<\/b> Rejillas prensadas\t\t\t\t\t<\/div>\n\t\t\t\t\n\t\t\t\t\t\t\t<\/div>\n\t\t\t\t\t\t<\/a>\n\t\t\t\t\t\t<\/div>\n\t\t\t\t<\/div>\n\t\t\t\t<\/div>\n\t\t\t\t<\/div>\n\t\t\t\t<div data-elementor-type=\"loop-item\" data-elementor-id=\"22796\" class=\"elementor elementor-22796 elementor-5200 elementor-5200 swiper-slide e-loop-item e-loop-item-24758 post-24758 referenzen type-referenzen status-publish has-post-thumbnail hentry referenz-anwendung-recubrimiento-de-fachada\" data-elementor-post-type=\"elementor_library\" role=\"group\" aria-roledescription=\"slide\" data-custom-edit-handle=\"1\">\n\t\t\t<div class=\"elementor-element elementor-element-e7b9423 e-con-full e-flex e-con e-parent\" data-id=\"e7b9423\" data-element_type=\"container\" data-e-type=\"container\" data-settings=\"{&quot;jet_parallax_layout_list&quot;:[]}\">\n\t\t\t\t<div class=\"elementor-element elementor-element-56bd771 elementor-cta--skin-cover elementor-cta--valign-bottom elementor-animated-content elementor-bg-transform elementor-bg-transform-zoom-in elementor-widget elementor-widget-call-to-action\" data-id=\"56bd771\" data-element_type=\"widget\" data-e-type=\"widget\" data-widget_type=\"call-to-action.default\">\n\t\t\t\t<div class=\"elementor-widget-container\">\n\t\t\t\t\t\t\t<a class=\"elementor-cta\" href=\"https:\/\/www2.lichtgitter.com\/es\/referencias\/casa-del-generador-muenster\/\">\n\t\t\t\t\t<div class=\"elementor-cta__bg-wrapper\">\n\t\t\t\t<div class=\"elementor-cta__bg elementor-bg\" style=\"background-image: url(https:\/\/www2.lichtgitter.com\/wp-content\/uploads\/2025\/08\/LIC_MS-Coerde08-1024x685.jpg);\" role=\"img\" aria-label=\"Spitzdach aus Gitterrosten, die in der Sonne funkeln.\"><\/div>\n\t\t\t\t<div class=\"elementor-cta__bg-overlay\"><\/div>\n\t\t\t<\/div>\n\t\t\t\t\t\t\t<div class=\"elementor-cta__content\">\n\t\t\t\t\n\t\t\t\t\n\t\t\t\t\t\t\t\t\t<div class=\"elementor-cta__description elementor-cta__content-item elementor-content-item elementor-animated-item--enter-from-left\">\n\t\t\t\t\t\t<b>Proyecto:<\/b> Casa del generador M\u00fcnster<br><b>Aplicaciones:<\/b> recubrimiento de fachada<br><b>Producto:<\/b> Rejillas prensadas\t\t\t\t\t<\/div>\n\t\t\t\t\n\t\t\t\t\t\t\t<\/div>\n\t\t\t\t\t\t<\/a>\n\t\t\t\t\t\t<\/div>\n\t\t\t\t<\/div>\n\t\t\t\t<\/div>\n\t\t\t\t<\/div>\n\t\t\t\t<div data-elementor-type=\"loop-item\" data-elementor-id=\"22796\" class=\"elementor elementor-22796 elementor-5200 elementor-5200 swiper-slide e-loop-item e-loop-item-24768 post-24768 referenzen type-referenzen status-publish has-post-thumbnail hentry referenz-anwendung-recubrimiento-de-fachada\" data-elementor-post-type=\"elementor_library\" role=\"group\" aria-roledescription=\"slide\" data-custom-edit-handle=\"1\">\n\t\t\t<div class=\"elementor-element elementor-element-e7b9423 e-con-full e-flex e-con e-parent\" data-id=\"e7b9423\" data-element_type=\"container\" data-e-type=\"container\" data-settings=\"{&quot;jet_parallax_layout_list&quot;:[]}\">\n\t\t\t\t<div class=\"elementor-element elementor-element-56bd771 elementor-cta--skin-cover elementor-cta--valign-bottom elementor-animated-content elementor-bg-transform elementor-bg-transform-zoom-in elementor-widget elementor-widget-call-to-action\" data-id=\"56bd771\" data-element_type=\"widget\" data-e-type=\"widget\" data-widget_type=\"call-to-action.default\">\n\t\t\t\t<div class=\"elementor-widget-container\">\n\t\t\t\t\t\t\t<a class=\"elementor-cta\" href=\"https:\/\/www2.lichtgitter.com\/es\/referencias\/hanzehoogeschool-groningen\/\">\n\t\t\t\t\t<div class=\"elementor-cta__bg-wrapper\">\n\t\t\t\t<div class=\"elementor-cta__bg elementor-bg\" style=\"background-image: url(https:\/\/www2.lichtgitter.com\/wp-content\/uploads\/2025\/07\/LIC_DSC2816-BD-4c-1024x683.jpg);\" role=\"img\" aria-label=\"Beige gelbliche Fasssade aus transluzenten GFK-Gitterrosten. Die Fassade wird durch einige Fensterreihen unterbrochen und hat ein asymmetrisches ERscheinungsbild\"><\/div>\n\t\t\t\t<div class=\"elementor-cta__bg-overlay\"><\/div>\n\t\t\t<\/div>\n\t\t\t\t\t\t\t<div class=\"elementor-cta__content\">\n\t\t\t\t\n\t\t\t\t\n\t\t\t\t\t\t\t\t\t<div class=\"elementor-cta__description elementor-cta__content-item elementor-content-item elementor-animated-item--enter-from-left\">\n\t\t\t\t\t\t<b>Proyecto:<\/b> Hanzehoogeschool Groningen<br><b>Aplicaciones:<\/b> recubrimiento de fachada<br><b>Producto:<\/b> Rejillas met\u00e1licas - c\u00f3ncavas\t\t\t\t\t<\/div>\n\t\t\t\t\n\t\t\t\t\t\t\t<\/div>\n\t\t\t\t\t\t<\/a>\n\t\t\t\t\t\t<\/div>\n\t\t\t\t<\/div>\n\t\t\t\t<\/div>\n\t\t\t\t<\/div>\n\t\t\t\t<div data-elementor-type=\"loop-item\" data-elementor-id=\"22796\" class=\"elementor elementor-22796 elementor-5200 elementor-5200 swiper-slide e-loop-item e-loop-item-24769 post-24769 referenzen type-referenzen status-publish has-post-thumbnail hentry referenz-anwendung-falso-techo\" data-elementor-post-type=\"elementor_library\" role=\"group\" aria-roledescription=\"slide\" data-custom-edit-handle=\"1\">\n\t\t\t<div class=\"elementor-element elementor-element-e7b9423 e-con-full e-flex e-con e-parent\" data-id=\"e7b9423\" data-element_type=\"container\" data-e-type=\"container\" data-settings=\"{&quot;jet_parallax_layout_list&quot;:[]}\">\n\t\t\t\t<div class=\"elementor-element elementor-element-56bd771 elementor-cta--skin-cover elementor-cta--valign-bottom elementor-animated-content elementor-bg-transform elementor-bg-transform-zoom-in elementor-widget elementor-widget-call-to-action\" data-id=\"56bd771\" data-element_type=\"widget\" data-e-type=\"widget\" data-widget_type=\"call-to-action.default\">\n\t\t\t\t<div class=\"elementor-widget-container\">\n\t\t\t\t\t\t\t<a class=\"elementor-cta\" href=\"https:\/\/www2.lichtgitter.com\/es\/referencias\/memorial-de-sachsenhausen\/\">\n\t\t\t\t\t<div class=\"elementor-cta__bg-wrapper\">\n\t\t\t\t<div class=\"elementor-cta__bg elementor-bg\" style=\"background-image: url(https:\/\/www2.lichtgitter.com\/wp-content\/uploads\/2025\/07\/LIC_Sachsenhsn03-1024x685.jpg);\" role=\"img\" aria-label=\"LIC_Sachsenhsn03\"><\/div>\n\t\t\t\t<div class=\"elementor-cta__bg-overlay\"><\/div>\n\t\t\t<\/div>\n\t\t\t\t\t\t\t<div class=\"elementor-cta__content\">\n\t\t\t\t\n\t\t\t\t\n\t\t\t\t\t\t\t\t\t<div class=\"elementor-cta__description elementor-cta__content-item elementor-content-item elementor-animated-item--enter-from-left\">\n\t\t\t\t\t\t<b>Proyecto:<\/b> Memorial de Sachsenhausen<br><b>Aplicaciones:<\/b> Falso techo<br><b>Producto:<\/b> Rejillas prensadas\t\t\t\t\t<\/div>\n\t\t\t\t\n\t\t\t\t\t\t\t<\/div>\n\t\t\t\t\t\t<\/a>\n\t\t\t\t\t\t<\/div>\n\t\t\t\t<\/div>\n\t\t\t\t<\/div>\n\t\t\t\t<\/div>\n\t\t\t\t<div data-elementor-type=\"loop-item\" data-elementor-id=\"22796\" class=\"elementor elementor-22796 elementor-5200 elementor-5200 swiper-slide e-loop-item e-loop-item-24778 post-24778 referenzen type-referenzen status-publish has-post-thumbnail hentry referenz-anwendung-recubrimiento-de-fachada\" data-elementor-post-type=\"elementor_library\" role=\"group\" aria-roledescription=\"slide\" data-custom-edit-handle=\"1\">\n\t\t\t<div class=\"elementor-element elementor-element-e7b9423 e-con-full e-flex e-con e-parent\" data-id=\"e7b9423\" data-element_type=\"container\" data-e-type=\"container\" data-settings=\"{&quot;jet_parallax_layout_list&quot;:[]}\">\n\t\t\t\t<div class=\"elementor-element elementor-element-56bd771 elementor-cta--skin-cover elementor-cta--valign-bottom elementor-animated-content elementor-bg-transform elementor-bg-transform-zoom-in elementor-widget elementor-widget-call-to-action\" data-id=\"56bd771\" data-element_type=\"widget\" data-e-type=\"widget\" data-widget_type=\"call-to-action.default\">\n\t\t\t\t<div class=\"elementor-widget-container\">\n\t\t\t\t\t\t\t<a class=\"elementor-cta\" href=\"https:\/\/www2.lichtgitter.com\/es\/referencias\/escuela-de-gramatica-freiherr-von-stein-muenster\/\">\n\t\t\t\t\t<div class=\"elementor-cta__bg-wrapper\">\n\t\t\t\t<div class=\"elementor-cta__bg elementor-bg\" style=\"background-image: url(https:\/\/www2.lichtgitter.com\/wp-content\/uploads\/2025\/07\/LIC_MS-Gym04.jpg);\" role=\"img\" aria-label=\"LIC_MS-Gym04\"><\/div>\n\t\t\t\t<div class=\"elementor-cta__bg-overlay\"><\/div>\n\t\t\t<\/div>\n\t\t\t\t\t\t\t<div class=\"elementor-cta__content\">\n\t\t\t\t\n\t\t\t\t\n\t\t\t\t\t\t\t\t\t<div class=\"elementor-cta__description elementor-cta__content-item elementor-content-item elementor-animated-item--enter-from-left\">\n\t\t\t\t\t\t<b>Proyecto:<\/b> Escuela de gram\u00e1tica Freiherr-von-Stein, M\u00fcnster<br><b>Aplicaciones:<\/b> recubrimiento de fachada<br><b>Producto:<\/b> Rejillas prensadas\t\t\t\t\t<\/div>\n\t\t\t\t\n\t\t\t\t\t\t\t<\/div>\n\t\t\t\t\t\t<\/a>\n\t\t\t\t\t\t<\/div>\n\t\t\t\t<\/div>\n\t\t\t\t<\/div>\n\t\t\t\t<\/div>\n\t\t\t\t<div data-elementor-type=\"loop-item\" data-elementor-id=\"22796\" class=\"elementor elementor-22796 elementor-5200 elementor-5200 swiper-slide e-loop-item e-loop-item-24779 post-24779 referenzen type-referenzen status-publish has-post-thumbnail hentry referenz-anwendung-bodenbelaege\" data-elementor-post-type=\"elementor_library\" role=\"group\" aria-roledescription=\"slide\" data-custom-edit-handle=\"1\">\n\t\t\t<div class=\"elementor-element elementor-element-e7b9423 e-con-full e-flex e-con e-parent\" data-id=\"e7b9423\" data-element_type=\"container\" data-e-type=\"container\" data-settings=\"{&quot;jet_parallax_layout_list&quot;:[]}\">\n\t\t\t\t<div class=\"elementor-element elementor-element-56bd771 elementor-cta--skin-cover elementor-cta--valign-bottom elementor-animated-content elementor-bg-transform elementor-bg-transform-zoom-in elementor-widget elementor-widget-call-to-action\" data-id=\"56bd771\" data-element_type=\"widget\" data-e-type=\"widget\" data-widget_type=\"call-to-action.default\">\n\t\t\t\t<div class=\"elementor-widget-container\">\n\t\t\t\t\t\t\t<a class=\"elementor-cta\" href=\"https:\/\/www2.lichtgitter.com\/es\/referencias\/europapark-oxido\/\">\n\t\t\t\t\t<div class=\"elementor-cta__bg-wrapper\">\n\t\t\t\t<div class=\"elementor-cta__bg elementor-bg\" style=\"background-image: url(https:\/\/www2.lichtgitter.com\/wp-content\/uploads\/2025\/07\/LIC_7749_WEB.jpg);\" role=\"img\" aria-label=\"LIC_7749_WEB\"><\/div>\n\t\t\t\t<div class=\"elementor-cta__bg-overlay\"><\/div>\n\t\t\t<\/div>\n\t\t\t\t\t\t\t<div class=\"elementor-cta__content\">\n\t\t\t\t\n\t\t\t\t\n\t\t\t\t\t\t\t\t\t<div class=\"elementor-cta__description elementor-cta__content-item elementor-content-item elementor-animated-item--enter-from-left\">\n\t\t\t\t\t\t<b>Proyecto:<\/b> Europapark, \u00d3xido<br><b>Aplicaciones:<\/b> Bodenbel\u00e4ge<br><b>Producto:<\/b> Rejillas prensadas\t\t\t\t\t<\/div>\n\t\t\t\t\n\t\t\t\t\t\t\t<\/div>\n\t\t\t\t\t\t<\/a>\n\t\t\t\t\t\t<\/div>\n\t\t\t\t<\/div>\n\t\t\t\t<\/div>\n\t\t\t\t<\/div>\n\t\t\t\t<div data-elementor-type=\"loop-item\" data-elementor-id=\"22796\" class=\"elementor elementor-22796 elementor-5200 elementor-5200 swiper-slide e-loop-item e-loop-item-24789 post-24789 referenzen type-referenzen status-publish has-post-thumbnail hentry referenz-anwendung-sistemas-escenicos\" data-elementor-post-type=\"elementor_library\" role=\"group\" aria-roledescription=\"slide\" data-custom-edit-handle=\"1\">\n\t\t\t<div class=\"elementor-element elementor-element-e7b9423 e-con-full e-flex e-con e-parent\" data-id=\"e7b9423\" data-element_type=\"container\" data-e-type=\"container\" data-settings=\"{&quot;jet_parallax_layout_list&quot;:[]}\">\n\t\t\t\t<div class=\"elementor-element elementor-element-56bd771 elementor-cta--skin-cover elementor-cta--valign-bottom elementor-animated-content elementor-bg-transform elementor-bg-transform-zoom-in elementor-widget elementor-widget-call-to-action\" data-id=\"56bd771\" data-element_type=\"widget\" data-e-type=\"widget\" data-widget_type=\"call-to-action.default\">\n\t\t\t\t<div class=\"elementor-widget-container\">\n\t\t\t\t\t\t\t<a class=\"elementor-cta\" href=\"https:\/\/www2.lichtgitter.com\/es\/referencias\/campeonato-de-europa-austria-suiza\/\">\n\t\t\t\t\t<div class=\"elementor-cta__bg-wrapper\">\n\t\t\t\t<div class=\"elementor-cta__bg elementor-bg\" style=\"background-image: url(https:\/\/www2.lichtgitter.com\/wp-content\/uploads\/2025\/07\/volles-Stadion-1024x683.jpg);\" role=\"img\" aria-label=\"Volles Stadion bei Sonnenschein. Im Vodergurnd sieht man einen Mann klatschen und auf das Spielfeld schauen.\"><\/div>\n\t\t\t\t<div class=\"elementor-cta__bg-overlay\"><\/div>\n\t\t\t<\/div>\n\t\t\t\t\t\t\t<div class=\"elementor-cta__content\">\n\t\t\t\t\n\t\t\t\t\n\t\t\t\t\t\t\t\t\t<div class=\"elementor-cta__description elementor-cta__content-item elementor-content-item elementor-animated-item--enter-from-left\">\n\t\t\t\t\t\t<b>Proyecto:<\/b> Campeonato de Europa Austria \/ Suiza<br><b>Aplicaciones:<\/b> Sistemas esc\u00e9nicos<br><b>Producto:<\/b> \t\t\t\t\t<\/div>\n\t\t\t\t\n\t\t\t\t\t\t\t<\/div>\n\t\t\t\t\t\t<\/a>\n\t\t\t\t\t\t<\/div>\n\t\t\t\t<\/div>\n\t\t\t\t<\/div>\n\t\t\t\t<\/div>\n\t\t\t\t<div data-elementor-type=\"loop-item\" data-elementor-id=\"22796\" class=\"elementor elementor-22796 elementor-5200 elementor-5200 swiper-slide e-loop-item e-loop-item-24788 post-24788 referenzen type-referenzen status-publish has-post-thumbnail hentry referenz-anwendung-bodenbelaege referenz-anwendung-recubrimiento-de-fachada\" data-elementor-post-type=\"elementor_library\" role=\"group\" aria-roledescription=\"slide\" data-custom-edit-handle=\"1\">\n\t\t\t<div class=\"elementor-element elementor-element-e7b9423 e-con-full e-flex e-con e-parent\" data-id=\"e7b9423\" data-element_type=\"container\" data-e-type=\"container\" data-settings=\"{&quot;jet_parallax_layout_list&quot;:[]}\">\n\t\t\t\t<div class=\"elementor-element elementor-element-56bd771 elementor-cta--skin-cover elementor-cta--valign-bottom elementor-animated-content elementor-bg-transform elementor-bg-transform-zoom-in elementor-widget elementor-widget-call-to-action\" data-id=\"56bd771\" data-element_type=\"widget\" data-e-type=\"widget\" data-widget_type=\"call-to-action.default\">\n\t\t\t\t<div class=\"elementor-widget-container\">\n\t\t\t\t\t\t\t<a class=\"elementor-cta\" href=\"https:\/\/www2.lichtgitter.com\/es\/referencias\/eybl-sports-direct-voesendorf\/\">\n\t\t\t\t\t<div class=\"elementor-cta__bg-wrapper\">\n\t\t\t\t<div class=\"elementor-cta__bg elementor-bg\" style=\"background-image: url(https:\/\/www2.lichtgitter.com\/wp-content\/uploads\/2025\/07\/Lichtgitter149-Kopie-1024x682.jpg);\" role=\"img\" aria-label=\"Lichtgitter149 Kopie\"><\/div>\n\t\t\t\t<div class=\"elementor-cta__bg-overlay\"><\/div>\n\t\t\t<\/div>\n\t\t\t\t\t\t\t<div class=\"elementor-cta__content\">\n\t\t\t\t\n\t\t\t\t\n\t\t\t\t\t\t\t\t\t<div class=\"elementor-cta__description elementor-cta__content-item elementor-content-item elementor-animated-item--enter-from-left\">\n\t\t\t\t\t\t<b>Proyecto:<\/b> Eybl - Sports Direct, V\u00f6sendorf<br><b>Aplicaciones:<\/b> Bodenbel\u00e4ge, recubrimiento de fachada<br><b>Producto:<\/b> Combi deck, Rejillas prensadas\t\t\t\t\t<\/div>\n\t\t\t\t\n\t\t\t\t\t\t\t<\/div>\n\t\t\t\t\t\t<\/a>\n\t\t\t\t\t\t<\/div>\n\t\t\t\t<\/div>\n\t\t\t\t<\/div>\n\t\t\t\t<\/div>\n\t\t\t\t<div data-elementor-type=\"loop-item\" data-elementor-id=\"22796\" class=\"elementor elementor-22796 elementor-5200 elementor-5200 swiper-slide e-loop-item e-loop-item-24798 post-24798 referenzen type-referenzen status-publish has-post-thumbnail hentry referenz-anwendung-proteccion-solar\" data-elementor-post-type=\"elementor_library\" role=\"group\" aria-roledescription=\"slide\" data-custom-edit-handle=\"1\">\n\t\t\t<div class=\"elementor-element elementor-element-e7b9423 e-con-full e-flex e-con e-parent\" data-id=\"e7b9423\" data-element_type=\"container\" data-e-type=\"container\" data-settings=\"{&quot;jet_parallax_layout_list&quot;:[]}\">\n\t\t\t\t<div class=\"elementor-element elementor-element-56bd771 elementor-cta--skin-cover elementor-cta--valign-bottom elementor-animated-content elementor-bg-transform elementor-bg-transform-zoom-in elementor-widget elementor-widget-call-to-action\" data-id=\"56bd771\" data-element_type=\"widget\" data-e-type=\"widget\" data-widget_type=\"call-to-action.default\">\n\t\t\t\t<div class=\"elementor-widget-container\">\n\t\t\t\t\t\t\t<a class=\"elementor-cta\" href=\"https:\/\/www2.lichtgitter.com\/es\/referencias\/plaza-de-la-catedral-magdeburgo\/\">\n\t\t\t\t\t<div class=\"elementor-cta__bg-wrapper\">\n\t\t\t\t<div class=\"elementor-cta__bg elementor-bg\" style=\"background-image: url(https:\/\/www2.lichtgitter.com\/wp-content\/uploads\/2025\/07\/LIC_MD-Domplatz02-1024x685.jpg);\" role=\"img\" aria-label=\"LIC_MD-Domplatz02\"><\/div>\n\t\t\t\t<div class=\"elementor-cta__bg-overlay\"><\/div>\n\t\t\t<\/div>\n\t\t\t\t\t\t\t<div class=\"elementor-cta__content\">\n\t\t\t\t\n\t\t\t\t\n\t\t\t\t\t\t\t\t\t<div class=\"elementor-cta__description elementor-cta__content-item elementor-content-item elementor-animated-item--enter-from-left\">\n\t\t\t\t\t\t<b>Proyecto:<\/b> Plaza de la Catedral, Magdeburgo<br><b>Aplicaciones:<\/b> Protecci\u00f3n solar<br><b>Producto:<\/b> Rejillas de lamas inclinadas, Rejillas prensadas\t\t\t\t\t<\/div>\n\t\t\t\t\n\t\t\t\t\t\t\t<\/div>\n\t\t\t\t\t\t<\/a>\n\t\t\t\t\t\t<\/div>\n\t\t\t\t<\/div>\n\t\t\t\t<\/div>\n\t\t\t\t<\/div>\n\t\t\t\t<div data-elementor-type=\"loop-item\" data-elementor-id=\"22796\" class=\"elementor elementor-22796 elementor-5200 elementor-5200 swiper-slide e-loop-item e-loop-item-24799 post-24799 referenzen type-referenzen status-publish has-post-thumbnail hentry referenz-anwendung-recubrimiento-de-fachada\" data-elementor-post-type=\"elementor_library\" role=\"group\" aria-roledescription=\"slide\" data-custom-edit-handle=\"1\">\n\t\t\t<div class=\"elementor-element elementor-element-e7b9423 e-con-full e-flex e-con e-parent\" data-id=\"e7b9423\" data-element_type=\"container\" data-e-type=\"container\" data-settings=\"{&quot;jet_parallax_layout_list&quot;:[]}\">\n\t\t\t\t<div class=\"elementor-element elementor-element-56bd771 elementor-cta--skin-cover elementor-cta--valign-bottom elementor-animated-content elementor-bg-transform elementor-bg-transform-zoom-in elementor-widget elementor-widget-call-to-action\" data-id=\"56bd771\" data-element_type=\"widget\" data-e-type=\"widget\" data-widget_type=\"call-to-action.default\">\n\t\t\t\t<div class=\"elementor-widget-container\">\n\t\t\t\t\t\t\t<a class=\"elementor-cta\" href=\"https:\/\/www2.lichtgitter.com\/es\/referencias\/centro-de-distribucion-muenster\/\">\n\t\t\t\t\t<div class=\"elementor-cta__bg-wrapper\">\n\t\t\t\t<div class=\"elementor-cta__bg elementor-bg\" style=\"background-image: url(https:\/\/www2.lichtgitter.com\/wp-content\/uploads\/2025\/07\/LIC_MS-Yellow-0836-lowres-rgb-1024x683.jpg);\" role=\"img\" aria-label=\"LIC_MS-Yellow-0836-lowres-rgb\"><\/div>\n\t\t\t\t<div class=\"elementor-cta__bg-overlay\"><\/div>\n\t\t\t<\/div>\n\t\t\t\t\t\t\t<div class=\"elementor-cta__content\">\n\t\t\t\t\n\t\t\t\t\n\t\t\t\t\t\t\t\t\t<div class=\"elementor-cta__description elementor-cta__content-item elementor-content-item elementor-animated-item--enter-from-left\">\n\t\t\t\t\t\t<b>Proyecto:<\/b> Centro de distribuci\u00f3n, M\u00fcnster<br><b>Aplicaciones:<\/b> recubrimiento de fachada<br><b>Producto:<\/b> Rejillas de lamas inclinadas, Rejillas prensadas\t\t\t\t\t<\/div>\n\t\t\t\t\n\t\t\t\t\t\t\t<\/div>\n\t\t\t\t\t\t<\/a>\n\t\t\t\t\t\t<\/div>\n\t\t\t\t<\/div>\n\t\t\t\t<\/div>\n\t\t\t\t<\/div>\n\t\t\t\t<div data-elementor-type=\"loop-item\" data-elementor-id=\"22796\" class=\"elementor elementor-22796 elementor-5200 elementor-5200 swiper-slide e-loop-item e-loop-item-24809 post-24809 referenzen type-referenzen status-publish has-post-thumbnail hentry referenz-anwendung-regal-und-buehnenbelaege\" data-elementor-post-type=\"elementor_library\" role=\"group\" aria-roledescription=\"slide\" data-custom-edit-handle=\"1\">\n\t\t\t<div class=\"elementor-element elementor-element-e7b9423 e-con-full e-flex e-con e-parent\" data-id=\"e7b9423\" data-element_type=\"container\" data-e-type=\"container\" data-settings=\"{&quot;jet_parallax_layout_list&quot;:[]}\">\n\t\t\t\t<div class=\"elementor-element elementor-element-56bd771 elementor-cta--skin-cover elementor-cta--valign-bottom elementor-animated-content elementor-bg-transform elementor-bg-transform-zoom-in elementor-widget elementor-widget-call-to-action\" data-id=\"56bd771\" data-element_type=\"widget\" data-e-type=\"widget\" data-widget_type=\"call-to-action.default\">\n\t\t\t\t<div class=\"elementor-widget-container\">\n\t\t\t\t\t\t\t<a class=\"elementor-cta\" href=\"https:\/\/www2.lichtgitter.com\/es\/referencias\/almacen-brillux-muenster\/\">\n\t\t\t\t\t<div class=\"elementor-cta__bg-wrapper\">\n\t\t\t\t<div class=\"elementor-cta__bg elementor-bg\" style=\"background-image: url(https:\/\/www2.lichtgitter.com\/wp-content\/uploads\/2025\/07\/Brillux_Lichtgitter-15-1024x534.jpg);\" role=\"img\" aria-label=\"Brillux_Lichtgitter-15\"><\/div>\n\t\t\t\t<div class=\"elementor-cta__bg-overlay\"><\/div>\n\t\t\t<\/div>\n\t\t\t\t\t\t\t<div class=\"elementor-cta__content\">\n\t\t\t\t\n\t\t\t\t\n\t\t\t\t\t\t\t\t\t<div class=\"elementor-cta__description elementor-cta__content-item elementor-content-item elementor-animated-item--enter-from-left\">\n\t\t\t\t\t\t<b>Proyecto:<\/b> Almac\u00e9n Brillux, M\u00fcnster<br><b>Aplicaciones:<\/b> Regal- und B\u00fchnenbel\u00e4ge<br><b>Producto:<\/b> Rejillas para estanter\u00edas hechas de rejillas met\u00e1licas, Rejillas prensadas\t\t\t\t\t<\/div>\n\t\t\t\t\n\t\t\t\t\t\t\t<\/div>\n\t\t\t\t\t\t<\/a>\n\t\t\t\t\t\t<\/div>\n\t\t\t\t<\/div>\n\t\t\t\t<\/div>\n\t\t\t\t<\/div>\n\t\t\t\t<div data-elementor-type=\"loop-item\" data-elementor-id=\"22796\" class=\"elementor elementor-22796 elementor-5200 elementor-5200 swiper-slide e-loop-item e-loop-item-24808 post-24808 referenzen type-referenzen status-publish has-post-thumbnail hentry referenz-anwendung-bodenbelaege\" data-elementor-post-type=\"elementor_library\" role=\"group\" aria-roledescription=\"slide\" data-custom-edit-handle=\"1\">\n\t\t\t<div class=\"elementor-element elementor-element-e7b9423 e-con-full e-flex e-con e-parent\" data-id=\"e7b9423\" data-element_type=\"container\" data-e-type=\"container\" data-settings=\"{&quot;jet_parallax_layout_list&quot;:[]}\">\n\t\t\t\t<div class=\"elementor-element elementor-element-56bd771 elementor-cta--skin-cover elementor-cta--valign-bottom elementor-animated-content elementor-bg-transform elementor-bg-transform-zoom-in elementor-widget elementor-widget-call-to-action\" data-id=\"56bd771\" data-element_type=\"widget\" data-e-type=\"widget\" data-widget_type=\"call-to-action.default\">\n\t\t\t\t<div class=\"elementor-widget-container\">\n\t\t\t\t\t\t\t<a class=\"elementor-cta\" href=\"https:\/\/www2.lichtgitter.com\/es\/referencias\/topografia-del-memorial-del-terror-berlin\/\">\n\t\t\t\t\t<div class=\"elementor-cta__bg-wrapper\">\n\t\t\t\t<div class=\"elementor-cta__bg elementor-bg\" style=\"background-image: url(https:\/\/www2.lichtgitter.com\/wp-content\/uploads\/2025\/07\/LIC_B-Terror-0583-lowres-rgb-1024x683.jpg);\" role=\"img\" aria-label=\"LIC_B-Terror-0583-lowres-rgb\"><\/div>\n\t\t\t\t<div class=\"elementor-cta__bg-overlay\"><\/div>\n\t\t\t<\/div>\n\t\t\t\t\t\t\t<div class=\"elementor-cta__content\">\n\t\t\t\t\n\t\t\t\t\n\t\t\t\t\t\t\t\t\t<div class=\"elementor-cta__description elementor-cta__content-item elementor-content-item elementor-animated-item--enter-from-left\">\n\t\t\t\t\t\t<b>Proyecto:<\/b> Topograf\u00eda del Memorial del Terror, Berl\u00edn<br><b>Aplicaciones:<\/b> Bodenbel\u00e4ge<br><b>Producto:<\/b> Rejillas doble pletina ecastada, Rejillas prensadas\t\t\t\t\t<\/div>\n\t\t\t\t\n\t\t\t\t\t\t\t<\/div>\n\t\t\t\t\t\t<\/a>\n\t\t\t\t\t\t<\/div>\n\t\t\t\t<\/div>\n\t\t\t\t<\/div>\n\t\t\t\t<\/div>\n\t\t\t\t<div data-elementor-type=\"loop-item\" data-elementor-id=\"22796\" class=\"elementor elementor-22796 elementor-5200 elementor-5200 swiper-slide e-loop-item e-loop-item-24818 post-24818 referenzen type-referenzen status-publish has-post-thumbnail hentry referenz-anwendung-escaleras\" data-elementor-post-type=\"elementor_library\" role=\"group\" aria-roledescription=\"slide\" data-custom-edit-handle=\"1\">\n\t\t\t<div class=\"elementor-element elementor-element-e7b9423 e-con-full e-flex e-con e-parent\" data-id=\"e7b9423\" data-element_type=\"container\" data-e-type=\"container\" data-settings=\"{&quot;jet_parallax_layout_list&quot;:[]}\">\n\t\t\t\t<div class=\"elementor-element elementor-element-56bd771 elementor-cta--skin-cover elementor-cta--valign-bottom elementor-animated-content elementor-bg-transform elementor-bg-transform-zoom-in elementor-widget elementor-widget-call-to-action\" data-id=\"56bd771\" data-element_type=\"widget\" data-e-type=\"widget\" data-widget_type=\"call-to-action.default\">\n\t\t\t\t<div class=\"elementor-widget-container\">\n\t\t\t\t\t\t\t<a class=\"elementor-cta\" href=\"https:\/\/www2.lichtgitter.com\/es\/referencias\/torre-de-observacion-de-wangen\/\">\n\t\t\t\t\t<div class=\"elementor-cta__bg-wrapper\">\n\t\t\t\t<div class=\"elementor-cta__bg elementor-bg\" style=\"background-image: url(https:\/\/www2.lichtgitter.com\/wp-content\/uploads\/2025\/07\/RH3133-0063-768x1024.jpg);\" role=\"img\" aria-label=\"[\u00a9(c)Roland Halbe; Veroeffentlichung nur gegen Honorar, Urhebervermerk und Beleg \/ Copyrightpermission required for reproduction, Photocredit: Roland Halbe]\"><\/div>\n\t\t\t\t<div class=\"elementor-cta__bg-overlay\"><\/div>\n\t\t\t<\/div>\n\t\t\t\t\t\t\t<div class=\"elementor-cta__content\">\n\t\t\t\t\n\t\t\t\t\n\t\t\t\t\t\t\t\t\t<div class=\"elementor-cta__description elementor-cta__content-item elementor-content-item elementor-animated-item--enter-from-left\">\n\t\t\t\t\t\t<b>Proyecto:<\/b> Torre de observaci\u00f3n de Wangen<br><b>Aplicaciones:<\/b> Escaleras<br><b>Producto:<\/b> Escalera helicoidal tipo SPEZIAL\t\t\t\t\t<\/div>\n\t\t\t\t\n\t\t\t\t\t\t\t<\/div>\n\t\t\t\t\t\t<\/a>\n\t\t\t\t\t\t<\/div>\n\t\t\t\t<\/div>\n\t\t\t\t<\/div>\n\t\t\t\t<\/div>\n\t\t\t\t<div data-elementor-type=\"loop-item\" data-elementor-id=\"22796\" class=\"elementor elementor-22796 elementor-5200 elementor-5200 swiper-slide e-loop-item e-loop-item-24819 post-24819 referenzen type-referenzen status-publish has-post-thumbnail hentry referenz-anwendung-coberturas-de-fosos-de-transformadores\" data-elementor-post-type=\"elementor_library\" role=\"group\" aria-roledescription=\"slide\" data-custom-edit-handle=\"1\">\n\t\t\t<div class=\"elementor-element elementor-element-e7b9423 e-con-full e-flex e-con e-parent\" data-id=\"e7b9423\" data-element_type=\"container\" data-e-type=\"container\" data-settings=\"{&quot;jet_parallax_layout_list&quot;:[]}\">\n\t\t\t\t<div class=\"elementor-element elementor-element-56bd771 elementor-cta--skin-cover elementor-cta--valign-bottom elementor-animated-content elementor-bg-transform elementor-bg-transform-zoom-in elementor-widget elementor-widget-call-to-action\" data-id=\"56bd771\" data-element_type=\"widget\" data-e-type=\"widget\" data-widget_type=\"call-to-action.default\">\n\t\t\t\t<div class=\"elementor-widget-container\">\n\t\t\t\t\t\t\t<a class=\"elementor-cta\" href=\"https:\/\/www2.lichtgitter.com\/es\/referencias\/subestacion-de-wuergau\/\">\n\t\t\t\t\t<div class=\"elementor-cta__bg-wrapper\">\n\t\t\t\t<div class=\"elementor-cta__bg elementor-bg\" style=\"background-image: url(https:\/\/www2.lichtgitter.com\/wp-content\/uploads\/2025\/07\/LIC_2053-RGB-lowres-1024x683.jpg);\" role=\"img\" aria-label=\"LIC_2053-RGB-lowres\"><\/div>\n\t\t\t\t<div class=\"elementor-cta__bg-overlay\"><\/div>\n\t\t\t<\/div>\n\t\t\t\t\t\t\t<div class=\"elementor-cta__content\">\n\t\t\t\t\n\t\t\t\t\n\t\t\t\t\t\t\t\t\t<div class=\"elementor-cta__description elementor-cta__content-item elementor-content-item elementor-animated-item--enter-from-left\">\n\t\t\t\t\t\t<b>Proyecto:<\/b> Subestaci\u00f3n de W\u00fcrgau<br><b>Aplicaciones:<\/b> Coberturas de fosos de transformadores<br><b>Producto:<\/b> \t\t\t\t\t<\/div>\n\t\t\t\t\n\t\t\t\t\t\t\t<\/div>\n\t\t\t\t\t\t<\/a>\n\t\t\t\t\t\t<\/div>\n\t\t\t\t<\/div>\n\t\t\t\t<\/div>\n\t\t\t\t<\/div>\n\t\t\t\t<div data-elementor-type=\"loop-item\" data-elementor-id=\"22796\" class=\"elementor elementor-22796 elementor-5200 elementor-5200 swiper-slide e-loop-item e-loop-item-24828 post-24828 referenzen type-referenzen status-publish has-post-thumbnail hentry referenz-anwendung-spezielle-anwendungen\" data-elementor-post-type=\"elementor_library\" role=\"group\" aria-roledescription=\"slide\" data-custom-edit-handle=\"1\">\n\t\t\t<div class=\"elementor-element elementor-element-e7b9423 e-con-full e-flex e-con e-parent\" data-id=\"e7b9423\" data-element_type=\"container\" data-e-type=\"container\" data-settings=\"{&quot;jet_parallax_layout_list&quot;:[]}\">\n\t\t\t\t<div class=\"elementor-element elementor-element-56bd771 elementor-cta--skin-cover elementor-cta--valign-bottom elementor-animated-content elementor-bg-transform elementor-bg-transform-zoom-in elementor-widget elementor-widget-call-to-action\" data-id=\"56bd771\" data-element_type=\"widget\" data-e-type=\"widget\" data-widget_type=\"call-to-action.default\">\n\t\t\t\t<div class=\"elementor-widget-container\">\n\t\t\t\t\t\t\t<a class=\"elementor-cta\" href=\"https:\/\/www2.lichtgitter.com\/es\/referencias\/sala-de-la-torre-de-agua\/\">\n\t\t\t\t\t<div class=\"elementor-cta__bg-wrapper\">\n\t\t\t\t<div class=\"elementor-cta__bg elementor-bg\" style=\"background-image: url(https:\/\/www2.lichtgitter.com\/wp-content\/uploads\/2025\/07\/LIC_HAL-Wasserturm-0298-lowres-rgb-1024x683.jpg);\" role=\"img\" aria-label=\"LIC_HAL-Wasserturm-0298-lowres-rgb\"><\/div>\n\t\t\t\t<div class=\"elementor-cta__bg-overlay\"><\/div>\n\t\t\t<\/div>\n\t\t\t\t\t\t\t<div class=\"elementor-cta__content\">\n\t\t\t\t\n\t\t\t\t\n\t\t\t\t\t\t\t\t\t<div class=\"elementor-cta__description elementor-cta__content-item elementor-content-item elementor-animated-item--enter-from-left\">\n\t\t\t\t\t\t<b>Proyecto:<\/b> Sala de la torre de agua<br><b>Aplicaciones:<\/b> Spezielle Anwendungen<br><b>Producto:<\/b> Rejillas prensadas\t\t\t\t\t<\/div>\n\t\t\t\t\n\t\t\t\t\t\t\t<\/div>\n\t\t\t\t\t\t<\/a>\n\t\t\t\t\t\t<\/div>\n\t\t\t\t<\/div>\n\t\t\t\t<\/div>\n\t\t\t\t<\/div>\n\t\t\t\t<div data-elementor-type=\"loop-item\" data-elementor-id=\"22796\" class=\"elementor elementor-22796 elementor-5200 elementor-5200 swiper-slide e-loop-item e-loop-item-24829 post-24829 referenzen type-referenzen status-publish has-post-thumbnail hentry referenz-anwendung-bodenbelaege referenz-anwendung-recubrimiento-de-fachada\" data-elementor-post-type=\"elementor_library\" role=\"group\" aria-roledescription=\"slide\" data-custom-edit-handle=\"1\">\n\t\t\t<div class=\"elementor-element elementor-element-e7b9423 e-con-full e-flex e-con e-parent\" data-id=\"e7b9423\" data-element_type=\"container\" data-e-type=\"container\" data-settings=\"{&quot;jet_parallax_layout_list&quot;:[]}\">\n\t\t\t\t<div class=\"elementor-element elementor-element-56bd771 elementor-cta--skin-cover elementor-cta--valign-bottom elementor-animated-content elementor-bg-transform elementor-bg-transform-zoom-in elementor-widget elementor-widget-call-to-action\" data-id=\"56bd771\" data-element_type=\"widget\" data-e-type=\"widget\" data-widget_type=\"call-to-action.default\">\n\t\t\t\t<div class=\"elementor-widget-container\">\n\t\t\t\t\t\t\t<a class=\"elementor-cta\" href=\"https:\/\/www2.lichtgitter.com\/es\/referencias\/mina-nordsternpark-gelsenkirchen\/\">\n\t\t\t\t\t<div class=\"elementor-cta__bg-wrapper\">\n\t\t\t\t<div class=\"elementor-cta__bg elementor-bg\" style=\"background-image: url(https:\/\/www2.lichtgitter.com\/wp-content\/uploads\/2025\/07\/LIC-9333-RGB-lowres-1024x683.jpg);\" role=\"img\" aria-label=\"LIC-9333-RGB-lowres\"><\/div>\n\t\t\t\t<div class=\"elementor-cta__bg-overlay\"><\/div>\n\t\t\t<\/div>\n\t\t\t\t\t\t\t<div class=\"elementor-cta__content\">\n\t\t\t\t\n\t\t\t\t\n\t\t\t\t\t\t\t\t\t<div class=\"elementor-cta__description elementor-cta__content-item elementor-content-item elementor-animated-item--enter-from-left\">\n\t\t\t\t\t\t<b>Proyecto:<\/b> Mina Nordsternpark, Gelsenkirchen<br><b>Aplicaciones:<\/b> Bodenbel\u00e4ge, recubrimiento de fachada<br><b>Producto:<\/b> Rejillas prensadas\t\t\t\t\t<\/div>\n\t\t\t\t\n\t\t\t\t\t\t\t<\/div>\n\t\t\t\t\t\t<\/a>\n\t\t\t\t\t\t<\/div>\n\t\t\t\t<\/div>\n\t\t\t\t<\/div>\n\t\t\t\t<\/div>\n\t\t\t\t<div data-elementor-type=\"loop-item\" data-elementor-id=\"22796\" class=\"elementor elementor-22796 elementor-5200 elementor-5200 swiper-slide e-loop-item e-loop-item-24839 post-24839 referenzen type-referenzen status-publish has-post-thumbnail hentry referenz-anwendung-falso-techo\" data-elementor-post-type=\"elementor_library\" role=\"group\" aria-roledescription=\"slide\" data-custom-edit-handle=\"1\">\n\t\t\t<div class=\"elementor-element elementor-element-e7b9423 e-con-full e-flex e-con e-parent\" data-id=\"e7b9423\" data-element_type=\"container\" data-e-type=\"container\" data-settings=\"{&quot;jet_parallax_layout_list&quot;:[]}\">\n\t\t\t\t<div class=\"elementor-element elementor-element-56bd771 elementor-cta--skin-cover elementor-cta--valign-bottom elementor-animated-content elementor-bg-transform elementor-bg-transform-zoom-in elementor-widget elementor-widget-call-to-action\" data-id=\"56bd771\" data-element_type=\"widget\" data-e-type=\"widget\" data-widget_type=\"call-to-action.default\">\n\t\t\t\t<div class=\"elementor-widget-container\">\n\t\t\t\t\t\t\t<a class=\"elementor-cta\" href=\"https:\/\/www2.lichtgitter.com\/es\/referencias\/ferrocarril-colgante-de-wuppertal\/\">\n\t\t\t\t\t<div class=\"elementor-cta__bg-wrapper\">\n\t\t\t\t<div class=\"elementor-cta__bg elementor-bg\" style=\"background-image: url(https:\/\/www2.lichtgitter.com\/wp-content\/uploads\/2025\/07\/LIC_Wuppertal-Schwebebahn01.jpg);\" role=\"img\" aria-label=\"LIC_Wuppertal-Schwebebahn01\"><\/div>\n\t\t\t\t<div class=\"elementor-cta__bg-overlay\"><\/div>\n\t\t\t<\/div>\n\t\t\t\t\t\t\t<div class=\"elementor-cta__content\">\n\t\t\t\t\n\t\t\t\t\n\t\t\t\t\t\t\t\t\t<div class=\"elementor-cta__description elementor-cta__content-item elementor-content-item elementor-animated-item--enter-from-left\">\n\t\t\t\t\t\t<b>Proyecto:<\/b> Ferrocarril colgante de Wuppertal<br><b>Aplicaciones:<\/b> Falso techo<br><b>Producto:<\/b> Rejillas doble pletina ecastada, Rejillas prensadas\t\t\t\t\t<\/div>\n\t\t\t\t\n\t\t\t\t\t\t\t<\/div>\n\t\t\t\t\t\t<\/a>\n\t\t\t\t\t\t<\/div>\n\t\t\t\t<\/div>\n\t\t\t\t<\/div>\n\t\t\t\t<\/div>\n\t\t\t\t<div data-elementor-type=\"loop-item\" data-elementor-id=\"22796\" class=\"elementor elementor-22796 elementor-5200 elementor-5200 swiper-slide e-loop-item e-loop-item-24838 post-24838 referenzen type-referenzen status-publish has-post-thumbnail hentry referenz-anwendung-falso-techo\" data-elementor-post-type=\"elementor_library\" role=\"group\" aria-roledescription=\"slide\" data-custom-edit-handle=\"1\">\n\t\t\t<div class=\"elementor-element elementor-element-e7b9423 e-con-full e-flex e-con e-parent\" data-id=\"e7b9423\" data-element_type=\"container\" data-e-type=\"container\" data-settings=\"{&quot;jet_parallax_layout_list&quot;:[]}\">\n\t\t\t\t<div class=\"elementor-element elementor-element-56bd771 elementor-cta--skin-cover elementor-cta--valign-bottom elementor-animated-content elementor-bg-transform elementor-bg-transform-zoom-in elementor-widget elementor-widget-call-to-action\" data-id=\"56bd771\" data-element_type=\"widget\" data-e-type=\"widget\" data-widget_type=\"call-to-action.default\">\n\t\t\t\t<div class=\"elementor-widget-container\">\n\t\t\t\t\t\t\t<a class=\"elementor-cta\" href=\"https:\/\/www2.lichtgitter.com\/es\/referencias\/biblioteca-municipal-de-stuttgart\/\">\n\t\t\t\t\t<div class=\"elementor-cta__bg-wrapper\">\n\t\t\t\t<div class=\"elementor-cta__bg elementor-bg\" style=\"background-image: url(https:\/\/www2.lichtgitter.com\/wp-content\/uploads\/2025\/07\/LIC_DSC3082-BD-4c-1024x683.jpg);\" role=\"img\" aria-label=\"LIC_DSC3082-BD-4c\"><\/div>\n\t\t\t\t<div class=\"elementor-cta__bg-overlay\"><\/div>\n\t\t\t<\/div>\n\t\t\t\t\t\t\t<div class=\"elementor-cta__content\">\n\t\t\t\t\n\t\t\t\t\n\t\t\t\t\t\t\t\t\t<div class=\"elementor-cta__description elementor-cta__content-item elementor-content-item elementor-animated-item--enter-from-left\">\n\t\t\t\t\t\t<b>Proyecto:<\/b> Biblioteca Municipal de Stuttgart<br><b>Aplicaciones:<\/b> Falso techo<br><b>Producto:<\/b> Rejillas doble pletina ecastada, Rejillas prensadas\t\t\t\t\t<\/div>\n\t\t\t\t\n\t\t\t\t\t\t\t<\/div>\n\t\t\t\t\t\t<\/a>\n\t\t\t\t\t\t<\/div>\n\t\t\t\t<\/div>\n\t\t\t\t<\/div>\n\t\t\t\t<\/div>\n\t\t\t\t<div data-elementor-type=\"loop-item\" data-elementor-id=\"22796\" class=\"elementor elementor-22796 elementor-5200 elementor-5200 swiper-slide e-loop-item e-loop-item-24897 post-24897 referenzen type-referenzen status-publish has-post-thumbnail hentry referenz-anwendung-bodenbelaege referenz-anwendung-gelaender\" data-elementor-post-type=\"elementor_library\" role=\"group\" aria-roledescription=\"slide\" data-custom-edit-handle=\"1\">\n\t\t\t<div class=\"elementor-element elementor-element-e7b9423 e-con-full e-flex e-con e-parent\" data-id=\"e7b9423\" data-element_type=\"container\" data-e-type=\"container\" data-settings=\"{&quot;jet_parallax_layout_list&quot;:[]}\">\n\t\t\t\t<div class=\"elementor-element elementor-element-56bd771 elementor-cta--skin-cover elementor-cta--valign-bottom elementor-animated-content elementor-bg-transform elementor-bg-transform-zoom-in elementor-widget elementor-widget-call-to-action\" data-id=\"56bd771\" data-element_type=\"widget\" data-e-type=\"widget\" data-widget_type=\"call-to-action.default\">\n\t\t\t\t<div class=\"elementor-widget-container\">\n\t\t\t\t\t\t\t<a class=\"elementor-cta\" href=\"https:\/\/www2.lichtgitter.com\/es\/referencias\/parque-cientifico-de-linz\/\">\n\t\t\t\t\t<div class=\"elementor-cta__bg-wrapper\">\n\t\t\t\t<div class=\"elementor-cta__bg elementor-bg\" style=\"background-image: url(https:\/\/www2.lichtgitter.com\/wp-content\/uploads\/2025\/07\/Lichtgitter098-1024x681.jpg);\" role=\"img\" aria-label=\"Lichtgitter098\"><\/div>\n\t\t\t\t<div class=\"elementor-cta__bg-overlay\"><\/div>\n\t\t\t<\/div>\n\t\t\t\t\t\t\t<div class=\"elementor-cta__content\">\n\t\t\t\t\n\t\t\t\t\n\t\t\t\t\t\t\t\t\t<div class=\"elementor-cta__description elementor-cta__content-item elementor-content-item elementor-animated-item--enter-from-left\">\n\t\t\t\t\t\t<b>Proyecto:<\/b> Parque Cient\u00edfico de Linz<br><b>Aplicaciones:<\/b> Bodenbel\u00e4ge, Gel\u00e4nder<br><b>Producto:<\/b> Rejillas prensadas\t\t\t\t\t<\/div>\n\t\t\t\t\n\t\t\t\t\t\t\t<\/div>\n\t\t\t\t\t\t<\/a>\n\t\t\t\t\t\t<\/div>\n\t\t\t\t<\/div>\n\t\t\t\t<\/div>\n\t\t\t\t<\/div>\n\t\t\t\t<div data-elementor-type=\"loop-item\" data-elementor-id=\"22796\" class=\"elementor elementor-22796 elementor-5200 elementor-5200 swiper-slide e-loop-item e-loop-item-24898 post-24898 referenzen type-referenzen status-publish has-post-thumbnail hentry referenz-anwendung-bodenbelaege referenz-anwendung-laufstege\" data-elementor-post-type=\"elementor_library\" role=\"group\" aria-roledescription=\"slide\" data-custom-edit-handle=\"1\">\n\t\t\t<div class=\"elementor-element elementor-element-e7b9423 e-con-full e-flex e-con e-parent\" data-id=\"e7b9423\" data-element_type=\"container\" data-e-type=\"container\" data-settings=\"{&quot;jet_parallax_layout_list&quot;:[]}\">\n\t\t\t\t<div class=\"elementor-element elementor-element-56bd771 elementor-cta--skin-cover elementor-cta--valign-bottom elementor-animated-content elementor-bg-transform elementor-bg-transform-zoom-in elementor-widget elementor-widget-call-to-action\" data-id=\"56bd771\" data-element_type=\"widget\" data-e-type=\"widget\" data-widget_type=\"call-to-action.default\">\n\t\t\t\t<div class=\"elementor-widget-container\">\n\t\t\t\t\t\t\t<a class=\"elementor-cta\" href=\"https:\/\/www2.lichtgitter.com\/es\/referencias\/weser-skywalk-hoexter\/\">\n\t\t\t\t\t<div class=\"elementor-cta__bg-wrapper\">\n\t\t\t\t<div class=\"elementor-cta__bg elementor-bg\" style=\"background-image: url(https:\/\/www2.lichtgitter.com\/wp-content\/uploads\/2025\/07\/DSC1835.jpg);\" role=\"img\" aria-label=\"_DSC1835\"><\/div>\n\t\t\t\t<div class=\"elementor-cta__bg-overlay\"><\/div>\n\t\t\t<\/div>\n\t\t\t\t\t\t\t<div class=\"elementor-cta__content\">\n\t\t\t\t\n\t\t\t\t\n\t\t\t\t\t\t\t\t\t<div class=\"elementor-cta__description elementor-cta__content-item elementor-content-item elementor-animated-item--enter-from-left\">\n\t\t\t\t\t\t<b>Proyecto:<\/b> Weser Skywalk, H\u00f6xter<br><b>Aplicaciones:<\/b> Bodenbel\u00e4ge, Laufstege<br><b>Producto:<\/b> Rejillas prensadas\t\t\t\t\t<\/div>\n\t\t\t\t\n\t\t\t\t\t\t\t<\/div>\n\t\t\t\t\t\t<\/a>\n\t\t\t\t\t\t<\/div>\n\t\t\t\t<\/div>\n\t\t\t\t<\/div>\n\t\t\t\t<\/div>\n\t\t\t\t<div data-elementor-type=\"loop-item\" data-elementor-id=\"22796\" class=\"elementor elementor-22796 elementor-5200 elementor-5200 swiper-slide e-loop-item e-loop-item-24907 post-24907 referenzen type-referenzen status-publish has-post-thumbnail hentry referenz-anwendung-bodenbelaege\" data-elementor-post-type=\"elementor_library\" role=\"group\" aria-roledescription=\"slide\" data-custom-edit-handle=\"1\">\n\t\t\t<div class=\"elementor-element elementor-element-e7b9423 e-con-full e-flex e-con e-parent\" data-id=\"e7b9423\" data-element_type=\"container\" data-e-type=\"container\" data-settings=\"{&quot;jet_parallax_layout_list&quot;:[]}\">\n\t\t\t\t<div class=\"elementor-element elementor-element-56bd771 elementor-cta--skin-cover elementor-cta--valign-bottom elementor-animated-content elementor-bg-transform elementor-bg-transform-zoom-in elementor-widget elementor-widget-call-to-action\" data-id=\"56bd771\" data-element_type=\"widget\" data-e-type=\"widget\" data-widget_type=\"call-to-action.default\">\n\t\t\t\t<div class=\"elementor-widget-container\">\n\t\t\t\t\t\t\t<a class=\"elementor-cta\" href=\"https:\/\/www2.lichtgitter.com\/es\/referencias\/sky-office-duesseldorf\/\">\n\t\t\t\t\t<div class=\"elementor-cta__bg-wrapper\">\n\t\t\t\t<div class=\"elementor-cta__bg elementor-bg\" style=\"background-image: url(https:\/\/www2.lichtgitter.com\/wp-content\/uploads\/2025\/07\/DSC2015.jpg);\" role=\"img\" aria-label=\"_DSC2015\"><\/div>\n\t\t\t\t<div class=\"elementor-cta__bg-overlay\"><\/div>\n\t\t\t<\/div>\n\t\t\t\t\t\t\t<div class=\"elementor-cta__content\">\n\t\t\t\t\n\t\t\t\t\n\t\t\t\t\t\t\t\t\t<div class=\"elementor-cta__description elementor-cta__content-item elementor-content-item elementor-animated-item--enter-from-left\">\n\t\t\t\t\t\t<b>Proyecto:<\/b> Sky Office D\u00fcsseldorf<br><b>Aplicaciones:<\/b> Bodenbel\u00e4ge<br><b>Producto:<\/b> Rejillas prensadas\t\t\t\t\t<\/div>\n\t\t\t\t\n\t\t\t\t\t\t\t<\/div>\n\t\t\t\t\t\t<\/a>\n\t\t\t\t\t\t<\/div>\n\t\t\t\t<\/div>\n\t\t\t\t<\/div>\n\t\t\t\t<\/div>\n\t\t\t\t<div data-elementor-type=\"loop-item\" data-elementor-id=\"22796\" class=\"elementor elementor-22796 elementor-5200 elementor-5200 swiper-slide e-loop-item e-loop-item-24908 post-24908 referenzen type-referenzen status-publish has-post-thumbnail hentry referenz-anwendung-falso-techo\" data-elementor-post-type=\"elementor_library\" role=\"group\" aria-roledescription=\"slide\" data-custom-edit-handle=\"1\">\n\t\t\t<div class=\"elementor-element elementor-element-e7b9423 e-con-full e-flex e-con e-parent\" data-id=\"e7b9423\" data-element_type=\"container\" data-e-type=\"container\" data-settings=\"{&quot;jet_parallax_layout_list&quot;:[]}\">\n\t\t\t\t<div class=\"elementor-element elementor-element-56bd771 elementor-cta--skin-cover elementor-cta--valign-bottom elementor-animated-content elementor-bg-transform elementor-bg-transform-zoom-in elementor-widget elementor-widget-call-to-action\" data-id=\"56bd771\" data-element_type=\"widget\" data-e-type=\"widget\" data-widget_type=\"call-to-action.default\">\n\t\t\t\t<div class=\"elementor-widget-container\">\n\t\t\t\t\t\t\t<a class=\"elementor-cta\" href=\"https:\/\/www2.lichtgitter.com\/es\/referencias\/centro-de-estudios-culturales-universidad-de-gotinga\/\">\n\t\t\t\t\t<div class=\"elementor-cta__bg-wrapper\">\n\t\t\t\t<div class=\"elementor-cta__bg elementor-bg\" style=\"background-image: url(https:\/\/www2.lichtgitter.com\/wp-content\/uploads\/2025\/07\/LIC-4706-RGB-lowres-1024x683.jpg);\" role=\"img\" aria-label=\"LIC-4706-RGB-lowres\"><\/div>\n\t\t\t\t<div class=\"elementor-cta__bg-overlay\"><\/div>\n\t\t\t<\/div>\n\t\t\t\t\t\t\t<div class=\"elementor-cta__content\">\n\t\t\t\t\n\t\t\t\t\n\t\t\t\t\t\t\t\t\t<div class=\"elementor-cta__description elementor-cta__content-item elementor-content-item elementor-animated-item--enter-from-left\">\n\t\t\t\t\t\t<b>Proyecto:<\/b> Centro de Estudios Culturales Universidad de Gotinga<br><b>Aplicaciones:<\/b> Falso techo<br><b>Producto:<\/b> Rejillas doble pletina ecastada, Rejillas prensadas\t\t\t\t\t<\/div>\n\t\t\t\t\n\t\t\t\t\t\t\t<\/div>\n\t\t\t\t\t\t<\/a>\n\t\t\t\t\t\t<\/div>\n\t\t\t\t<\/div>\n\t\t\t\t<\/div>\n\t\t\t\t<\/div>\n\t\t\t\t<div data-elementor-type=\"loop-item\" data-elementor-id=\"22796\" class=\"elementor elementor-22796 elementor-5200 elementor-5200 swiper-slide e-loop-item e-loop-item-24917 post-24917 referenzen type-referenzen status-publish has-post-thumbnail hentry referenz-anwendung-recubrimiento-de-fachada referenz-anwendung-falso-techo\" data-elementor-post-type=\"elementor_library\" role=\"group\" aria-roledescription=\"slide\" data-custom-edit-handle=\"1\">\n\t\t\t<div class=\"elementor-element elementor-element-e7b9423 e-con-full e-flex e-con e-parent\" data-id=\"e7b9423\" data-element_type=\"container\" data-e-type=\"container\" data-settings=\"{&quot;jet_parallax_layout_list&quot;:[]}\">\n\t\t\t\t<div class=\"elementor-element elementor-element-56bd771 elementor-cta--skin-cover elementor-cta--valign-bottom elementor-animated-content elementor-bg-transform elementor-bg-transform-zoom-in elementor-widget elementor-widget-call-to-action\" data-id=\"56bd771\" data-element_type=\"widget\" data-e-type=\"widget\" data-widget_type=\"call-to-action.default\">\n\t\t\t\t<div class=\"elementor-widget-container\">\n\t\t\t\t\t\t\t<a class=\"elementor-cta\" href=\"https:\/\/www2.lichtgitter.com\/es\/referencias\/galeria-centrum-dresde\/\">\n\t\t\t\t\t<div class=\"elementor-cta__bg-wrapper\">\n\t\t\t\t<div class=\"elementor-cta__bg elementor-bg\" style=\"background-image: url(https:\/\/www2.lichtgitter.com\/wp-content\/uploads\/2025\/07\/LIC_DD-CentrGal-0070-lowres-Kopie1-1024x683.jpg);\" role=\"img\" aria-label=\"LIC_DD-CentrGal-0070-lowres Kopie1\"><\/div>\n\t\t\t\t<div class=\"elementor-cta__bg-overlay\"><\/div>\n\t\t\t<\/div>\n\t\t\t\t\t\t\t<div class=\"elementor-cta__content\">\n\t\t\t\t\n\t\t\t\t\n\t\t\t\t\t\t\t\t\t<div class=\"elementor-cta__description elementor-cta__content-item elementor-content-item elementor-animated-item--enter-from-left\">\n\t\t\t\t\t\t<b>Proyecto:<\/b> Galer\u00eda Centrum, Dresde<br><b>Aplicaciones:<\/b> recubrimiento de fachada, Falso techo<br><b>Producto:<\/b> Rejillas prensadas\t\t\t\t\t<\/div>\n\t\t\t\t\n\t\t\t\t\t\t\t<\/div>\n\t\t\t\t\t\t<\/a>\n\t\t\t\t\t\t<\/div>\n\t\t\t\t<\/div>\n\t\t\t\t<\/div>\n\t\t\t\t<\/div>\n\t\t\t\t<div data-elementor-type=\"loop-item\" data-elementor-id=\"22796\" class=\"elementor elementor-22796 elementor-5200 elementor-5200 swiper-slide e-loop-item e-loop-item-24918 post-24918 referenzen type-referenzen status-publish has-post-thumbnail hentry referenz-anwendung-recubrimiento-de-fachada\" data-elementor-post-type=\"elementor_library\" role=\"group\" aria-roledescription=\"slide\" data-custom-edit-handle=\"1\">\n\t\t\t<div class=\"elementor-element elementor-element-e7b9423 e-con-full e-flex e-con e-parent\" data-id=\"e7b9423\" data-element_type=\"container\" data-e-type=\"container\" data-settings=\"{&quot;jet_parallax_layout_list&quot;:[]}\">\n\t\t\t\t<div class=\"elementor-element elementor-element-56bd771 elementor-cta--skin-cover elementor-cta--valign-bottom elementor-animated-content elementor-bg-transform elementor-bg-transform-zoom-in elementor-widget elementor-widget-call-to-action\" data-id=\"56bd771\" data-element_type=\"widget\" data-e-type=\"widget\" data-widget_type=\"call-to-action.default\">\n\t\t\t\t<div class=\"elementor-widget-container\">\n\t\t\t\t\t\t\t<a class=\"elementor-cta\" href=\"https:\/\/www2.lichtgitter.com\/es\/referencias\/puerto-de-tempelhof-berlin\/\">\n\t\t\t\t\t<div class=\"elementor-cta__bg-wrapper\">\n\t\t\t\t<div class=\"elementor-cta__bg elementor-bg\" style=\"background-image: url(https:\/\/www2.lichtgitter.com\/wp-content\/uploads\/2025\/07\/LIC_B-TempHafen-0693-lowres-rgb-1024x683.jpg);\" role=\"img\" aria-label=\"LIC_B-TempHafen-0693-lowres-rgb\"><\/div>\n\t\t\t\t<div class=\"elementor-cta__bg-overlay\"><\/div>\n\t\t\t<\/div>\n\t\t\t\t\t\t\t<div class=\"elementor-cta__content\">\n\t\t\t\t\n\t\t\t\t\n\t\t\t\t\t\t\t\t\t<div class=\"elementor-cta__description elementor-cta__content-item elementor-content-item elementor-animated-item--enter-from-left\">\n\t\t\t\t\t\t<b>Proyecto:<\/b> Puerto de Tempelhof, Berl\u00edn<br><b>Aplicaciones:<\/b> recubrimiento de fachada<br><b>Producto:<\/b> Rejillas prensadas\t\t\t\t\t<\/div>\n\t\t\t\t\n\t\t\t\t\t\t\t<\/div>\n\t\t\t\t\t\t<\/a>\n\t\t\t\t\t\t<\/div>\n\t\t\t\t<\/div>\n\t\t\t\t<\/div>\n\t\t\t\t<\/div>\n\t\t\t\t<div data-elementor-type=\"loop-item\" data-elementor-id=\"22796\" class=\"elementor elementor-22796 elementor-5200 elementor-5200 swiper-slide e-loop-item e-loop-item-24928 post-24928 referenzen type-referenzen status-publish has-post-thumbnail hentry referenz-anwendung-spezielle-anwendungen\" data-elementor-post-type=\"elementor_library\" role=\"group\" aria-roledescription=\"slide\" data-custom-edit-handle=\"1\">\n\t\t\t<div class=\"elementor-element elementor-element-e7b9423 e-con-full e-flex e-con e-parent\" data-id=\"e7b9423\" data-element_type=\"container\" data-e-type=\"container\" data-settings=\"{&quot;jet_parallax_layout_list&quot;:[]}\">\n\t\t\t\t<div class=\"elementor-element elementor-element-56bd771 elementor-cta--skin-cover elementor-cta--valign-bottom elementor-animated-content elementor-bg-transform elementor-bg-transform-zoom-in elementor-widget elementor-widget-call-to-action\" data-id=\"56bd771\" data-element_type=\"widget\" data-e-type=\"widget\" data-widget_type=\"call-to-action.default\">\n\t\t\t\t<div class=\"elementor-widget-container\">\n\t\t\t\t\t\t\t<a class=\"elementor-cta\" href=\"https:\/\/www2.lichtgitter.com\/es\/referencias\/centro-de-congresos-ahoy-rotterdam\/\">\n\t\t\t\t\t<div class=\"elementor-cta__bg-wrapper\">\n\t\t\t\t<div class=\"elementor-cta__bg elementor-bg\" style=\"background-image: url(https:\/\/www2.lichtgitter.com\/wp-content\/uploads\/2025\/07\/DSC2497.jpg);\" role=\"img\" aria-label=\"_DSC2497\"><\/div>\n\t\t\t\t<div class=\"elementor-cta__bg-overlay\"><\/div>\n\t\t\t<\/div>\n\t\t\t\t\t\t\t<div class=\"elementor-cta__content\">\n\t\t\t\t\n\t\t\t\t\n\t\t\t\t\t\t\t\t\t<div class=\"elementor-cta__description elementor-cta__content-item elementor-content-item elementor-animated-item--enter-from-left\">\n\t\t\t\t\t\t<b>Proyecto:<\/b> Centro de Congresos Ahoy Rotterdam<br><b>Aplicaciones:<\/b> Spezielle Anwendungen<br><b>Producto:<\/b> Rejillas prensadas\t\t\t\t\t<\/div>\n\t\t\t\t\n\t\t\t\t\t\t\t<\/div>\n\t\t\t\t\t\t<\/a>\n\t\t\t\t\t\t<\/div>\n\t\t\t\t<\/div>\n\t\t\t\t<\/div>\n\t\t\t\t<\/div>\n\t\t\t\t<div data-elementor-type=\"loop-item\" data-elementor-id=\"22796\" class=\"elementor elementor-22796 elementor-5200 elementor-5200 swiper-slide e-loop-item e-loop-item-24927 post-24927 referenzen type-referenzen status-publish has-post-thumbnail hentry referenz-anwendung-gelaender referenz-anwendung-recubrimiento-de-fachada\" data-elementor-post-type=\"elementor_library\" role=\"group\" aria-roledescription=\"slide\" data-custom-edit-handle=\"1\">\n\t\t\t<div class=\"elementor-element elementor-element-e7b9423 e-con-full e-flex e-con e-parent\" data-id=\"e7b9423\" data-element_type=\"container\" data-e-type=\"container\" data-settings=\"{&quot;jet_parallax_layout_list&quot;:[]}\">\n\t\t\t\t<div class=\"elementor-element elementor-element-56bd771 elementor-cta--skin-cover elementor-cta--valign-bottom elementor-animated-content elementor-bg-transform elementor-bg-transform-zoom-in elementor-widget elementor-widget-call-to-action\" data-id=\"56bd771\" data-element_type=\"widget\" data-e-type=\"widget\" data-widget_type=\"call-to-action.default\">\n\t\t\t\t<div class=\"elementor-widget-container\">\n\t\t\t\t\t\t\t<a class=\"elementor-cta\" href=\"https:\/\/www2.lichtgitter.com\/es\/referencias\/la-terraza-berlin\/\">\n\t\t\t\t\t<div class=\"elementor-cta__bg-wrapper\">\n\t\t\t\t<div class=\"elementor-cta__bg elementor-bg\" style=\"background-image: url(https:\/\/www2.lichtgitter.com\/wp-content\/uploads\/2025\/07\/LIC_2022-Berlin-0605-RGB-lowres-1024x682.jpg);\" role=\"img\" aria-label=\"LIC_2022-Berlin-0605-RGB-lowres\"><\/div>\n\t\t\t\t<div class=\"elementor-cta__bg-overlay\"><\/div>\n\t\t\t<\/div>\n\t\t\t\t\t\t\t<div class=\"elementor-cta__content\">\n\t\t\t\t\n\t\t\t\t\n\t\t\t\t\t\t\t\t\t<div class=\"elementor-cta__description elementor-cta__content-item elementor-content-item elementor-animated-item--enter-from-left\">\n\t\t\t\t\t\t<b>Proyecto:<\/b> La Terraza, Berl\u00edn<br><b>Aplicaciones:<\/b> Gel\u00e4nder, recubrimiento de fachada<br><b>Producto:<\/b> Rejillas prensadas\t\t\t\t\t<\/div>\n\t\t\t\t\n\t\t\t\t\t\t\t<\/div>\n\t\t\t\t\t\t<\/a>\n\t\t\t\t\t\t<\/div>\n\t\t\t\t<\/div>\n\t\t\t\t<\/div>\n\t\t\t\t<\/div>\n\t\t\t\t<\/div>\n\t\t<\/div>\n\t\t\t\t\t<div class=\"elementor-swiper-button elementor-swiper-button-prev\" role=\"button\" tabindex=\"0\" aria-label=\"Previous\">\n\t\t\t\t<i aria-hidden=\"true\" class=\"icon icon-bx-left-arrow-alt\"><\/i>\t\t\t<\/div>\n\t\t\t<div class=\"elementor-swiper-button elementor-swiper-button-next\" role=\"button\" tabindex=\"0\" aria-label=\"Next\">\n\t\t\t\t<i aria-hidden=\"true\" class=\"icon icon-bx-right-arrow-alt\"><\/i>\t\t\t<\/div>\n\t\t\t\t\t<div class=\"swiper-pagination\"><\/div>\n\t\t\t\t\t\t<\/div>\n\t\t\t\t<\/div>\n\t\t\t\t\t<\/div>\n\t\t\t\t<\/div>\n\t\t\t\t<\/div>\n\t\t","protected":false},"excerpt":{"rendered":"<p>En nuestra secci\u00f3n de noticias, te informamos sobre los desarrollos actuales dentro del Grupo Lichtgitter. Tambi\u00e9n encontrar\u00e1s art\u00edculos sobre temas importantes como la sostenibilidad y perspectivas sobre nuestro mundo profesional. Filtrar puestos: Karrierestories Nachhaltigkeitsstories News Todas las noticias Referencias Nuestras referencias demuestran lo vers\u00e1tiles que son nuestros productos. Ya sea en la industria, la arquitectura, [&hellip;]<\/p>\n","protected":false},"author":1,"featured_media":0,"parent":0,"menu_order":8,"comment_status":"closed","ping_status":"closed","template":"","meta":{"_acf_changed":false,"footnotes":""},"class_list":["post-21169","page","type-page","status-publish","hentry"],"acf":[],"yoast_head":"<!-- This site is optimized with the Yoast SEO plugin v27.2 - https:\/\/yoast.com\/product\/yoast-seo-wordpress\/ -->\n<title>Noticias - Lichtgitter Gruppe<\/title>\n<meta name=\"robots\" content=\"noindex, follow, max-snippet:-1, max-image-preview:large, max-video-preview:-1\" \/>\n<meta property=\"og:locale\" content=\"es_ES\" \/>\n<meta property=\"og:type\" content=\"article\" \/>\n<meta property=\"og:title\" content=\"Noticias - Lichtgitter Gruppe\" \/>\n<meta property=\"og:description\" content=\"En nuestra secci\u00f3n de noticias, te informamos sobre los desarrollos actuales dentro del Grupo Lichtgitter. Tambi\u00e9n encontrar\u00e1s art\u00edculos sobre temas importantes como la sostenibilidad y perspectivas sobre nuestro mundo profesional. Filtrar puestos: Karrierestories Nachhaltigkeitsstories News Todas las noticias Referencias Nuestras referencias demuestran lo vers\u00e1tiles que son nuestros productos. Ya sea en la industria, la arquitectura, [&hellip;]\" \/>\n<meta property=\"og:url\" content=\"https:\/\/www2.lichtgitter.com\/es\/noticias\/\" \/>\n<meta property=\"og:site_name\" content=\"Lichtgitter Gruppe\" \/>\n<meta property=\"article:modified_time\" content=\"2026-01-08T22:20:07+00:00\" \/>\n<meta name=\"twitter:card\" content=\"summary_large_image\" \/>\n<meta name=\"twitter:label1\" content=\"Tiempo de lectura\" \/>\n\t<meta name=\"twitter:data1\" content=\"1 minuto\" \/>\n<script type=\"application\/ld+json\" class=\"yoast-schema-graph\">{\"@context\":\"https:\/\/schema.org\",\"@graph\":[{\"@type\":\"WebPage\",\"@id\":\"https:\/\/www2.lichtgitter.com\/es\/noticias\/\",\"url\":\"https:\/\/www2.lichtgitter.com\/es\/noticias\/\",\"name\":\"Noticias - Lichtgitter Gruppe\",\"isPartOf\":{\"@id\":\"https:\/\/www2.lichtgitter.com\/es\/#website\"},\"datePublished\":\"2025-08-07T11:50:11+00:00\",\"dateModified\":\"2026-01-08T22:20:07+00:00\",\"breadcrumb\":{\"@id\":\"https:\/\/www2.lichtgitter.com\/es\/noticias\/#breadcrumb\"},\"inLanguage\":\"es-ES\",\"potentialAction\":[{\"@type\":\"ReadAction\",\"target\":[\"https:\/\/www2.lichtgitter.com\/es\/noticias\/\"]}]},{\"@type\":\"BreadcrumbList\",\"@id\":\"https:\/\/www2.lichtgitter.com\/es\/noticias\/#breadcrumb\",\"itemListElement\":[{\"@type\":\"ListItem\",\"position\":1,\"name\":\"Home\",\"item\":\"https:\/\/www2.lichtgitter.com\/es\/pagina-de-inicio\/\"},{\"@type\":\"ListItem\",\"position\":2,\"name\":\"Noticias\"}]},{\"@type\":\"WebSite\",\"@id\":\"https:\/\/www2.lichtgitter.com\/es\/#website\",\"url\":\"https:\/\/www2.lichtgitter.com\/es\/\",\"name\":\"Lichtgitter Gruppe\",\"description\":\"Alles rund um Gitterroste bei lichtgitter.com\",\"publisher\":{\"@id\":\"https:\/\/www2.lichtgitter.com\/es\/#organization\"},\"potentialAction\":[{\"@type\":\"SearchAction\",\"target\":{\"@type\":\"EntryPoint\",\"urlTemplate\":\"https:\/\/www2.lichtgitter.com\/es\/?s={search_term_string}\"},\"query-input\":{\"@type\":\"PropertyValueSpecification\",\"valueRequired\":true,\"valueName\":\"search_term_string\"}}],\"inLanguage\":\"es-ES\"},{\"@type\":\"Organization\",\"@id\":\"https:\/\/www2.lichtgitter.com\/es\/#organization\",\"name\":\"Grupo Lichtgitter\",\"url\":\"https:\/\/www2.lichtgitter.com\/es\/\",\"logo\":{\"@type\":\"ImageObject\",\"inLanguage\":\"es-ES\",\"@id\":\"https:\/\/www2.lichtgitter.com\/es\/#\/schema\/logo\/image\/\",\"url\":\"https:\/\/www2.lichtgitter.com\/wp-content\/uploads\/2024\/02\/logo-rgb.png\",\"contentUrl\":\"https:\/\/www2.lichtgitter.com\/wp-content\/uploads\/2024\/02\/logo-rgb.png\",\"width\":1920,\"height\":297,\"caption\":\"Grupo Lichtgitter\"},\"image\":{\"@id\":\"https:\/\/www2.lichtgitter.com\/es\/#\/schema\/logo\/image\/\"}}]}<\/script>\n<!-- \/ Yoast SEO plugin. -->","yoast_head_json":{"title":"Noticias - Lichtgitter Gruppe","robots":{"index":"noindex","follow":"follow","max-snippet":"max-snippet:-1","max-image-preview":"max-image-preview:large","max-video-preview":"max-video-preview:-1"},"og_locale":"es_ES","og_type":"article","og_title":"Noticias - Lichtgitter Gruppe","og_description":"En nuestra secci\u00f3n de noticias, te informamos sobre los desarrollos actuales dentro del Grupo Lichtgitter. Tambi\u00e9n encontrar\u00e1s art\u00edculos sobre temas importantes como la sostenibilidad y perspectivas sobre nuestro mundo profesional. Filtrar puestos: Karrierestories Nachhaltigkeitsstories News Todas las noticias Referencias Nuestras referencias demuestran lo vers\u00e1tiles que son nuestros productos. Ya sea en la industria, la arquitectura, [&hellip;]","og_url":"https:\/\/www2.lichtgitter.com\/es\/noticias\/","og_site_name":"Lichtgitter Gruppe","article_modified_time":"2026-01-08T22:20:07+00:00","twitter_card":"summary_large_image","twitter_misc":{"Tiempo de lectura":"1 minuto"},"schema":{"@context":"https:\/\/schema.org","@graph":[{"@type":"WebPage","@id":"https:\/\/www2.lichtgitter.com\/es\/noticias\/","url":"https:\/\/www2.lichtgitter.com\/es\/noticias\/","name":"Noticias - Lichtgitter Gruppe","isPartOf":{"@id":"https:\/\/www2.lichtgitter.com\/es\/#website"},"datePublished":"2025-08-07T11:50:11+00:00","dateModified":"2026-01-08T22:20:07+00:00","breadcrumb":{"@id":"https:\/\/www2.lichtgitter.com\/es\/noticias\/#breadcrumb"},"inLanguage":"es-ES","potentialAction":[{"@type":"ReadAction","target":["https:\/\/www2.lichtgitter.com\/es\/noticias\/"]}]},{"@type":"BreadcrumbList","@id":"https:\/\/www2.lichtgitter.com\/es\/noticias\/#breadcrumb","itemListElement":[{"@type":"ListItem","position":1,"name":"Home","item":"https:\/\/www2.lichtgitter.com\/es\/pagina-de-inicio\/"},{"@type":"ListItem","position":2,"name":"Noticias"}]},{"@type":"WebSite","@id":"https:\/\/www2.lichtgitter.com\/es\/#website","url":"https:\/\/www2.lichtgitter.com\/es\/","name":"Lichtgitter Gruppe","description":"Alles rund um Gitterroste bei lichtgitter.com","publisher":{"@id":"https:\/\/www2.lichtgitter.com\/es\/#organization"},"potentialAction":[{"@type":"SearchAction","target":{"@type":"EntryPoint","urlTemplate":"https:\/\/www2.lichtgitter.com\/es\/?s={search_term_string}"},"query-input":{"@type":"PropertyValueSpecification","valueRequired":true,"valueName":"search_term_string"}}],"inLanguage":"es-ES"},{"@type":"Organization","@id":"https:\/\/www2.lichtgitter.com\/es\/#organization","name":"Grupo Lichtgitter","url":"https:\/\/www2.lichtgitter.com\/es\/","logo":{"@type":"ImageObject","inLanguage":"es-ES","@id":"https:\/\/www2.lichtgitter.com\/es\/#\/schema\/logo\/image\/","url":"https:\/\/www2.lichtgitter.com\/wp-content\/uploads\/2024\/02\/logo-rgb.png","contentUrl":"https:\/\/www2.lichtgitter.com\/wp-content\/uploads\/2024\/02\/logo-rgb.png","width":1920,"height":297,"caption":"Grupo Lichtgitter"},"image":{"@id":"https:\/\/www2.lichtgitter.com\/es\/#\/schema\/logo\/image\/"}}]}},"_links":{"self":[{"href":"https:\/\/www2.lichtgitter.com\/es\/wp-json\/wp\/v2\/pages\/21169","targetHints":{"allow":["GET"]}}],"collection":[{"href":"https:\/\/www2.lichtgitter.com\/es\/wp-json\/wp\/v2\/pages"}],"about":[{"href":"https:\/\/www2.lichtgitter.com\/es\/wp-json\/wp\/v2\/types\/page"}],"author":[{"embeddable":true,"href":"https:\/\/www2.lichtgitter.com\/es\/wp-json\/wp\/v2\/users\/1"}],"replies":[{"embeddable":true,"href":"https:\/\/www2.lichtgitter.com\/es\/wp-json\/wp\/v2\/comments?post=21169"}],"version-history":[{"count":3,"href":"https:\/\/www2.lichtgitter.com\/es\/wp-json\/wp\/v2\/pages\/21169\/revisions"}],"predecessor-version":[{"id":29915,"href":"https:\/\/www2.lichtgitter.com\/es\/wp-json\/wp\/v2\/pages\/21169\/revisions\/29915"}],"wp:attachment":[{"href":"https:\/\/www2.lichtgitter.com\/es\/wp-json\/wp\/v2\/media?parent=21169"}],"curies":[{"name":"wp","href":"https:\/\/api.w.org\/{rel}","templated":true}]}}